{"id":4,"date":"2016-09-22T01:39:14","date_gmt":"2016-09-22T01:39:14","guid":{"rendered":"http:\/\/milothemes.com\/berlin-wordpress\/?page_id=4"},"modified":"2025-11-03T07:59:47","modified_gmt":"2025-11-03T12:59:47","slug":"accueil","status":"publish","type":"page","link":"https:\/\/jaquebec.org\/en\/","title":{"rendered":"Accueil"},"content":{"rendered":"<p>[vc_row full_width=&#8221;stretch_row_content&#8221; css=&#8221;.vc_custom_1661181755340{margin-top: -80px !important;}&#8221;][vc_column]\n\t\t\t<!-- START banniereEN REVOLUTION SLIDER 6.7.5 --><p class=\"rs-p-wp-fix\"><\/p>\n\t\t\t<rs-module-wrap id=\"rev_slider_11_2_wrapper\" data-source=\"gallery\" style=\"visibility:hidden;background:transparent;padding:0;margin:0px auto;margin-top:0;margin-bottom:0;\">\n\t\t\t\t<rs-module id=\"rev_slider_11_2\" style=\"\" data-version=\"6.7.5\">\n\t\t\t\t\t<rs-slides style=\"overflow: hidden; position: absolute;\">\n\t\t\t\t\t\t<rs-slide style=\"position: absolute;\" data-key=\"rs-166\" data-title=\"Slide\" data-thumb=\"\/\/jaquebec.org\/wp-content\/uploads\/2026\/04\/Bandeau-site-Web_anglais-100x50.png\" data-link=\"\/\/jaquebec.org\/en\/evenements\/gala-annuel-de-la-releve-entrepreneuriale\/plan-de-commandite-du-gala\/\" data-tag=\"l\" data-target=\"_self\" data-seoz=\"front\" data-in=\"o:0;\" data-out=\"a:false;\">\n\t\t\t\t\t\t\t<img decoding=\"async\" src=\"\/\/jaquebec.org\/wp-content\/plugins\/revslider\/sr6\/assets\/assets\/dummy.png\" alt=\"\" title=\"Bandeau site Web_anglais\" width=\"1280\" height=\"720\" class=\"rev-slidebg tp-rs-img rs-lazyload\" data-lazyload=\"\/\/jaquebec.org\/wp-content\/uploads\/2026\/04\/Bandeau-site-Web_anglais.png\" data-bg=\"f:auto;\" data-no-retina>\n<!---->\t\t\t\t\t<\/rs-slide>\n\t\t\t\t\t\t<rs-slide style=\"position: absolute;\" data-key=\"rs-144\" data-title=\"Slide\" data-thumb=\"\/\/jaquebec.org\/wp-content\/uploads\/2023\/11\/Banniere-PS-1-anglais-100x50.png\" data-link=\"\/\/jaquebec.org\/en\/programmes\/programmes-scolaires\/\" data-tag=\"l\" data-target=\"_blank\" data-seoz=\"front\" data-duration=\"9000\" data-anim=\"ms:600;\" data-in=\"o:0;\" data-out=\"a:false;\" data-hsom=\"on\">\n\t\t\t\t\t\t\t<img decoding=\"async\" src=\"\/\/jaquebec.org\/wp-content\/plugins\/revslider\/sr6\/assets\/assets\/dummy.png\" alt=\"\" title=\"Banni\u00e8re PS 1 anglais\" width=\"1280\" height=\"720\" class=\"rev-slidebg tp-rs-img rs-lazyload\" data-lazyload=\"\/\/jaquebec.org\/wp-content\/uploads\/2023\/11\/Banniere-PS-1-anglais.png\" data-bg=\"f:auto;\" data-no-retina>\n<!---->\t\t\t\t\t<\/rs-slide>\n\t\t\t\t\t\t<rs-slide style=\"position: absolute;\" data-key=\"rs-148\" data-title=\"Slide\" data-thumb=\"\/\/jaquebec.org\/wp-content\/uploads\/2023\/06\/6-100x50.png\" data-link=\"\/\/jaquebec.org\/en\/benevoles\/formulaire-dinscription-pour-benevoles\/\" data-tag=\"l\" data-target=\"_self\" data-seoz=\"front\" data-duration=\"9000\" data-anim=\"ms:600;\" data-in=\"o:0;\" data-out=\"a:false;\">\n\t\t\t\t\t\t\t<img decoding=\"async\" src=\"\/\/jaquebec.org\/wp-content\/plugins\/revslider\/sr6\/assets\/assets\/dummy.png\" alt=\"\" title=\"6\" width=\"1170\" height=\"650\" class=\"rev-slidebg tp-rs-img rs-lazyload\" data-lazyload=\"\/\/jaquebec.org\/wp-content\/uploads\/2023\/06\/6.png\" data-bg=\"f:auto;\" data-no-retina>\n<!---->\t\t\t\t\t<\/rs-slide>\n\t\t\t\t\t\t<rs-slide style=\"position: absolute;\" data-key=\"rs-158\" data-title=\"Slide\" data-thumb=\"\/\/jaquebec.org\/wp-content\/uploads\/2023\/09\/bannieres-15-min-100x50.png\" data-link=\"\/\/jaquebec.org\/en\/benevoles\/formulaire-dinscription-pour-benevoles\/\" data-tag=\"l\" data-target=\"_blank\" data-seoz=\"front\" data-duration=\"9000\" data-anim=\"ms:600;\" data-in=\"o:0;\" data-out=\"a:false;\">\n\t\t\t\t\t\t\t<img decoding=\"async\" src=\"\/\/jaquebec.org\/wp-content\/plugins\/revslider\/sr6\/assets\/assets\/dummy.png\" alt=\"\" title=\"banni\u00e8res (15)-min\" width=\"1280\" height=\"720\" class=\"rev-slidebg tp-rs-img rs-lazyload\" data-lazyload=\"\/\/jaquebec.org\/wp-content\/uploads\/2023\/09\/bannieres-15-min.png\" data-bg=\"f:auto;\" data-no-retina>\n<!---->\t\t\t\t\t<\/rs-slide>\n\t\t\t\t\t\t<rs-slide style=\"position: absolute;\" data-key=\"rs-153\" data-title=\"Slide\" data-thumb=\"\/\/jaquebec.org\/wp-content\/uploads\/2023\/11\/banniere-benevole-3-anglais-100x50.png\" data-link=\"\/\/jaquebec.org\/en\/benevoles\/formulaire-dinscription-pour-benevoles\/\" data-tag=\"l\" data-target=\"_blank\" data-seoz=\"front\" data-duration=\"9000\" data-anim=\"ms:600;\" data-in=\"o:0;\" data-out=\"a:false;\">\n\t\t\t\t\t\t\t<img decoding=\"async\" src=\"\/\/jaquebec.org\/wp-content\/plugins\/revslider\/sr6\/assets\/assets\/dummy.png\" alt=\"\" title=\"banni\u00e8re b\u00e9n\u00e9vole 3 anglais\" width=\"1170\" height=\"650\" class=\"rev-slidebg tp-rs-img rs-lazyload\" data-lazyload=\"\/\/jaquebec.org\/wp-content\/uploads\/2023\/11\/banniere-benevole-3-anglais.png\" data-bg=\"f:auto;\" data-no-retina>\n<!---->\t\t\t\t\t<\/rs-slide>\n\t\t\t\t\t\t<rs-slide style=\"position: absolute;\" data-key=\"rs-149\" data-title=\"Slide\" data-thumb=\"\/\/jaquebec.org\/wp-content\/uploads\/2023\/11\/Banniere-remerciement-benevole-anglais-100x50.png\" data-link=\"\/\/jaquebec.org\/en\/benevoles\/temoignages\/\" data-tag=\"l\" data-target=\"_blank\" data-seoz=\"front\" data-duration=\"9000\" data-anim=\"ms:600;\" data-in=\"o:0;\" data-out=\"a:false;\">\n\t\t\t\t\t\t\t<img decoding=\"async\" src=\"\/\/jaquebec.org\/wp-content\/plugins\/revslider\/sr6\/assets\/assets\/dummy.png\" alt=\"\" title=\"Banni\u00e8re remerciement b\u00e9n\u00e9vole anglais\" width=\"1280\" height=\"720\" class=\"rev-slidebg tp-rs-img rs-lazyload\" data-lazyload=\"\/\/jaquebec.org\/wp-content\/uploads\/2023\/11\/Banniere-remerciement-benevole-anglais.png\" data-bg=\"f:auto;\" data-no-retina>\n<!---->\t\t\t\t\t<\/rs-slide>\n\t\t\t\t\t<\/rs-slides>\n\t\t\t\t\t<rs-static-layers class=\"rs-stl-visible\"><!--\n\t\t\t\t\t--><\/rs-static-layers>\n\t\t\t\t<\/rs-module>\n\t\t\t\t<script>\n\t\t\t\t\tsetREVStartSize({c: 'rev_slider_11_2',rl:[1240,1024,778,480],el:[650,550,400,247],gw:[1170,1024,778,480],gh:[650,550,400,300],type:'standard',justify:'',layout:'fullwidth',mh:\"0\"});if (window.RS_MODULES!==undefined && window.RS_MODULES.modules!==undefined && window.RS_MODULES.modules[\"revslider112\"]!==undefined) {window.RS_MODULES.modules[\"revslider112\"].once = false;window.revapi11 = undefined;if (window.RS_MODULES.checkMinimal!==undefined) window.RS_MODULES.checkMinimal()}\n\t\t\t\t<\/script>\n\t\t\t<\/rs-module-wrap>\n\t\t\t<!-- END REVOLUTION SLIDER -->\n[\/vc_column][\/vc_row][vc_section][vc_row full_width=&#8221;stretch_row_content&#8221; equal_height=&#8221;yes&#8221; content_placement=&#8221;top&#8221; css=&#8221;.vc_custom_1645826047709{margin-right: 5px !important;margin-left: 5px !important;}&#8221;][vc_column][vc_empty_space height=&#8221;5px&#8221;][vc_row_inner equal_height=&#8221;yes&#8221; content_placement=&#8221;top&#8221; gap=&#8221;1&#8243;][vc_column_inner width=&#8221;1\/4&#8243; css=&#8221;.vc_custom_1660838094937{background-color: #285f74 !important;}&#8221;][vc_column_text css=&#8221;.vc_custom_1704811913324{margin-right: 25px !important;margin-bottom: 25px !important;margin-left: 25px !important;}&#8221;]<\/p>\n<h3 style=\"color: #ffffff; text-align: center;\">JA Programs<\/h3>\n<p>[\/vc_column_text][vc_video link=&#8221;https:\/\/www.youtube.com\/watch?v=4rZX9mt2WuI&amp;t=8s&#8221; css=&#8221;.vc_custom_1704812001231{margin-bottom: 25px !important;}&#8221;][vc_column_text css=&#8221;.vc_custom_1645825043745{margin-right: 25px !important;margin-left: 25px !important;}&#8221;]<\/p>\n<p style=\"text-align: left;\"><span style=\"color: #ffffff;\">Financial Literacy, Entrepreneurship, Work Readiness\u00a0<\/span><\/p>\n<p style=\"text-align: left;\"><span style=\"color: #ffffff;\">Offered for free to students ages 10 to 18, and to young adults\u00a0<\/span><\/p>\n<p style=\"text-align: left;\"><span style=\"color: #ffffff;\">Delivered in schools by volunteers from the business community\u00a0<\/span><\/p>\n<p style=\"text-align: left;\"><span style=\"color: #ffffff;\">Purpose: Give young people the tools they&#8217;ll need to make smart financial decisions, make the the right career choices and\/or start a business.\u00a0<\/span><\/p>\n<p>[\/vc_column_text][vc_btn title=&#8221;Learn about our JA Programs&#8221; style=&#8221;outline-custom&#8221; outline_custom_color=&#8221;#ffffff&#8221; outline_custom_hover_background=&#8221;#007045&#8243; outline_custom_hover_text=&#8221;#ffffff&#8221; size=&#8221;sm&#8221; i_align=&#8221;right&#8221; i_icon_fontawesome=&#8221;fa fa-arrow-right&#8221; css_animation=&#8221;fadeIn&#8221; add_icon=&#8221;true&#8221; link=&#8221;url:https%3A%2F%2Fjaquebec.org%2Fen%2Fprogrammes%2F||target:%20_blank|&#8221; css=&#8221;.vc_custom_1645826161237{margin-top: 25px !important;margin-bottom: 25px !important;margin-left: 25px !important;}&#8221;][\/vc_column_inner][vc_column_inner width=&#8221;1\/4&#8243; css=&#8221;.vc_custom_1660838114853{background-color: #e3e24f !important;}&#8221;][vc_column_text css=&#8221;.vc_custom_1704811909081{margin-right: 25px !important;margin-bottom: 25px !important;margin-left: 25px !important;}&#8221;]<\/p>\n<h3 style=\"color: #007045; text-align: center;\">Become a volunteer<\/h3>\n<p>[\/vc_column_text][vc_video link=&#8221;https:\/\/www.youtube.com\/watch?v=GyZ7w6egAYY&amp;t=3s&#8221; css=&#8221;.vc_custom_1669930263161{margin-bottom: 25px !important;}&#8221;][vc_column_text css=&#8221;.vc_custom_1645825344084{margin-right: 25px !important;margin-left: 25px !important;}&#8221;]<span style=\"color: #007045;\">Have you ever wanted to talk to students about what you do? <\/span><\/p>\n<p><span style=\"color: #007045;\"><span class=\"TextRun SCXW173878509 BCX0\" lang=\"EN-CA\" xml:lang=\"EN-CA\" data-contrast=\"auto\"><span class=\"NormalTextRun SCXW173878509 BCX0\">Want to share your professional experience and\/or expertise with <\/span><span class=\"NormalTextRun SCXW173878509 BCX0\">young people<\/span><span class=\"NormalTextRun SCXW173878509 BCX0\">? Volunteer with JA!<\/span><\/span><span class=\"EOP SCXW173878509 BCX0\" data-ccp-props=\"{&quot;201341983&quot;:0,&quot;335559739&quot;:160,&quot;335559740&quot;:259}\">\u00a0<\/span><\/span><\/p>\n<p>[\/vc_column_text][vc_btn title=&#8221;Learn about volunteer opportunities &#8221; style=&#8221;custom&#8221; custom_background=&#8221;#007045&#8243; custom_text=&#8221;#ffffff&#8221; size=&#8221;sm&#8221; i_align=&#8221;right&#8221; i_icon_fontawesome=&#8221;fa fa-arrow-right&#8221; css_animation=&#8221;fadeIn&#8221; add_icon=&#8221;true&#8221; link=&#8221;url:https%3A%2F%2Fjaquebec.org%2Fen%2Fbenevoles%2Fmentors-recherches%2F||target:%20_blank|&#8221; css=&#8221;.vc_custom_1645826586573{margin-top: 150px !important;margin-bottom: 25px !important;margin-left: 25px !important;}&#8221;][\/vc_column_inner][vc_column_inner width=&#8221;1\/4&#8243; css=&#8221;.vc_custom_1660838134865{background-color: #00763d !important;}&#8221;][vc_column_text css=&#8221;.vc_custom_1704811985132{margin-right: 25px !important;margin-bottom: 25px !important;margin-left: 25px !important;}&#8221;]<\/p>\n<h3 style=\"color: #007045; text-align: center;\"><span style=\"color: #ffffff;\">Alumni<\/span><\/h3>\n<p>[\/vc_column_text][vc_video link=&#8221;https:\/\/www.youtube.com\/watch?v=JXrAXzGUvCE&#8221; css=&#8221;.vc_custom_1669930344088{margin-bottom: 25px !important;}&#8221;][vc_column_text css=&#8221;.vc_custom_1645825631152{margin-right: 25px !important;margin-left: 25px !important;}&#8221;]<\/p>\n<p style=\"text-align: left;\"><span style=\"color: #ffffff;\"><span class=\"TextRun SCXW26366936 BCX0\" lang=\"EN-CA\" xml:lang=\"EN-CA\" data-contrast=\"auto\"><span class=\"NormalTextRun SCXW26366936 BCX0\">With your support, JA Quebec plays a critical role in <\/span><span class=\"NormalTextRun SCXW26366936 BCX0\">shaping<\/span><span class=\"NormalTextRun SCXW26366936 BCX0\"> Quebec&#8217;s next generation of business leader<\/span><span class=\"NormalTextRun SCXW26366936 BCX0\">s<\/span><span class=\"NormalTextRun SCXW26366936 BCX0\">. We provide in-class programs that introduce students to business and financial literacy and get them thi<\/span><span class=\"NormalTextRun SCXW26366936 BCX0\">nking at an earlier age <\/span><span class=\"NormalTextRun SCXW26366936 BCX0\">about entrepreneurship, work readiness and academic success.<\/span><\/span><\/span><\/p>\n<p>[\/vc_column_text][vc_btn title=&#8221;Donate here&#8221; style=&#8221;outline-custom&#8221; outline_custom_color=&#8221;#ffffff&#8221; outline_custom_hover_background=&#8221;#285f74&#8243; outline_custom_hover_text=&#8221;#ffffff&#8221; size=&#8221;sm&#8221; i_align=&#8221;right&#8221; i_icon_fontawesome=&#8221;fa fa-arrow-right&#8221; css_animation=&#8221;fadeIn&#8221; add_icon=&#8221;true&#8221; link=&#8221;url:https%3A%2F%2Fjaquebec.org%2Fen%2Ffaire-un-don%2F||target:%20_blank|&#8221; css=&#8221;.vc_custom_1660838151987{margin-top: 100px !important;margin-bottom: 25px !important;margin-left: 25px !important;}&#8221;][\/vc_column_inner][vc_column_inner width=&#8221;1\/4&#8243; css=&#8221;.vc_custom_1660838166252{background-color: #86dbe0 !important;}&#8221;][vc_column_text css=&#8221;.vc_custom_1704811979715{margin-right: 25px !important;margin-bottom: 25px !important;margin-left: 25px !important;}&#8221;]<\/p>\n<h3 style=\"color: #285f74; text-align: center;\">School programs<\/h3>\n<p>[\/vc_column_text][vc_video link=&#8221;https:\/\/www.youtube.com\/watch?v=sc74VhWO4d8&#8243; css=&#8221;.vc_custom_1669930281538{margin-bottom: 25px !important;}&#8221;][vc_column_text css=&#8221;.vc_custom_1660838188042{margin-right: 25px !important;margin-left: 25px !important;}&#8221;]<span style=\"color: #285f74;\"><span class=\"TextRun SCXW62542804 BCX0\" lang=\"EN-CA\" xml:lang=\"EN-CA\" data-contrast=\"auto\"><span class=\"NormalTextRun SCXW62542804 BCX0\">Former students, volunteers, teachers, employees, board members\u2026 Where are you now<\/span><\/span>?<\/span>[\/vc_column_text][vc_btn title=&#8221;Contact Us&#8221; style=&#8221;custom&#8221; custom_background=&#8221;#285f74&#8243; custom_text=&#8221;#ffffff&#8221; size=&#8221;sm&#8221; i_align=&#8221;right&#8221; i_icon_fontawesome=&#8221;fa fa-arrow-right&#8221; css_animation=&#8221;fadeIn&#8221; add_icon=&#8221;true&#8221; link=&#8221;url:https%3A%2F%2Fjaquebec.org%2Ffr%2Falumnis-ja-quebec%2F||target:%20_blank|&#8221; css=&#8221;.vc_custom_1660838198182{margin-top: 150px !important;margin-bottom: 25px !important;margin-left: 25px !important;}&#8221;][\/vc_column_inner][\/vc_row_inner][\/vc_column][\/vc_row][\/vc_section][vc_row full_width=&#8221;stretch_row_content&#8221; css=&#8221;.vc_custom_1646086656852{margin-top: 5px !important;background-color: #ffffff !important;}&#8221;][vc_column]<div class='owl-carousel custom-content '><section class='berlin-section '><div class='slider-left-side'><h1>Experience<\/h1><br><p>Every year, nearly 1,500 high school students plan their own business and get a taste of entrepreneurship. These students are mentored and guided by volunteers from the business community, who are passionate about passing on their knowledge to the next generation.<\/p>\n<br><div class='text-center'><a class='btn btn-default' href='https:\/\/jaquebec.org\/\/en\/jeunes\/galeries-photos-et-videos\/' >Learn more +<\/a><\/div><\/div>\n\t\t<div class='slider-right-side'><img src='https:\/\/jaquebec.org\/wp-content\/uploads\/2016\/09\/collaboration.jpg' alt='Experience'><\/div><\/section><section class='berlin-section '><div class='slider-left-side'><h1>Team<\/h1><br><p>Students who participate in JA educational programs gain the skills and confidence they need to succeed in life. Our programs prepare them to innovate, take on leadership roles and pursue their dreams.<\/p>\n<br><div class='text-center'><a class='btn btn-default' href='https:\/\/jaquebec.org\/\/en\/jeunes\/galeries-photos-et-videos\/' >Learn more +<\/a><\/div><\/div>\n\t\t<div class='slider-right-side'><img src='https:\/\/jaquebec.org\/wp-content\/uploads\/2016\/09\/plan.jpg' alt='Team'><\/div><\/section><section class='berlin-section '><div class='slider-left-side'><h1>Succession<\/h1><br><p>Our educational programs in schools are flexible depending on your availability. Whether you&#8217;re available for 4 hours or 100 hours, if you are interested in educating and mentoring young people from 10 to 18 years old on entrepreneurship, financial literacy or work readiness, we would like to meet you!<\/p>\n<br><div class='text-center'><a class='btn btn-default' href='https:\/\/jaquebec.org\/\/en\/jeunes\/galeries-photos-et-videos\/' >Learn more +<\/a><\/div><\/div>\n\t\t<div class='slider-right-side'><img src='https:\/\/jaquebec.org\/wp-content\/uploads\/2017\/11\/MENTORING.jpg' alt='Succession'><\/div><\/section><\/div>[\/vc_column][\/vc_row][vc_row full_width=&#8221;stretch_row&#8221; parallax=&#8221;stellar&#8221; parallax_image=&#8221;7553&#8243; css=&#8221;.vc_custom_1660838229377{padding-top: 10px !important;padding-bottom: 10px !important;}&#8221; berlin_font_color=&#8221;#ffffff&#8221;][vc_column width=&#8221;1\/2&#8243; offset=&#8221;vc_col-lg-offset-6 vc_col-lg-6&#8243;][vc_empty_space][vc_column_text css=&#8221;.vc_custom_1660838239867{margin-bottom: 70px !important;}&#8221;]<\/p>\n<h2 class=\"text-uppercase\" style=\"text-align: right;\">OUR MISSION<\/h2>\n<h6 style=\"text-align: right;\"><strong>Thanks to our partners and the work of some 500 volunteer mentors, JA Quebec plays a major role in preparing Quebec&#8217;s future leaders. We provide hands-on training on how to start job-creating businesses, and we foster entrepreneurial values that strengthen workplaces. Our programs revolve around four pillars: entrepreneurship, financial literacy, work readiness, and academic success.<\/strong><\/h6>\n<p>[\/vc_column_text][\/vc_column][\/vc_row][vc_row full_width=&#8221;stretch_row&#8221; css=&#8221;.vc_custom_1660838276018{background-color: #c3edef !important;}&#8221;][vc_column][vc_empty_space][vc_column_text]<\/p>\n<h4 style=\"text-align: center;\"><span style=\"color: #285f74;\">For 1962, our actions have <span style=\"font-size: 24px; font-weight: bold;\">inspired<\/span> and <span style=\"font-size: 24px; font-weight: bold;\">educated<\/span> <span style=\"font-size: 24px; font-weight: bold;\">young<\/span> people on the value of business and <span style=\"font-size: 24px; font-weight: bold;\">helped<\/span> them to better understand business and the economy, while allowing them to develop entrepreneurial and leadership skills.<\/span><\/h4>\n<p>[\/vc_column_text][vc_empty_space][vc_btn title=&#8221;View all our news&#8221; style=&#8221;custom&#8221; custom_background=&#8221;#285f74&#8243; custom_text=&#8221;#ffffff&#8221; align=&#8221;center&#8221; i_icon_fontawesome=&#8221;fa fa-angle-double-right&#8221; add_icon=&#8221;true&#8221; link=&#8221;url:https%3A%2F%2Fjaquebec.org%2Fen%2Fnouvelles%2F|||&#8221;][vc_column_text]<\/p>\n<p style=\"text-align: center;\"><div class=\"pt-cv-wrapper\"><div class=\"pt-cv-view pt-cv-grid pt-cv-colsys\" id=\"pt-cv-view-339ba5f2nj\"><div data-id=\"pt-cv-page-1\" class=\"pt-cv-page\" data-cvc=\"4\"><div class=\"col-md-3 col-sm-6 col-xs-12 pt-cv-content-item pt-cv-2-col\" ><div class='pt-cv-ifield'><a href=\"https:\/\/jaquebec.org\/en\/2025\/08\/29\/agente-de-coordination-programmes-scolaires\/\" class=\"_self pt-cv-href-thumbnail pt-cv-thumb-left\" target=\"_self\" ><\/a>\n<h4 class=\"pt-cv-title\"><a href=\"https:\/\/jaquebec.org\/en\/2025\/08\/29\/agente-de-coordination-programmes-scolaires\/\" class=\"_self\" target=\"_self\" >(Fran\u00e7ais) OFFRE D&#8217;EMPLOI &#8211; Agent(e) de coordination, programmes scolaires<\/a><\/h4>\n<div class=\"pt-cv-content\">Sorry, this entry is only available in Fran\u00e7ais ...<br \/><div class=\"pt-cv-rmwrap\"><a href=\"https:\/\/jaquebec.org\/en\/2025\/08\/29\/agente-de-coordination-programmes-scolaires\/\" class=\"_self pt-cv-readmore btn btn-success\" target=\"_self\">Read more<\/a><\/div><\/div><\/div><\/div>\n<div class=\"col-md-3 col-sm-6 col-xs-12 pt-cv-content-item pt-cv-2-col\" ><div class='pt-cv-ifield'><a href=\"https:\/\/jaquebec.org\/en\/2025\/08\/29\/offre-demploi-responsable-developpement-philanthropique-et-partenariats\/\" class=\"_self pt-cv-href-thumbnail pt-cv-thumb-left\" target=\"_self\" ><img loading=\"lazy\" decoding=\"async\" width=\"300\" height=\"300\" src=\"https:\/\/jaquebec.org\/wp-content\/uploads\/2023\/05\/Sans-titre-300-\u00d7-300-px-9-min-300x300.png\" class=\"pt-cv-thumbnail pull-left\" alt=\"\" srcset=\"https:\/\/jaquebec.org\/wp-content\/uploads\/2023\/05\/Sans-titre-300-\u00d7-300-px-9-min.png 300w, https:\/\/jaquebec.org\/wp-content\/uploads\/2023\/05\/Sans-titre-300-\u00d7-300-px-9-min-150x150.png 150w, https:\/\/jaquebec.org\/wp-content\/uploads\/2023\/05\/Sans-titre-300-\u00d7-300-px-9-min-100x100.png 100w\" sizes=\"auto, (max-width: 300px) 100vw, 300px\" \/><\/a>\n<h4 class=\"pt-cv-title\"><a href=\"https:\/\/jaquebec.org\/en\/2025\/08\/29\/offre-demploi-responsable-developpement-philanthropique-et-partenariats\/\" class=\"_self\" target=\"_self\" >JOB OPPORTUNITY Philanthropic development and partnerships<\/a><\/h4>\n<div class=\"pt-cv-content\">Application deadline: september 20, 2024 Please send your CV and cover letter\u00a0to jfigueredo@jaquebec.org. About our non-profit JA Qu\u00e9bec&#8217;s mission is to inspire and prepare young ...<br \/><div class=\"pt-cv-rmwrap\"><a href=\"https:\/\/jaquebec.org\/en\/2025\/08\/29\/offre-demploi-responsable-developpement-philanthropique-et-partenariats\/\" class=\"_self pt-cv-readmore btn btn-success\" target=\"_self\">Read more<\/a><\/div><\/div><\/div><\/div>\n<div class=\"col-md-3 col-sm-6 col-xs-12 pt-cv-content-item pt-cv-2-col\" ><div class='pt-cv-ifield'><a href=\"https:\/\/jaquebec.org\/en\/2025\/04\/25\/celebrer-la-jeunesse-entrepreneuriale-au-gala-de-la-releve-2024-2025\/\" class=\"_self pt-cv-href-thumbnail pt-cv-thumb-left\" target=\"_self\" ><img loading=\"lazy\" decoding=\"async\" width=\"300\" height=\"234\" src=\"https:\/\/jaquebec.org\/wp-content\/uploads\/2025\/07\/54500880147_04eba941ec_c-e1751998313619-300x234.jpg\" class=\"pt-cv-thumbnail pull-left\" alt=\"\" srcset=\"https:\/\/jaquebec.org\/wp-content\/uploads\/2025\/07\/54500880147_04eba941ec_c-e1751998313619-300x234.jpg 300w, https:\/\/jaquebec.org\/wp-content\/uploads\/2025\/07\/54500880147_04eba941ec_c-e1751998313619-380x297.jpg 380w, https:\/\/jaquebec.org\/wp-content\/uploads\/2025\/07\/54500880147_04eba941ec_c-e1751998313619.jpg 650w\" sizes=\"auto, (max-width: 300px) 100vw, 300px\" \/><\/a>\n<h4 class=\"pt-cv-title\"><a href=\"https:\/\/jaquebec.org\/en\/2025\/04\/25\/celebrer-la-jeunesse-entrepreneuriale-au-gala-de-la-releve-2024-2025\/\" class=\"_self\" target=\"_self\" >(Fran\u00e7ais) C\u00e9l\u00e9brer la jeunesse entrepreneuriale au Gala de la rel\u00e8ve 2024-2025<\/a><\/h4>\n<div class=\"pt-cv-content\">Sorry, this entry is only available in Fran\u00e7ais ...<br \/><div class=\"pt-cv-rmwrap\"><a href=\"https:\/\/jaquebec.org\/en\/2025\/04\/25\/celebrer-la-jeunesse-entrepreneuriale-au-gala-de-la-releve-2024-2025\/\" class=\"_self pt-cv-readmore btn btn-success\" target=\"_self\">Read more<\/a><\/div><\/div><\/div><\/div>\n<div class=\"col-md-3 col-sm-6 col-xs-12 pt-cv-content-item pt-cv-2-col\" ><div class='pt-cv-ifield'><a href=\"https:\/\/jaquebec.org\/en\/2025\/03\/10\/ja-quebec-et-cfa-montreal-ensemble-pour-la-litteratie-financiere-des-jeunes\/\" class=\"_self pt-cv-href-thumbnail pt-cv-thumb-left\" target=\"_self\" ><img loading=\"lazy\" decoding=\"async\" width=\"300\" height=\"178\" src=\"https:\/\/jaquebec.org\/wp-content\/uploads\/2025\/03\/InvestPact_cheque-Photo-OFFICIEL-300x178.jpg\" class=\"pt-cv-thumbnail pull-left\" alt=\"\" srcset=\"https:\/\/jaquebec.org\/wp-content\/uploads\/2025\/03\/InvestPact_cheque-Photo-OFFICIEL-300x178.jpg 300w, https:\/\/jaquebec.org\/wp-content\/uploads\/2025\/03\/InvestPact_cheque-Photo-OFFICIEL.jpg 320w\" sizes=\"auto, (max-width: 300px) 100vw, 300px\" \/><\/a>\n<h4 class=\"pt-cv-title\"><a href=\"https:\/\/jaquebec.org\/en\/2025\/03\/10\/ja-quebec-et-cfa-montreal-ensemble-pour-la-litteratie-financiere-des-jeunes\/\" class=\"_self\" target=\"_self\" >JA Qu\u00e9bec and CFA Montr\u00e9al: Together for young people&#8217;s financial literacy<\/a><\/h4>\n<div class=\"pt-cv-content\">We are proud to launch these initiatives to inspire and prepare young people to succeed in a global economy. Thanks to your contributions, we are ...<br \/><div class=\"pt-cv-rmwrap\"><a href=\"https:\/\/jaquebec.org\/en\/2025\/03\/10\/ja-quebec-et-cfa-montreal-ensemble-pour-la-litteratie-financiere-des-jeunes\/\" class=\"_self pt-cv-readmore btn btn-success\" target=\"_self\">Read more<\/a><\/div><\/div><\/div><\/div><\/div><\/div><\/div>\n<p>[\/vc_column_text][\/vc_column][\/vc_row][vc_row][vc_column][vc_raw_html]JTNDYSUyMG5hbWUlM0QlMjJub3V2ZWxsZXMlMjIlM0UlM0MlMkZhJTNF[\/vc_raw_html][\/vc_column][\/vc_row][vc_row css=&#8221;.vc_custom_1661181662114{margin-top: 30px !important;}&#8221;][vc_column]<div class='headline with-icon text-center '><i class='berlin-icon-heart1'><\/i><h3>Our Major Partners<\/h3><\/div>[vc_images_carousel images=&#8221;10273,10280,10272,10276,10270,10269,10268,10267,12352,10265,10264,10262,10281,10261,10277,10259,10258,10257,10256,10279,10254,10253&#8243; img_size=&#8221;full&#8221; onclick=&#8221;link_no&#8221; speed=&#8221;6000&#8243; slides_per_view=&#8221;3&#8243; autoplay=&#8221;yes&#8221; hide_pagination_control=&#8221;yes&#8221; hide_prev_next_buttons=&#8221;yes&#8221; wrap=&#8221;yes&#8221;][\/vc_column][\/vc_row]<\/p>","protected":false},"excerpt":{"rendered":"<p>[vc_row full_width=&#8221;stretch_row_content&#8221; css=&#8221;.vc_custom_1661181755340{margin-top: -80px !important;}&#8221;][vc_column][\/vc_column][\/vc_row][vc_section][vc_row full_width=&#8221;stretch_row_content&#8221; equal_height=&#8221;yes&#8221; content_placement=&#8221;top&#8221; css=&#8221;.vc_custom_1645826047709{margin-right: 5px !important;margin-left: 5px !important;}&#8221;][vc_column][vc_empty_space height=&#8221;5px&#8221;][vc_row_inner equal_height=&#8221;yes&#8221; content_placement=&#8221;top&#8221; gap=&#8221;1&#8243;][vc_column_inner width=&#8221;1\/4&#8243; css=&#8221;.vc_custom_1660838094937{background-color: #285f74 !important;}&#8221;][vc_column_text css=&#8221;.vc_custom_1704811913324{margin-right: 25px !important;margin-bottom: 25px !important;margin-left: 25px !important;}&#8221;] JA Programs [\/vc_column_text][vc_video link=&#8221;https:\/\/www.youtube.com\/watch?v=4rZX9mt2WuI&amp;t=8s&#8221; css=&#8221;.vc_custom_1704812001231{margin-bottom: 25px !important;}&#8221;][vc_column_text css=&#8221;.vc_custom_1645825043745{margin-right: 25px !important;margin-left: 25px !important;}&#8221;] Financial Literacy, Entrepreneurship, Work Readiness\u00a0 Offered for free to students ages 10 to 18, and [&hellip;]<\/p>\n","protected":false},"author":2,"featured_media":0,"parent":0,"menu_order":0,"comment_status":"closed","ping_status":"closed","template":"","meta":{"_lmt_disableupdate":"no","_lmt_disable":"","footnotes":""},"class_list":["post-4","page","type-page","status-publish","hentry"],"_links":{"self":[{"href":"https:\/\/jaquebec.org\/en\/wp-json\/wp\/v2\/pages\/4","targetHints":{"allow":["GET"]}}],"collection":[{"href":"https:\/\/jaquebec.org\/en\/wp-json\/wp\/v2\/pages"}],"about":[{"href":"https:\/\/jaquebec.org\/en\/wp-json\/wp\/v2\/types\/page"}],"author":[{"embeddable":true,"href":"https:\/\/jaquebec.org\/en\/wp-json\/wp\/v2\/users\/2"}],"replies":[{"embeddable":true,"href":"https:\/\/jaquebec.org\/en\/wp-json\/wp\/v2\/comments?post=4"}],"version-history":[{"count":478,"href":"https:\/\/jaquebec.org\/en\/wp-json\/wp\/v2\/pages\/4\/revisions"}],"predecessor-version":[{"id":13494,"href":"https:\/\/jaquebec.org\/en\/wp-json\/wp\/v2\/pages\/4\/revisions\/13494"}],"wp:attachment":[{"href":"https:\/\/jaquebec.org\/en\/wp-json\/wp\/v2\/media?parent=4"}],"curies":[{"name":"wp","href":"https:\/\/api.w.org\/{rel}","templated":true}]}}