{"id":11441,"date":"2024-02-14T12:29:09","date_gmt":"2024-02-14T17:29:09","guid":{"rendered":"https:\/\/jaquebec.org\/?page_id=11441"},"modified":"2024-06-03T10:47:52","modified_gmt":"2024-06-03T14:47:52","slug":"cfamontreal","status":"publish","type":"page","link":"https:\/\/jaquebec.org\/fr\/cfamontreal\/","title":{"rendered":"Collecte de fonds de CFA Montr\u00e9al pour JA Qu\u00e9bec"},"content":{"rendered":"<p>[vc_row][vc_column][vc_column_text]<img loading=\"lazy\" decoding=\"async\" class=\"aligncenter wp-image-11454 size-full\" src=\"https:\/\/jaquebec.org\/wp-content\/uploads\/2024\/02\/CFAMontre\u0301al_RGB.png\" alt=\"\" width=\"563\" height=\"196\" srcset=\"https:\/\/jaquebec.org\/wp-content\/uploads\/2024\/02\/CFAMontre\u0301al_RGB.png 563w, https:\/\/jaquebec.org\/wp-content\/uploads\/2024\/02\/CFAMontre\u0301al_RGB-300x104.png 300w, https:\/\/jaquebec.org\/wp-content\/uploads\/2024\/02\/CFAMontre\u0301al_RGB-380x132.png 380w\" sizes=\"auto, (max-width: 563px) 100vw, 563px\" \/>[\/vc_column_text][vc_column_text css=&#8221;.vc_custom_1714783344560{margin-top: 45px !important;}&#8221;]<\/p>\n<h2><strong>Collecte de fonds de CFA Montr\u00e9al pour JA Qu\u00e9bec<\/strong><\/h2>\n<div>\n<p><strong><br \/>\n<a href=\"https:\/\/www.cfamontreal.org\/nouvelles\/cfa-montreal-simplique-concretement-dans-la-litteratie-financiere-des-jeunes\" target=\"_blank\" rel=\"noopener noreferrer\">CFA Montr\u00e9al soutient la mission de JA Qu\u00e9bec<\/a> et vous invite \u00e0 contribuer \u00e0 la lev\u00e9e de fonds.<\/strong><\/p>\n<p>En mettant son r\u00e9seau et son expertise \u00e0 contribution, CFA Montr\u00e9al favorise des actions concr\u00e8tes r\u00e9alis\u00e9es par le biais JA Qu\u00e9bec, qui portent sur des int\u00e9r\u00eats et des valeurs communes : la rel\u00e8ve, la diversit\u00e9, l\u2019\u00e9quit\u00e9 et l\u2019inclusion (DEI) et l\u2019\u00e9ducation financi\u00e8re.<\/p>\n<p>Depuis 1962, l&#8217;organisme \u00e0 but non lucratif Les programmes \u00e9ducatifs JA Qu\u00e9bec (ou JA Qu\u00e9bec), vise \u00e0 inspirer et \u00e0 \u00e9duquer les jeunes de 10 \u00e0 18 ans, ainsi que les jeunes adultes, sur la litt\u00e9ratie financi\u00e8re, l\u2019entrepreneuriat, et la pr\u00e9paration au march\u00e9 du travail, via ses programmes de formation livr\u00e9s gratuitement dans les \u00e9coles par des conseillers d\u2019affaires b\u00e9n\u00e9voles. Il fait le pont entre le milieu \u00e9ducatif et le monde des affaires dans le but d\u2019encourager la pers\u00e9v\u00e9rance scolaire et la r\u00e9ussite, de donner aux jeunes les outils n\u00e9cessaires pour prendre des d\u00e9cisions financi\u00e8res r\u00e9fl\u00e9chies ainsi que d\u2019assurer une rel\u00e8ve professionnelle et entrepreneuriale.<\/p>\n<\/div>\n<p>Les programmes sont offerts sous forme d\u2019ateliers ludiques d\u2019une demi-journ\u00e9e (programmes scolaires) et d\u2019une exp\u00e9rience concr\u00e8te de cr\u00e9ation et de gestion d\u2019entreprise pendant plusieurs semaines (programme Entreprise \u00c9tudiante) qui permettent aux jeunes de d\u00e9velopper des habilet\u00e9s de leadership et de collaboration.<\/p>\n<p>JA Qu\u00e9bec fait partie de la grande famille des JA (Junior Achievement) pr\u00e9sente dans 116 pays dans le monde et qui f\u00eate son 100e anniversaire en 2019.<\/p>\n<p>Ce don va nous aider significativement dans notre mission. Nous pourrons ainsi :<\/p>\n<ol>\n<li><strong>&#8211; Former les jeunes en litt\u00e9ratie financi\u00e8re<\/strong>\u00a0: Votre don permet \u00e0 JA Qu\u00e9bec d&#8217;offrir des programmes de formation en litt\u00e9ratie financi\u00e8re dans les \u00e9coles du Qu\u00e9bec, aidant ainsi les jeunes \u00e0 acqu\u00e9rir des comp\u00e9tences essentielles pour g\u00e9rer leur argent de mani\u00e8re responsable.<\/li>\n<li><strong>&#8211; \u00c9tendre notre impact<\/strong>\u00a0: Gr\u00e2ce \u00e0 votre g\u00e9n\u00e9rosit\u00e9, nous sommes en mesure d&#8217;\u00e9tendre notre port\u00e9e et d&#8217;atteindre un plus grand nombre de jeunes \u00e0 travers le Qu\u00e9bec, en offrant nos programmes dans plus d&#8217;\u00e9coles et de communaut\u00e9s.<\/li>\n<li><strong>&#8211; Enrichir nos programmes en litt\u00e9ratie financi\u00e8re<\/strong>\u00a0: Nous pouvons enrichir nos programmes existants en invitant des experts dans le domaine financier \u00e0 partager leurs connaissances et leur exp\u00e9rience avec les jeunes participants, offrant ainsi une perspective pratique et actuelle sur les concepts financiers.<\/li>\n<li><strong>&#8211; D\u00e9velopper de nouveaux outils p\u00e9dagogiques<\/strong>\u00a0: Votre soutien nous permet \u00e9galement de d\u00e9velopper de nouveaux outils p\u00e9dagogiques innovants, adapt\u00e9s aux besoins et aux r\u00e9alit\u00e9s des jeunes d&#8217;aujourd&#8217;hui, afin de rendre l&#8217;apprentissage de la litt\u00e9ratie financi\u00e8re encore plus engageant et efficace.<\/li>\n<li><strong>&#8211; Pr\u00e9parer les jeunes \u00e0 un meilleur avenir professionnel<\/strong>\u00a0: En plus de la litt\u00e9ratie financi\u00e8re, votre don soutient nos programmes visant \u00e0 pr\u00e9parer les jeunes au march\u00e9 du travail et \u00e0 l&#8217;entrepreneuriat, leur donnant les comp\u00e9tences et la confiance n\u00e9cessaires pour r\u00e9ussir dans le monde professionnel de demain.<\/li>\n<\/ol>\n<div>Pour toutes questions, veuillez contacter Caroline Schnoering, directrice des finances et de l&#8217;administration \u00e0 : \u00a0<a href=\"mailto:administration@jaquebec.org\">administration@jaquebec.org<\/a> ou au (514) 285 8944, poste 105.<\/div>\n<p>[\/vc_column_text][\/vc_column][\/vc_row][vc_row][vc_column][vc_raw_html]JTNDZGl2JTIwc3R5bGUlM0QlMjJwb3NpdGlvbiUzQXJlbGF0aXZlJTNCb3ZlcmZsb3clM0FoaWRkZW4lM0J3aWR0aCUzQTEwMCUyNSUzQmhlaWdodCUzQTE2NTBweCUzQnBhZGRpbmctdG9wJTNBMTAwJTI1JTIyJTNFJTNDaWZyYW1lJTIwdGl0bGUlM0QlMjdEb25hdGlvbiUyMGZvcm0lMjBwb3dlcmVkJTIwYnklMjBaZWZmeSUyNyUyMHN0eWxlJTNEJTI3cG9zaXRpb24lM0ElMjBhYnNvbHV0ZSUzQiUyMGJvcmRlciUzQSUyMDAlM0IlMjB0b3AlM0EwJTNCbGVmdCUzQTAlM0Jib3R0b20lM0EwJTNCcmlnaHQlM0EwJTNCd2lkdGglM0ExMDAlMjUlM0JoZWlnaHQlM0ExMDAlMjUlMjclMjBzcmMlM0QlMjdodHRwcyUzQSUyRiUyRnd3dy56ZWZmeS5jb20lMkZmci1DQSUyRmVtYmVkJTJGZG9uYXRpb24tZm9ybSUyRmIxMzk5YzAwLTgyNzItNDgyZi05ZmQwLTQ2YTlhM2Y2YmZjNSUyNyUyMGFsbG93cGF5bWVudHJlcXVlc3QlMjBhbGxvd1RyYW5zcGFyZW5jeSUzRCUyMnRydWUlMjIlM0UlM0MlMkZpZnJhbWUlM0UlM0MlMkZkaXYlM0U=[\/vc_raw_html][\/vc_column][\/vc_row][vc_row][vc_column][vc_single_image image=&#8221;11442&#8243; img_size=&#8221;full&#8221; alignment=&#8221;center&#8221;][\/vc_column][\/vc_row]<\/p>","protected":false},"excerpt":{"rendered":"<p>[vc_row][vc_column][vc_column_text][\/vc_column_text][vc_column_text css=&#8221;.vc_custom_1714783344560{margin-top: 45px !important;}&#8221;] Collecte de fonds de CFA Montr\u00e9al pour JA Qu\u00e9bec CFA Montr\u00e9al soutient la mission de JA Qu\u00e9bec et vous invite \u00e0 contribuer \u00e0 la lev\u00e9e de fonds. En mettant son r\u00e9seau et son expertise \u00e0 contribution, CFA Montr\u00e9al favorise des actions concr\u00e8tes r\u00e9alis\u00e9es par le biais JA Qu\u00e9bec, qui portent sur [&hellip;]<\/p>\n","protected":false},"author":4,"featured_media":11442,"parent":0,"menu_order":0,"comment_status":"closed","ping_status":"closed","template":"","meta":{"_lmt_disableupdate":"","_lmt_disable":"","footnotes":""},"class_list":["post-11441","page","type-page","status-publish","has-post-thumbnail","hentry"],"_links":{"self":[{"href":"https:\/\/jaquebec.org\/fr\/wp-json\/wp\/v2\/pages\/11441","targetHints":{"allow":["GET"]}}],"collection":[{"href":"https:\/\/jaquebec.org\/fr\/wp-json\/wp\/v2\/pages"}],"about":[{"href":"https:\/\/jaquebec.org\/fr\/wp-json\/wp\/v2\/types\/page"}],"author":[{"embeddable":true,"href":"https:\/\/jaquebec.org\/fr\/wp-json\/wp\/v2\/users\/4"}],"replies":[{"embeddable":true,"href":"https:\/\/jaquebec.org\/fr\/wp-json\/wp\/v2\/comments?post=11441"}],"version-history":[{"count":23,"href":"https:\/\/jaquebec.org\/fr\/wp-json\/wp\/v2\/pages\/11441\/revisions"}],"predecessor-version":[{"id":12412,"href":"https:\/\/jaquebec.org\/fr\/wp-json\/wp\/v2\/pages\/11441\/revisions\/12412"}],"wp:featuredmedia":[{"embeddable":true,"href":"https:\/\/jaquebec.org\/fr\/wp-json\/wp\/v2\/media\/11442"}],"wp:attachment":[{"href":"https:\/\/jaquebec.org\/fr\/wp-json\/wp\/v2\/media?parent=11441"}],"curies":[{"name":"wp","href":"https:\/\/api.w.org\/{rel}","templated":true}]}}