{"id":1703,"date":"2017-11-24T22:45:14","date_gmt":"2017-11-24T21:45:14","guid":{"rendered":"https:\/\/jaquebec.com\/?page_id=1703"},"modified":"2025-08-15T13:50:04","modified_gmt":"2025-08-15T17:50:04","slug":"programme-entreprise-etudiante","status":"publish","type":"page","link":"https:\/\/jaquebec.org\/fr\/programme-entreprise-etudiante\/","title":{"rendered":"Entreprise \u00e9tudiante &#8211; Un programme qui changera ta vie!"},"content":{"rendered":"<p>[vc_row full_width=&#8221;stretch_row_content&#8221; css=&#8221;.vc_custom_1660934649973{margin-top: -80px !important;}&#8221;][vc_column][vc_single_image image=&#8221;7606&#8243; img_size=&#8221;full&#8221;]<div class='headline with-icon text-center '><i class='berlin-icon-three'><\/i><h3>Programme Entreprise \u00e9tudiante - Pour les \u00e9l\u00e8ves des 3e, 4e, 5e secondaire et \u00e9tudiant(e)s du C\u00e9gep<\/h3><\/div>[vc_column_text css=&#8221;.vc_custom_1754596439623{padding-top: 25px !important;padding-bottom: 25px !important;background-color: #eeee22 !important;}&#8221;]<\/p>\n<p style=\"text-align: center; font-size: 24px;\"><strong>Inscrivez-vous d\u00e8s maintenant afin de ne pas manquer cette occasion unique!<br \/>\nIncertain-e?\u00a0 Inscrivez-vous \u00e0 notre s\u00e9ance d&#8217;information!<\/strong><\/p>\n<p>[\/vc_column_text][\/vc_column][\/vc_row][vc_row css=&#8221;.vc_custom_1610482659916{margin-top: -100px !important;}&#8221;][vc_column][vc_column_text css=&#8221;.vc_custom_1752065427381{padding-top: 20px !important;}&#8221;]<\/p>\n<p style=\"text-align: center;\"><strong>Allez au bas de la page si vous \u00eates pr\u00eat \u00e0 vous inscrire ou cliquez sur ce <a href=\"https:\/\/jaquebec.org\/programmes\/programme-entreprise-etudiante\/#inscription\"><u>raccourci<\/u><\/a>.<\/strong><\/p>\n<p>[\/vc_column_text][vc_separator color=&#8221;peacoc&#8221; style=&#8221;double&#8221; border_width=&#8221;5&#8243; css=&#8221;.vc_custom_1754597444006{margin-top: 30px !important;}&#8221;][vc_row_inner equal_height=&#8221;yes&#8221; content_placement=&#8221;middle&#8221; css=&#8221;.vc_custom_1754596984383{border-radius: 10px !important;}&#8221;][vc_column_inner width=&#8221;2\/3&#8243;][vc_column_text]<\/p>\n<p style=\"text-align: center;\"><b>S\u00e9ance d&#8217;information pour jeunes et parents<\/b><\/p>\n<p><span data-teams=\"true\">Vous \u00eates un(e) \u00e9l\u00e8ve qui h\u00e9site ou un parent qui aimerait en savoir plus sur le programme? Participez \u00e0 notre s\u00e9ance d&#8217;informations, afin de recevoir r\u00e9ponses \u00e0 toutes vos questions, telles que\u2026<\/span><\/p>\n<ul>\n<li>Co\u00fbts du programme : le programme est sans risques financiers pour les \u00e9l\u00e8ves. Ils financeront le d\u00e9marrage de leur entreprise avec la vente d&#8217;actions \u00e0 faible co\u00fbt (30 x 10$)<strong>. <\/strong>Le programme est accessible \u00e0 tous et toutes !<\/li>\n<li>Accompagnement des \u00e9l\u00e8ves : tous les b\u00e9n\u00e9voles et responsables sont approuv\u00e9s par le processus de s\u00e9lection de JA Qu\u00e9bec et valid\u00e9s aupr\u00e8s des autorit\u00e9s avant de pouvoir participer.<\/li>\n<li>Et bien plus de r\u00e9ponses d\u00e9taill\u00e9es lors de la s\u00e9ance d\u2019information !<\/li>\n<\/ul>\n<p>[\/vc_column_text][\/vc_column_inner][vc_column_inner width=&#8221;1\/3&#8243; css=&#8221;.vc_custom_1754597968143{padding-top: 10px !important;padding-right: 10px !important;padding-bottom: 20px !important;padding-left: 10px !important;}&#8221;][vc_column_text css=&#8221;.vc_custom_1754598157456{padding-top: 20px !important;background-color: #eeee22 !important;}&#8221;]<\/p>\n<p style=\"text-align: center; font-size: 24px;\"><strong>Inscription s\u00e9ance d&#8217;information<\/strong><\/p>\n<p style=\"text-align: center; font-size: 18px;\"><strong>29 septembre 2025<\/strong><\/p>\n<p style=\"text-align: center; font-size: 18px;\"><strong>18h30<\/strong><\/p>\n<p>[\/vc_column_text][vc_btn title=&#8221;Je m&#8217;inscris!&#8221; color=&#8221;warning&#8221; align=&#8221;center&#8221; link=&#8221;url:https%3A%2F%2Fevents.teams.microsoft.com%2Fevent%2Fd3f172ab-2ba7-42da-96a9-c4ababcf104d%404ba4df33-9f13-44f8-b762-4e8763c3b7e1||target:%20_blank|&#8221; css=&#8221;.vc_custom_1755280202493{background-color: #eeee22 !important;}&#8221;][\/vc_column_inner][\/vc_row_inner][vc_separator color=&#8221;peacoc&#8221; style=&#8221;double&#8221; border_width=&#8221;5&#8243; css=&#8221;.vc_custom_1754597613639{margin-top: 25px !important;margin-bottom: 25px !important;}&#8221;][vc_row_inner content_placement=&#8221;middle&#8221;][vc_column_inner][vc_column_text css=&#8221;.vc_custom_1754597984312{margin-bottom: 15px !important;}&#8221;]<\/p>\n<p style=\"text-align: center; text-size: 36px;\"><b>En plus des programmes donn\u00e9s dans les \u00e9coles, nous offrons trois centres parascolaires dans la grande r\u00e9gion m\u00e9tropolitaine. Nos mentors d\u2019affaires vous y attendent pour vivre avec vous l\u2019aventure entrepreneuriale!<\/b><\/p>\n<p>[\/vc_column_text][\/vc_column_inner][\/vc_row_inner][vc_row_inner content_placement=&#8221;middle&#8221;][vc_column_inner width=&#8221;1\/3&#8243;][vc_column_text]<\/p>\n<h2 style=\"text-align: center;\"><span data-teams=\"true\">Montr\u00e9al<\/span><\/h2>\n<p style=\"text-align: center; font-size: 18px; color: white; background: #285F74;\"><strong>D\u00e9but: 7 octobre<\/strong><\/p>\n<p style=\"text-align: center;\"><span data-teams=\"true\"><em>O\u00f9<\/em>: Coll\u00e8ge Jean-de-Br\u00e9beuf (3200 Chemin De La C\u00f4te Ste-Catherine, Montr\u00e9al QC H3T 1C1) <\/span><\/p>\n<p style=\"text-align: center;\"><span data-teams=\"true\"><i>Quand:<\/i> Les mardis soirs (18h30 \u00e0 21h30)<\/span><\/p>\n<p>[\/vc_column_text][\/vc_column_inner][vc_column_inner width=&#8221;1\/3&#8243;][vc_column_text]<\/p>\n<h2 style=\"text-align: center;\"><span data-teams=\"true\">Rive-Sud<\/span><\/h2>\n<p style=\"text-align: center; font-size: 18px; color: white; background: #285F74;\"><strong>D\u00e9but: 8 octobre<\/strong><\/p>\n<p style=\"text-align: center;\"><span data-teams=\"true\"><em>O\u00f9<\/em>: Coll\u00e8ge Durocher (857 Rue Riverside, Saint-Lambert QC J4P 1C2)<\/span><\/p>\n<p style=\"text-align: center;\"><span data-teams=\"true\"><i>Quand:<\/i> Les mercredis soirs (18h30 \u00e0 21h30)<\/span><\/p>\n<p>[\/vc_column_text][\/vc_column_inner][vc_column_inner width=&#8221;1\/3&#8243;][vc_column_text]<\/p>\n<h2 style=\"text-align: center;\"><span data-teams=\"true\">Rive-Nord (Laval)<\/span><\/h2>\n<p style=\"text-align: center; font-size: 18px; color: white; background: #285F74;\"><strong>D\u00e9but: 9 octobre<\/strong><\/p>\n<p style=\"text-align: center;\"><span data-teams=\"true\"><em>O\u00f9<\/em>: Coll\u00e8ge Montmorency (475 De L&#8217;avenir Boul, Laval QC H7N5H9)<\/span><\/p>\n<p style=\"text-align: center;\"><span data-teams=\"true\"><i>Quand:<\/i> Les jeudis soirs (18h30 \u00e0 21h30)<\/span><\/p>\n<p>[\/vc_column_text][\/vc_column_inner][\/vc_row_inner][vc_column_text css=&#8221;.vc_custom_1754595068909{padding-top: 20px !important;}&#8221;][\/vc_column_text][vc_column_text css=&#8221;.vc_custom_1754598926146{padding-top: 20px !important;}&#8221;]<\/p>\n<p style=\"text-align: center;\"><span data-teams=\"true\">Veuillez noter que, bien que ces activit\u00e9s aient lieu dans des \u00e9tablissements scolaires, elles sont ouvertes \u00e0 tous les \u00e9l\u00e8ves de secondaire 3 \u00e0 5 ainsi qu\u2019aux \u00e9tudiants du c\u00e9gep !<\/span><br \/>\nLes entreprises seront cl\u00f4tur\u00e9es vers la fin mars. En avril, les \u00e9l\u00e8ves sont convi\u00e9s au Gala qui c\u00e9l\u00e8bre la fin de l&#8217;ann\u00e9e, ainsi que les entreprises et individus qui se sont d\u00e9marqu\u00e9s!<\/p>\n<p>[\/vc_column_text][vc_separator color=&#8221;peacoc&#8221; style=&#8221;double&#8221; border_width=&#8221;5&#8243; css=&#8221;.vc_custom_1754597720815{margin-bottom: 25px !important;padding-top: 10px !important;}&#8221;][vc_column_text css=&#8221;.vc_custom_1754597696577{margin-bottom: 20px !important;padding-top: 10px !important;}&#8221;]<\/p>\n<h2 style=\"text-align: center;\"><b>Plus de d\u00e9tails sur le programme Entreprise \u00e9tudiante<\/b><\/h2>\n<p>[\/vc_column_text][vc_row_inner content_placement=&#8221;middle&#8221;][vc_column_inner width=&#8221;1\/2&#8243;][vc_column_text]<span class=\"OYPEnA font-feature-liga-off font-feature-clig-off font-feature-calt-off text-decoration-none text-strikethrough-none\"><strong>Formez des \u00e9quipes et cr\u00e9ez des entreprises \u00e9tudiantes. Pendant une dur\u00e9e d&#8217;environ 6 mois, vivez une exp\u00e9rience entrepreneuriale dont vous vous souviendrez toute votre vie!<\/strong><\/span><\/p>\n<p><span class=\"OYPEnA font-feature-liga-off font-feature-clig-off font-feature-calt-off text-decoration-none text-strikethrough-none\">Ce programme te permet de lancer ta propre entreprise sans risques financiers. Tu seras accompagn\u00e9s par des enseignants ou\/et des mentors professionnels depuis la cr\u00e9ation de l&#8217;entreprise, la production des produits ou la conceptualisation des services, jusqu&#8217;\u00e0 la vente.\u00a0<\/span><\/p>\n<p>De plus, tu auras la chance de participer \u00e0 des activit\u00e9s compl\u00e9mentaires, notamment des pr\u00e9sentations en entreprise, une simulation boursi\u00e8re, un congr\u00e8s sur l\u2019entrepreneuriat, une foire commerciale et un <a href=\"https:\/\/jaquebec.org\/evenements\/gala-annuel-de-la-releve-entrepreneuriale\/\">gala d\u2019excellence<\/a>.<\/p>\n<p>Le programme est \u00e0 la fois ludique, amusant et incroyablement sympa ! Cependant, pour que tu puisses y participer, une petite mission t\u2019attend : celle de remplir le formulaire au bas de la page!<\/p>\n<p>Tu recevras ensuite un courriel contenant toutes les informations n\u00e9cessaires pour le d\u00e9but du programme, habituellement en d\u00e9but octobre.<\/p>\n<p><b>M\u00e9lanie Judas\u00a0<\/b><br \/>\nCoordonnatrice Programme Entreprise \u00e9tudiante et Entrepreneur junior |\u202fT. 514\u202f285-8944, poste 103<br \/>\n<a class=\"linkified\" href=\"mailto:ckeller@jaquebec.org\">mjudas@jaquebec.org<\/a><\/p>\n<p>&nbsp;<\/p>\n<p>[\/vc_column_text][\/vc_column_inner][vc_column_inner width=&#8221;1\/2&#8243;][vc_video link=&#8221;https:\/\/youtu.be\/OBCNBToMsOY?si=FjDsQUZXHVIWhUmf&#8221;][\/vc_column_inner][\/vc_row_inner][\/vc_column][\/vc_row][vc_row][vc_column][vc_column_text][\/vc_column_text][vc_text_separator title=&#8221;Aper\u00e7u du programme&#8221; css_animation=&#8221;bounceIn&#8221; css=&#8221;.vc_custom_1752004388283{margin-top: 30px !important;margin-bottom: 30px !important;}&#8221; el_class=&#8221;h3&#8243;][\/vc_column][\/vc_row][vc_row][vc_column][vc_single_image image=&#8221;13295&#8243; img_size=&#8221;full&#8221; alignment=&#8221;center&#8221;][vc_text_separator title=&#8221;Exemple de calendrier (sujet \u00e0 changements)&#8221; css_animation=&#8221;bounceIn&#8221; css=&#8221;.vc_custom_1752005838834{margin-top: 30px !important;margin-bottom: 30px !important;}&#8221; el_class=&#8221;h3&#8243;][vc_images_carousel images=&#8221;13296,13297,13298&#8243; img_size=&#8221;large&#8221; slides_per_view=&#8221;3&#8243;][\/vc_column][\/vc_row][vc_row css=&#8221;.vc_custom_1610488259183{margin-top: 30px !important;}&#8221;][vc_column][vc_text_separator title=&#8221;Pour s&#8217;inscrire !&#8221; css_animation=&#8221;none&#8221; css=&#8221;.vc_custom_1752005903501{margin-top: 30px !important;margin-bottom: 30px !important;}&#8221;][vc_column_text]<strong>Tu souhaites t&#8217;inscrire ? Super! Compl\u00e8te ce court formulaire et nous te contacterons avec plus de d\u00e9tails<a id=\"eleve-inscription\"><\/a>.<\/strong>[\/vc_column_text][vc_column_text]<iframe loading=\"lazy\" style=\"border: none; max-width: 100%; max-height: 100vh;\" src=\"https:\/\/forms.office.com\/Pages\/ResponsePage.aspx?id=M9-kSxOf-ES3Yk6HY8O34S5mzz9MaJJBgNFt5W-AUD5UNTkxV0JNVE5HWkU5R01YUEhRTEVTS1BRUyQlQCN0PWcu&amp;embed=true&amp;lang=fr-FR;\" width=\"100%\" height=\"2000px\" frameborder=\"0\" marginwidth=\"0\" marginheight=\"0\" allowfullscreen=\"allowfullscreen\"> <\/iframe>[\/vc_column_text][\/vc_column][\/vc_row][vc_row full_width=&#8221;stretch_row&#8221; parallax=&#8221;stellar&#8221; parallax_image=&#8221;7611&#8243; overlay_enable=&#8221;1&#8243; overlay_color=&#8221;#285f74&#8243; overlay_opacity=&#8221;0.6&#8243; css=&#8221;.vc_custom_1660849039556{padding-top: 150px !important;padding-bottom: 120px !important;}&#8221; berlin_font_color=&#8221;#ffffff&#8221;][vc_column width=&#8221;1\/4&#8243;][vc_btn title=&#8221;Donnez maintenant&#8221; style=&#8221;custom&#8221; custom_background=&#8221;#e3e24f&#8221; custom_text=&#8221;#22404d&#8221; size=&#8221;lg&#8221; align=&#8221;center&#8221; link=&#8221;url:https%3A%2F%2Fjaquebec.org%2Ffaire-un-don%2F|title:Donnez%20maintenant||&#8221; el_class=&#8221;.bold&#8221;][\/vc_column][vc_column width=&#8221;3\/4&#8243;][vc_column_text]<span style=\"color: #ffffff;\"><strong><span style=\"font-family: Montserrat; font-size: 22px;\">Merci d\u2019encourager JA Qu\u00e9bec! Votre don nous permet de continuer \u00e0 offrir nos programmes gratuitement<\/span><\/strong><\/span>[\/vc_column_text][\/vc_column][\/vc_row]<\/p>","protected":false},"excerpt":{"rendered":"<p>[vc_row full_width=&#8221;stretch_row_content&#8221; css=&#8221;.vc_custom_1660934649973{margin-top: -80px !important;}&#8221;][vc_column][vc_single_image image=&#8221;7606&#8243; img_size=&#8221;full&#8221;][vc_column_text css=&#8221;.vc_custom_1754596439623{padding-top: 25px !important;padding-bottom: 25px !important;background-color: #eeee22 !important;}&#8221;] Inscrivez-vous d\u00e8s maintenant afin de ne pas manquer cette occasion unique! Incertain-e?\u00a0 Inscrivez-vous \u00e0 notre s\u00e9ance d&#8217;information! [\/vc_column_text][\/vc_column][\/vc_row][vc_row css=&#8221;.vc_custom_1610482659916{margin-top: -100px !important;}&#8221;][vc_column][vc_column_text css=&#8221;.vc_custom_1752065427381{padding-top: 20px !important;}&#8221;] Allez au bas de la page si vous \u00eates pr\u00eat \u00e0 vous inscrire ou cliquez sur ce [&hellip;]<\/p>\n","protected":false},"author":2,"featured_media":0,"parent":0,"menu_order":0,"comment_status":"closed","ping_status":"closed","template":"","meta":{"_lmt_disableupdate":"","_lmt_disable":"","footnotes":""},"class_list":["post-1703","page","type-page","status-publish","hentry"],"_links":{"self":[{"href":"https:\/\/jaquebec.org\/fr\/wp-json\/wp\/v2\/pages\/1703","targetHints":{"allow":["GET"]}}],"collection":[{"href":"https:\/\/jaquebec.org\/fr\/wp-json\/wp\/v2\/pages"}],"about":[{"href":"https:\/\/jaquebec.org\/fr\/wp-json\/wp\/v2\/types\/page"}],"author":[{"embeddable":true,"href":"https:\/\/jaquebec.org\/fr\/wp-json\/wp\/v2\/users\/2"}],"replies":[{"embeddable":true,"href":"https:\/\/jaquebec.org\/fr\/wp-json\/wp\/v2\/comments?post=1703"}],"version-history":[{"count":95,"href":"https:\/\/jaquebec.org\/fr\/wp-json\/wp\/v2\/pages\/1703\/revisions"}],"predecessor-version":[{"id":13411,"href":"https:\/\/jaquebec.org\/fr\/wp-json\/wp\/v2\/pages\/1703\/revisions\/13411"}],"wp:attachment":[{"href":"https:\/\/jaquebec.org\/fr\/wp-json\/wp\/v2\/media?parent=1703"}],"curies":[{"name":"wp","href":"https:\/\/api.w.org\/{rel}","templated":true}]}}