{"id":2907,"date":"2019-01-17T15:25:17","date_gmt":"2019-01-17T20:25:17","guid":{"rendered":"https:\/\/jaquebec.com\/?page_id=2907"},"modified":"2022-08-22T09:05:28","modified_gmt":"2022-08-22T13:05:28","slug":"cojeq-2018","status":"publish","type":"page","link":"https:\/\/jaquebec.org\/fr\/evenements\/cojeq\/cojeq-2018\/","title":{"rendered":"COJEQ 2018"},"content":{"rendered":"<p>[vc_row full_width=&#8221;stretch_row_content&#8221; css=&#8221;.vc_custom_1660934649973{margin-top: -80px !important;}&#8221;][vc_column][vc_single_image image=&#8221;7630&#8243; img_size=&#8221;full&#8221;][\/vc_column][\/vc_row][vc_row css=&#8221;.vc_custom_1510597485032{margin-top: -80px !important;}&#8221;][vc_column]<div class='headline with-icon text-center '><i class='berlin-icon-calendar2'><\/i><h3>Congr\u00e8s officiel de la jeunesse entrepreneuriale du Qu\u00e9bec (COJEQ)<\/h3><\/div>[\/vc_column][\/vc_row][vc_row css=&#8221;.vc_custom_1508955912900{margin-top: 20px !important;}&#8221;][vc_column][vc_column_text]COJEQ est un \u00e9v\u00e9nement o\u00f9 pr\u00e8s de<span style=\"font-size: 16px; color: #008000;\"><strong> 100 jeunes<\/strong><\/span>\u00a0se r\u00e9unissent afin de vivre une exp\u00e9rience d\u2019affaires enrichissante.<br \/>\nCette ann\u00e9e, le congr\u00e8s, qui est le plus grand colloque francophone sur l\u2019entrepreneuriat en Am\u00e9rique du Nord, s&#8217;est d\u00e9roul\u00e9 \u00e0 <strong><span style=\"font-size: 16px; color: #008000;\">Victoriaville, \u00e0 l\u2019H\u00f4tel Le Victorin, du 16\u00a0au 18\u00a0mars 2018<\/span>.<\/strong>[\/vc_column_text][vc_row_inner css=&#8221;.vc_custom_1554993774439{margin-top: 45px !important;}&#8221;][vc_column_inner width=&#8221;1\/2&#8243;][vc_column_text]<\/p>\n<h3>Dans le cadre de cette fin de semaine, les jeunes entrepreneurs de la rel\u00e8ve ont eu la chance de participer \u00e0 plusieurs activit\u00e9s\u00a0:<\/h3>\n<p>&#8211; R\u00e9daction compl\u00e8te d\u2019un plan d\u2019affaires<br \/>\n&#8211; Simulation d\u2019affaires\u00a0: strat\u00e9gies de production et de vente<br \/>\n&#8211; Comp\u00e9tition \u00e9conomique en \u00e9quipe avec remise de prix[\/vc_column_text][\/vc_column_inner][vc_column_inner width=&#8221;1\/2&#8243;][vc_column_text]<\/p>\n<h3>Des retomb\u00e9s positives pour chacun d&#8217;entre eux!<\/h3>\n<p>&#8211; D\u00e9couvrir les bienfaits et les risques li\u00e9s au lancement d\u2019une entreprise<br \/>\n&#8211;\u00a0Simuler un rapport positif avec le monde des affaires<br \/>\n&#8211;\u00a0Valoriser le travail d\u2019\u00e9quipe et le sens des responsabilit\u00e9s<br \/>\n&#8211; D\u00e9velopper ta confiance en soi<br \/>\n&#8211; R\u00e9aliser des pr\u00e9sentations efficaces et cr\u00e9er de bons argumentaires de vente<br \/>\n&#8211;\u00a0Commencer \u00e0 mettre en place ton r\u00e9seau d\u2019affaires[\/vc_column_text][\/vc_column_inner][\/vc_row_inner][vc_column_text]<\/p>\n<h3>L&#8217;\u00e9dition de COJEQ 2018 fut un grand succ\u00e8s!<\/h3>\n<p>Merci \u00e0 tous les b\u00e9n\u00e9voles d&#8217;affaires pr\u00e9sents pour leur mentorat et leur accompagnement aupr\u00e8s des jeunes durant cette belle fin de semaine.<br \/>\nMerci \u00e0 tous les jeunes pour leur motivation et enthousiasme \u00e0 apprendre.<br \/>\nMerci aux responsables de centres pour leur pr\u00e9sence.<br \/>\n\u00c0 la vue de vos beaux sourires sur les photos, nous sommes persuad\u00e9s que vous avez aim\u00e9 votre exp\u00e9rience de jeunes entrepreneurs d&#8217;une fin de semaine.[\/vc_column_text][\/vc_column][\/vc_row][vc_row full_width=&#8221;stretch_row_content&#8221; css=&#8221;.vc_custom_1508957102126{margin-top: 20px !important;margin-bottom: 20px !important;}&#8221;][vc_column][vc_video link=&#8221;https:\/\/youtu.be\/j2NymZSLoqI&#8221; el_width=&#8221;50&#8243; align=&#8221;center&#8221; css=&#8221;.vc_custom_1523561715620{margin-top: 40px !important;}&#8221;][\/vc_column][\/vc_row][vc_row full_width=&#8221;stretch_row&#8221; css=&#8221;.vc_custom_1511553940133{margin-top: 40px !important;margin-bottom: 40px !important;padding-top: 20px !important;padding-bottom: 20px !important;background-color: #f4f5f9 !important;}&#8221;][vc_column]<div class='headline with-icon text-center '><i class='fa fa-trophy'><\/i><h3>Les Gagnants de COJEQ 2018<\/h3><\/div>[vc_column_text css=&#8221;.vc_custom_1554992638901{margin-bottom: 25px !important;}&#8221;]<\/p>\n<p style=\"text-align: center;\"><strong>Un grand bravo \u00e0 vous toutes et tous!<\/strong><\/p>\n<p>[\/vc_column_text][vc_row_inner][vc_column_inner width=&#8221;1\/2&#8243;][vc_single_image image=&#8221;2172&#8243; img_size=&#8221;large&#8221; alignment=&#8221;center&#8221; title=&#8221;Meilleure \u00e9quipe&#8221;][vc_column_text]<\/p>\n<h3 style=\"text-align: center;\">\u00c9quipe des \u00ab\u00a0rouges\u00a0\u00bb<\/h3>\n<p>[\/vc_column_text][vc_single_image image=&#8221;2176&#8243; img_size=&#8221;large&#8221; alignment=&#8221;center&#8221; title=&#8221;Meilleur esprit d\u2019\u00e9quipe&#8221; css=&#8221;.vc_custom_1523564540794{margin-top: 45px !important;}&#8221;][vc_column_text]<\/p>\n<h3 style=\"text-align: center;\">\u00c9quipe des \u00ab\u00a0verts\u00a0\u00bb<\/h3>\n<p>[\/vc_column_text][\/vc_column_inner][vc_column_inner width=&#8221;1\/2&#8243;][vc_single_image image=&#8221;2175&#8243; img_size=&#8221;large&#8221; alignment=&#8221;center&#8221; title=&#8221;Meilleur plan d\u2019affaires&#8221;][vc_column_text]<\/p>\n<h3 style=\"text-align: center;\">\u00c9quipe des \u00ab\u00a0roses\u00a0\u00bb<\/h3>\n<p>[\/vc_column_text][vc_single_image image=&#8221;2173&#8243; img_size=&#8221;large&#8221; alignment=&#8221;center&#8221; title=&#8221;Meilleure pr\u00e9sentation orale&#8221; css=&#8221;.vc_custom_1523564787609{margin-top: 45px !important;}&#8221;][vc_column_text]<\/p>\n<h3 style=\"text-align: center;\">\u00c9quipe des \u00ab\u00a0oranges\u00a0\u00bb<\/h3>\n<p>[\/vc_column_text][\/vc_column_inner][\/vc_row_inner]<div class='headline with-icon text-center '><i class='berlin-icon-airplane2'><\/i><h3>CONCOURS ALTITUDE<\/h3><\/div>[vc_single_image image=&#8221;2174&#8243; img_size=&#8221;large&#8221; alignment=&#8221;center&#8221; title=&#8221;Gagnants du Concours \u00ab Altitude \u00bb&#8221;][vc_column_text]<\/p>\n<h3 style=\"text-align: center;\">\u00c9quipe des \u00ab\u00a0roses\u00a0\u00bb<\/h3>\n<p>[\/vc_column_text]<div class='headline with-icon text-center '><i class='berlin-icon-star2'><\/i><h3>Les \u00e9toiles de COJEQ 2018<\/h3><\/div>[vc_column_text]<\/p>\n<p style=\"text-align: center;\"><strong>Jeunes qui se sont distingu\u00e9s au sein de leur \u00e9quipe par leur participation et leur collaboration :<\/strong><\/p>\n<p>[\/vc_column_text][vc_single_image image=&#8221;2180&#8243; img_size=&#8221;large&#8221; alignment=&#8221;center&#8221; title=&#8221;\u00c9toiles 1<sup>re<\/sup> place&#8221; css=&#8221;.vc_custom_1523898650099{margin-top: 25px !important;}&#8221;][vc_column_text]<\/p>\n<h3 style=\"text-align: center;\">Lucas, Juliette, Agathe, Delphine, Wivine et Christopher<\/h3>\n<p>[\/vc_column_text][vc_row_inner][vc_column_inner width=&#8221;1\/2&#8243;][vc_single_image image=&#8221;2181&#8243; img_size=&#8221;large&#8221; alignment=&#8221;center&#8221; title=&#8221;\u00c9toiles 2<sup>e<\/sup> place&#8221; css=&#8221;.vc_custom_1554992797820{margin-top: 25px !important;}&#8221;][vc_column_text]<\/p>\n<h3 style=\"text-align: center;\">Claudie, Ad\u00e8le, Sara-Maude, Laurence, Justin et M\u00e9lissa<\/h3>\n<p>[\/vc_column_text][\/vc_column_inner][vc_column_inner width=&#8221;1\/2&#8243;][vc_single_image image=&#8221;2182&#8243; img_size=&#8221;large&#8221; alignment=&#8221;center&#8221; title=&#8221;\u00c9toiles 3<sup>e<\/sup> place&#8221; css=&#8221;.vc_custom_1554993479895{margin-top: 25px !important;}&#8221;][vc_column_text]<\/p>\n<h3 style=\"text-align: center;\">Yaman, Xavier, Philippe, Arnaud, Victoria et Boubacar<\/h3>\n<p>[\/vc_column_text][\/vc_column_inner][\/vc_row_inner][vc_row_inner][vc_column_inner width=&#8221;1\/2&#8243;][vc_single_image image=&#8221;2184&#8243; img_size=&#8221;large&#8221; alignment=&#8221;center&#8221; title=&#8221;Patrick St-Louis, entrepreneur et conf\u00e9rencier&#8221; css=&#8221;.vc_custom_1554992990754{margin-top: 45px !important;}&#8221;][vc_column_text css=&#8221;.vc_custom_1554993156996{margin-bottom: 45px !important;}&#8221;]<\/p>\n<h3 style=\"text-align: center;\">Prix d\u2019une semaine \u00e0 l\u2019\u00c9cole d\u2019Entrepreneurship de Beauce offert g\u00e9n\u00e9reusement par Patrick St-Louis, entrepreneur et conf\u00e9rencier<\/h3>\n<p>[\/vc_column_text][\/vc_column_inner][vc_column_inner width=&#8221;1\/2&#8243;][vc_single_image image=&#8221;2183&#8243; img_size=&#8221;large&#8221; alignment=&#8221;center&#8221; title=&#8221;R\u00e9cipiendaire du prix d\u2019une semaine \u00e0 l\u2019\u00c9cole d\u2019Entrepreneurship&#8221; css=&#8221;.vc_custom_1554992904070{margin-top: 45px !important;}&#8221;][vc_column_text]<\/p>\n<h3 style=\"text-align: center;\">Juliette Tremblay, entrepreneure de la rel\u00e8ve<\/h3>\n<p>[\/vc_column_text][\/vc_column_inner][\/vc_row_inner][vc_gallery type=&#8221;image_grid&#8221; images=&#8221;2255,2256,2257,2258,2259,2260&#8243; img_size=&#8221;medium&#8221; title=&#8221;La cohorte de b\u00e9n\u00e9voles&#8221;][\/vc_column][\/vc_row][vc_row css=&#8221;.vc_custom_1523564921360{margin-bottom: 65px !important;}&#8221;][vc_column][vc_column_text]<\/p>\n<p><center><span style=\"font-size: 16px;\"><strong><span style=\"color: #008000;\">Pour plus d\u2019informations<\/span><\/strong><\/span><\/center><center><a href=\"https:\/\/jaquebec.org\/evenements\/cojeq\/\">Cliquez ici!<\/a><\/center>[\/vc_column_text][\/vc_column][\/vc_row][vc_row full_width=&#8221;stretch_row&#8221; parallax=&#8221;stellar&#8221; parallax_image=&#8221;7611&#8243; overlay_enable=&#8221;1&#8243; overlay_color=&#8221;#285f74&#8243; overlay_opacity=&#8221;0.6&#8243; css=&#8221;.vc_custom_1660849039556{padding-top: 150px !important;padding-bottom: 120px !important;}&#8221; berlin_font_color=&#8221;#ffffff&#8221;][vc_column width=&#8221;1\/4&#8243;][vc_btn title=&#8221;Donnez maintenant&#8221; style=&#8221;custom&#8221; custom_background=&#8221;#e3e24f&#8221; custom_text=&#8221;#22404d&#8221; size=&#8221;lg&#8221; align=&#8221;center&#8221; link=&#8221;url:https%3A%2F%2Fjaquebec.org%2Ffaire-un-don%2F|title:Donnez%20maintenant||&#8221; el_class=&#8221;.bold&#8221;][\/vc_column][vc_column width=&#8221;3\/4&#8243;][vc_column_text]<span style=\"color: #ffffff;\"><strong><span style=\"font-family: Montserrat; font-size: 22px;\">Merci d\u2019encourager JA Qu\u00e9bec! Votre don nous permet de continuer \u00e0 offrir nos programmes gratuitement<\/span><\/strong><\/span>[\/vc_column_text][\/vc_column][\/vc_row]<\/p>","protected":false},"excerpt":{"rendered":"<p>[vc_row full_width=&#8221;stretch_row_content&#8221; css=&#8221;.vc_custom_1660934649973{margin-top: -80px !important;}&#8221;][vc_column][vc_single_image image=&#8221;7630&#8243; img_size=&#8221;full&#8221;][\/vc_column][\/vc_row][vc_row css=&#8221;.vc_custom_1510597485032{margin-top: -80px !important;}&#8221;][vc_column][\/vc_column][\/vc_row][vc_row css=&#8221;.vc_custom_1508955912900{margin-top: 20px !important;}&#8221;][vc_column][vc_column_text]COJEQ est un \u00e9v\u00e9nement o\u00f9 pr\u00e8s de 100 jeunes\u00a0se r\u00e9unissent afin de vivre une exp\u00e9rience d\u2019affaires enrichissante. Cette ann\u00e9e, le congr\u00e8s, qui est le plus grand colloque francophone sur l\u2019entrepreneuriat en Am\u00e9rique du Nord, s&#8217;est d\u00e9roul\u00e9 \u00e0 Victoriaville, \u00e0 l\u2019H\u00f4tel Le Victorin, du [&hellip;]<\/p>\n","protected":false},"author":2,"featured_media":0,"parent":674,"menu_order":0,"comment_status":"closed","ping_status":"closed","template":"","meta":{"_lmt_disableupdate":"","_lmt_disable":"","footnotes":""},"class_list":["post-2907","page","type-page","status-publish","hentry"],"_links":{"self":[{"href":"https:\/\/jaquebec.org\/fr\/wp-json\/wp\/v2\/pages\/2907","targetHints":{"allow":["GET"]}}],"collection":[{"href":"https:\/\/jaquebec.org\/fr\/wp-json\/wp\/v2\/pages"}],"about":[{"href":"https:\/\/jaquebec.org\/fr\/wp-json\/wp\/v2\/types\/page"}],"author":[{"embeddable":true,"href":"https:\/\/jaquebec.org\/fr\/wp-json\/wp\/v2\/users\/2"}],"replies":[{"embeddable":true,"href":"https:\/\/jaquebec.org\/fr\/wp-json\/wp\/v2\/comments?post=2907"}],"version-history":[{"count":8,"href":"https:\/\/jaquebec.org\/fr\/wp-json\/wp\/v2\/pages\/2907\/revisions"}],"predecessor-version":[{"id":7830,"href":"https:\/\/jaquebec.org\/fr\/wp-json\/wp\/v2\/pages\/2907\/revisions\/7830"}],"up":[{"embeddable":true,"href":"https:\/\/jaquebec.org\/fr\/wp-json\/wp\/v2\/pages\/674"}],"wp:attachment":[{"href":"https:\/\/jaquebec.org\/fr\/wp-json\/wp\/v2\/media?parent=2907"}],"curies":[{"name":"wp","href":"https:\/\/api.w.org\/{rel}","templated":true}]}}