{"id":3210,"date":"2019-04-08T16:51:02","date_gmt":"2019-04-08T20:51:02","guid":{"rendered":"https:\/\/jaquebec.com\/?page_id=3210"},"modified":"2026-04-02T07:36:09","modified_gmt":"2026-04-02T11:36:09","slug":"gala-annuel-de-la-releve-entrepreneuriale","status":"publish","type":"page","link":"https:\/\/jaquebec.org\/fr\/evenements\/gala-annuel-de-la-releve-entrepreneuriale\/","title":{"rendered":"Gala annuel de la rel\u00e8ve entrepreneuriale 2025"},"content":{"rendered":"<p>[vc_row][vc_column][vc_column_text css=&#8221;.vc_custom_1740427784205{margin-top: -50px !important;margin-bottom: 25px !important;}&#8221;]<\/p>\n<h3 style=\"text-align: center;\">PARTICIPATION AU GALA<\/h3>\n<h3 style=\"text-align: center;\">B\u00c9N\u00c9FICE DE LA REL\u00c8VE 2025<\/h3>\n<p>[\/vc_column_text][\/vc_column][\/vc_row][vc_row][vc_column width=&#8221;1\/2&#8243;][vc_column_text css=&#8221;.vc_custom_1740428779130{margin-top: 25px !important;}&#8221;]<\/p>\n<h3 style=\"text-align: center;\">DEVENEZ PARTENAIRE<\/h3>\n<p>[\/vc_column_text][vc_column_text css=&#8221;.vc_custom_1775129494988{margin-top: 10px !important;}&#8221;]<\/p>\n<p style=\"text-align: justify;\"><span style=\"color: #000000;\">Cet \u00e9v\u00e9nement souligne les accomplissements de jeunes talents qui ont su se d\u00e9marquer lors du programme Entreprise \u00c9tudiante.<\/span><\/p>\n<p style=\"text-align: justify;\"><span style=\"color: #000000;\">Le Gala est l\u2019occasion annuelle de venir \u00e0 la rencontre de la jeunesse et d\u2019\u00eatre t\u00e9moin de leurs r\u00e9ussites. Cette c\u00e9l\u00e9bration met \u00e0 l\u2019honneur nos b\u00e9n\u00e9voles et nos partenaires qui rendent possible la r\u00e9alisation de nos missions !<\/span><\/p>\n<p><span style=\"color: #000000;\"><strong>D\u00e9roulement en bref<\/strong><\/span><\/p>\n<ul>\n<li><span style=\"color: #000000;\"><strong>Mardi 19 mai 2026<\/strong> \u00e0 <strong>l\u2019h\u00f4tel Marriott Ch\u00e2teau Champlain<\/strong> \u00e0 Montr\u00e9al\u00a0<\/span><\/li>\n<li><span style=\"color: #000000;\">Cocktail \u00e0 partir de <strong>17 h 00<\/strong><\/span><\/li>\n<li><span style=\"color: #000000;\">Suivi d\u2019un souper, simulation \u00ab\u00a0Dans l\u2019\u0153il du dragon\u00a0\u00bb et remise de bourses d\u2019excellence \u00e0 partir de 18 h 30<\/span><\/li>\n<li style=\"list-style-type: none;\"><\/li>\n<\/ul>\n<p>[\/vc_column_text][vc_btn title=&#8221;Devenez partenaire et offrez de la visibilit\u00e9 \u00e0 votre entreprise &#8221; color=&#8221;turquoise&#8221; align=&#8221;center&#8221; link=&#8221;url:https%3A%2F%2Fjaquebec.org%2Ffr%2Fevenements%2Fgala-annuel-de-la-releve-entrepreneuriale%2Fplan-de-commandite-du-gala%2F|||&#8221; css=&#8221;.vc_custom_1740492597557{margin-top: 35px !important;}&#8221;][vc_column_text css=&#8221;.vc_custom_1714765892234{margin-top: 50px !important;margin-bottom: 65px !important;}&#8221;]<img loading=\"lazy\" decoding=\"async\" class=\" wp-image-11368 aligncenter\" src=\"https:\/\/jaquebec.org\/wp-content\/uploads\/2024\/02\/bannieres-2024-02-07T135213.061-min.png\" alt=\"\" width=\"610\" height=\"343\" srcset=\"https:\/\/jaquebec.org\/wp-content\/uploads\/2024\/02\/bannieres-2024-02-07T135213.061-min.png 1280w, https:\/\/jaquebec.org\/wp-content\/uploads\/2024\/02\/bannieres-2024-02-07T135213.061-min-300x169.png 300w, https:\/\/jaquebec.org\/wp-content\/uploads\/2024\/02\/bannieres-2024-02-07T135213.061-min-1024x576.png 1024w, https:\/\/jaquebec.org\/wp-content\/uploads\/2024\/02\/bannieres-2024-02-07T135213.061-min-768x432.png 768w, https:\/\/jaquebec.org\/wp-content\/uploads\/2024\/02\/bannieres-2024-02-07T135213.061-min-1140x641.png 1140w, https:\/\/jaquebec.org\/wp-content\/uploads\/2024\/02\/bannieres-2024-02-07T135213.061-min-380x214.png 380w\" sizes=\"auto, (max-width: 610px) 100vw, 610px\" \/>[\/vc_column_text][vc_column_text css=&#8221;.vc_custom_1740427628798{margin-top: 25px !important;}&#8221;]<\/p>\n<h3 style=\"text-align: center;\">R\u00c9SERVATION DES JEUNES<\/h3>\n<p>[\/vc_column_text][vc_column_text css=&#8221;.vc_custom_1740492618042{margin-top: 15px !important;}&#8221;]<\/p>\n<p style=\"text-align: justify;\"><span style=\"color: #000000;\">Au cours de l&#8217;ann\u00e9e scolaire, \u00a0vous avez fait preuve de pers\u00e9v\u00e9rance et de d\u00e9termination dans vos projets. <span class=\"xn-person\">Le <strong>Gala b\u00e9n\u00e9fice annuel <\/strong><\/span><strong>de la rel\u00e8ve<\/strong> est l&#8217;occasion de c\u00e9l\u00e9brer votre travail acharn\u00e9 et innovant. Lors du Gala, vous serez en comp\u00e9tition pour remporter de grands honneurs, dont le titre tr\u00e8s convoit\u00e9 d&#8217;<strong>Entreprise de l&#8217;ann\u00e9e<\/strong>. Venez rencontrez et \u00e9changez avec des gens d&#8217;affaires et inspirez-vous de leurs parcours.<\/span><\/p>\n<p style=\"color: #ffffff; text-align: left;\"><span style=\"color: #000000;\"><strong>Quels jeunes seront laur\u00e9ats cette ann\u00e9e ?<\/strong><\/span><\/p>\n<p>[\/vc_column_text][vc_btn title=&#8221;R\u00e9servez votre place pour le gala les jeunes&#8221; color=&#8221;turquoise&#8221; align=&#8221;center&#8221; link=&#8221;url:https%3A%2F%2Fjaquebec.org%2Ffr%2Fgala-benefice-de-la-releve-2026%2F|||&#8221; css=&#8221;.vc_custom_1775129529834{margin-top: 35px !important;}&#8221;][\/vc_column][vc_column width=&#8221;1\/2&#8243;][vc_column_text css=&#8221;.vc_custom_1714766033440{margin-top: 80px !important;margin-bottom: 80px !important;}&#8221;]<img loading=\"lazy\" decoding=\"async\" class=\"wp-image-11367 aligncenter\" src=\"https:\/\/jaquebec.org\/wp-content\/uploads\/2024\/02\/bannieres-2024-02-07T135350.942-min.png\" alt=\"\" width=\"720\" height=\"405\" srcset=\"https:\/\/jaquebec.org\/wp-content\/uploads\/2024\/02\/bannieres-2024-02-07T135350.942-min.png 1280w, https:\/\/jaquebec.org\/wp-content\/uploads\/2024\/02\/bannieres-2024-02-07T135350.942-min-300x169.png 300w, https:\/\/jaquebec.org\/wp-content\/uploads\/2024\/02\/bannieres-2024-02-07T135350.942-min-1024x576.png 1024w, https:\/\/jaquebec.org\/wp-content\/uploads\/2024\/02\/bannieres-2024-02-07T135350.942-min-768x432.png 768w, https:\/\/jaquebec.org\/wp-content\/uploads\/2024\/02\/bannieres-2024-02-07T135350.942-min-1140x641.png 1140w, https:\/\/jaquebec.org\/wp-content\/uploads\/2024\/02\/bannieres-2024-02-07T135350.942-min-380x214.png 380w\" sizes=\"auto, (max-width: 720px) 100vw, 720px\" \/>[\/vc_column_text][vc_column_text css=&#8221;.vc_custom_1740429031114{margin-top: 25px !important;}&#8221;]<\/p>\n<h3 style=\"text-align: center;\">R\u00c9SERVEZ VOTRE PLACE<\/h3>\n<p>[\/vc_column_text][vc_column_text css=&#8221;.vc_custom_1740429799210{margin-top: 10px !important;}&#8221;]<\/p>\n<p style=\"text-align: justify;\"><span style=\"color: #000000;\">Vous souhaitez soutenir la rel\u00e8ve entrepreneuriale ? Alors ne manquez pas cette occasion unique ! Invitez vos coll\u00e8gues et participez \u00e0 un \u00e9v\u00e9nement exceptionnel qui c\u00e9l\u00e8bre les talents \u00e9mergents dans le monde des affaires.<\/span><\/p>\n<p>[\/vc_column_text][vc_btn title=&#8221;R\u00e9servez votre place lors du Gala&#8221; color=&#8221;turquoise&#8221; align=&#8221;center&#8221; link=&#8221;url:https%3A%2F%2Fjaquebec.org%2Ffr%2Fgala-benefice-de-la-releve-2026%2F|||&#8221; css=&#8221;.vc_custom_1775129512965{margin-top: 35px !important;}&#8221;][vc_column_text css=&#8221;.vc_custom_1740601602245{margin-top: 80px !important;margin-bottom: 50px !important;}&#8221;]<a href=\"https:\/\/jaquebec.org\/evenements\/gala-annuel-de-la-releve-entrepreneuriale\/untitled-design-12\/\" rel=\"attachment wp-att-12974\"><img loading=\"lazy\" decoding=\"async\" class=\"alignnone size-large wp-image-12974\" src=\"https:\/\/jaquebec.org\/wp-content\/uploads\/2025\/02\/Untitled-design-12-1024x576.png\" alt=\"\" width=\"1024\" height=\"576\" srcset=\"https:\/\/jaquebec.org\/wp-content\/uploads\/2025\/02\/Untitled-design-12-1024x576.png 1024w, https:\/\/jaquebec.org\/wp-content\/uploads\/2025\/02\/Untitled-design-12-300x169.png 300w, https:\/\/jaquebec.org\/wp-content\/uploads\/2025\/02\/Untitled-design-12-768x432.png 768w, https:\/\/jaquebec.org\/wp-content\/uploads\/2025\/02\/Untitled-design-12-1140x641.png 1140w, https:\/\/jaquebec.org\/wp-content\/uploads\/2025\/02\/Untitled-design-12-380x214.png 380w, https:\/\/jaquebec.org\/wp-content\/uploads\/2025\/02\/Untitled-design-12.png 1280w\" sizes=\"auto, (max-width: 1024px) 100vw, 1024px\" \/><\/a>[\/vc_column_text][\/vc_column][\/vc_row][vc_row][vc_column][vc_empty_space height=&#8221;50px&#8221;][\/vc_column][\/vc_row]<\/p>","protected":false},"excerpt":{"rendered":"<p>[vc_row][vc_column][vc_column_text css=&#8221;.vc_custom_1740427784205{margin-top: -50px !important;margin-bottom: 25px !important;}&#8221;] PARTICIPATION AU GALA B\u00c9N\u00c9FICE DE LA REL\u00c8VE 2025 [\/vc_column_text][\/vc_column][\/vc_row][vc_row][vc_column width=&#8221;1\/2&#8243;][vc_column_text css=&#8221;.vc_custom_1740428779130{margin-top: 25px !important;}&#8221;] DEVENEZ PARTENAIRE [\/vc_column_text][vc_column_text css=&#8221;.vc_custom_1775129494988{margin-top: 10px !important;}&#8221;] Cet \u00e9v\u00e9nement souligne les accomplissements de jeunes talents qui ont su se d\u00e9marquer lors du programme Entreprise \u00c9tudiante. Le Gala est l\u2019occasion annuelle de venir \u00e0 la rencontre de la [&hellip;]<\/p>\n","protected":false},"author":2,"featured_media":0,"parent":816,"menu_order":0,"comment_status":"closed","ping_status":"closed","template":"","meta":{"_lmt_disableupdate":"no","_lmt_disable":"","footnotes":""},"class_list":["post-3210","page","type-page","status-publish","hentry"],"_links":{"self":[{"href":"https:\/\/jaquebec.org\/fr\/wp-json\/wp\/v2\/pages\/3210","targetHints":{"allow":["GET"]}}],"collection":[{"href":"https:\/\/jaquebec.org\/fr\/wp-json\/wp\/v2\/pages"}],"about":[{"href":"https:\/\/jaquebec.org\/fr\/wp-json\/wp\/v2\/types\/page"}],"author":[{"embeddable":true,"href":"https:\/\/jaquebec.org\/fr\/wp-json\/wp\/v2\/users\/2"}],"replies":[{"embeddable":true,"href":"https:\/\/jaquebec.org\/fr\/wp-json\/wp\/v2\/comments?post=3210"}],"version-history":[{"count":218,"href":"https:\/\/jaquebec.org\/fr\/wp-json\/wp\/v2\/pages\/3210\/revisions"}],"predecessor-version":[{"id":13615,"href":"https:\/\/jaquebec.org\/fr\/wp-json\/wp\/v2\/pages\/3210\/revisions\/13615"}],"up":[{"embeddable":true,"href":"https:\/\/jaquebec.org\/fr\/wp-json\/wp\/v2\/pages\/816"}],"wp:attachment":[{"href":"https:\/\/jaquebec.org\/fr\/wp-json\/wp\/v2\/media?parent=3210"}],"curies":[{"name":"wp","href":"https:\/\/api.w.org\/{rel}","templated":true}]}}