{"id":3750,"date":"2019-06-12T14:49:13","date_gmt":"2019-06-12T18:49:13","guid":{"rendered":"https:\/\/jaquebec.com\/?page_id=3750"},"modified":"2022-08-19T17:01:52","modified_gmt":"2022-08-19T21:01:52","slug":"gala-de-la-releve-entrepreneuriale-2019","status":"publish","type":"page","link":"https:\/\/jaquebec.org\/fr\/evenements\/gala-annuel-de-la-releve-entrepreneuriale\/gala-de-la-releve-entrepreneuriale-2019\/","title":{"rendered":"Gala de la rel\u00e8ve entrepreneuriale 2019"},"content":{"rendered":"<p>[vc_row full_width=&#8221;stretch_row_content&#8221; css=&#8221;.vc_custom_1660934649973{margin-top: -80px !important;}&#8221;][vc_column][vc_single_image image=&#8221;7631&#8243; img_size=&#8221;full&#8221;][\/vc_column][\/vc_row][vc_row css=&#8221;.vc_custom_1660942750877{margin-top: 20px !important;}&#8221;][vc_column]<div class='headline with-icon text-center '><i class='berlin-icon-calendar2'><\/i><h3>GALA ANNUEL DE LA REL\u00c8VE ENTREPRENEURIALE<\/h3><\/div>[vc_column_text css=&#8221;.vc_custom_1560366406129{margin-bottom: 25px !important;}&#8221;]<\/p>\n<h3 style=\"text-align: center;\">jeudi 16 mai 2019, \u00e0 l&#8217;H\u00f4tel Universel, Montr\u00e9al<\/h3>\n<p>Cet \u00e9v\u00e9nement vient couronner le travail de plusieurs mois effectu\u00e9s par les \u00e9tudiants du <a href=\"https:\/\/jaquebec.org\/programmes\/programme-entreprise-etudiante\/\">programme Entreprise \u00c9tudiante<\/a> et souligner la performance remarquable de nos jeunes entrepreneurs. Chaque ann\u00e9e, des prix sous forme de bourses ou de stages en entreprise sont remis aux \u00e9tudiants qui se d\u00e9marquent dans la mise sur pied de leur entreprise. De nombreux laur\u00e9ats se sont vu d\u00e9cerner des prix d\u2019excellence et pour la premi\u00e8re fois cette ann\u00e9e, de nouvelles bourses comp\u00e9tence ont \u00e9t\u00e9 distribu\u00e9es.[\/vc_column_text][vc_masonry_media_grid style=&#8221;load-more&#8221; items_per_page=&#8221;12&#8243; element_width=&#8221;2&#8243; btn_title=&#8221;Plus de photos&#8221; btn_style=&#8221;custom&#8221; btn_custom_background=&#8221;#008000&#8243; btn_custom_text=&#8221;#ffffff&#8221; btn_align=&#8221;center&#8221; initial_loading_animation=&#8221;fadeIn&#8221; grid_id=&#8221;vc_gid:1660942791480-1909aa03-d619-9&#8243; include=&#8221;3565,3684,3639,3634,3605,3607,3643,3650,3651,3642,3641,3566,3657,3568,3569,3570,3571,3572,3574,3575,3576,3577,3578,3579,3580,3581,3582,3583,3584,3585,3586,3573,3587,3588,3589,3590,3591,3592,3593,3594,3595,3596,3597,3598,3599,3600,3601,3602,3603,3604,3608,3609,3610,3611,3612,3613,3614,3615,3616,3617,3618,3619,3620,3621,3622,3623,3624,3625,3626,3627,3628,3629,3630,3631,3632,3633,3635,3636,3637,3638,3640,3644,3645,3646,3647,3648,3649,3652,3653,3654,3655,3655,3656,3657,3658,3659,3660,3661,3662,3663,3664,3665,3666,3667,3668,3669,3670,3671,3672,3673,3674,3675,3676,3677,3678,3679,3680,3681,3682,3683,3685,3686,3687,3688,3689,3690,3691,3692,3693,3695&#8243;]<div class='headline with-icon text-center '><i class='fa fa-trophy'><\/i><h3>LISTE DES GAGNANTS 2018-2019<\/h3><\/div>[vc_column_text]<\/p>\n<p style=\"text-align: center;\">\u00a0Voici les laur\u00e9ats qui se sont vu d\u00e9cerner des prix d\u2019excellence\u00a0cette ann\u00e9e dans les diff\u00e9rentes cat\u00e9gories :<\/p>\n<p>[\/vc_column_text][\/vc_column][\/vc_row][vc_row css=&#8221;.vc_custom_1554737178584{margin-top: 20px !important;}&#8221;][vc_column width=&#8221;1\/2&#8243; css=&#8221;.vc_custom_1554737582519{background-color: #e8e8e8 !important;}&#8221;][vc_column_text css=&#8221;.vc_custom_1560738971957{margin-bottom: 10px !important;}&#8221;]<\/p>\n<h3 style=\"text-align: center;\">PR\u00c9SIDENTE<\/h3>\n<p>[\/vc_column_text][vc_single_image image=&#8221;3677&#8243; img_size=&#8221;full&#8221;][vc_row_inner css=&#8221;.vc_custom_1554735824326{margin-top: 15px !important;margin-bottom: 15px !important;}&#8221;][vc_column_inner width=&#8221;1\/2&#8243;][vc_column_text]<\/p>\n<h3 style=\"text-align: center;\">1<sup>RE<\/sup> PLACE<\/h3>\n<p style=\"text-align: center;\"><b>P\u00e9n\u00e9loppe Fernandez-Busto,<br \/>\nEntreprise Muso<\/b><br \/>\nCentre C\u00f4te-des-Neiges<\/p>\n<p>[\/vc_column_text][\/vc_column_inner][vc_column_inner width=&#8221;1\/2&#8243;][vc_column_text]<\/p>\n<h3 style=\"text-align: center;\">2<sup>E<\/sup> PLACE<\/h3>\n<p style=\"text-align: center;\"><b>Kacylia Roy Proulx,<br \/>\n<\/b>repr\u00e9sent\u00e9e par Alison Deblois<b><br \/>\nEntreprise Klassik<\/b><br \/>\nCentre Longueuil<\/p>\n<p>[\/vc_column_text][\/vc_column_inner][\/vc_row_inner][vc_column_text]<\/p>\n<h4 style=\"font-weight: bold; color: #008000; text-align: center;\">Pr\u00e9sent\u00e9 par Kahdija Azizi et Justin Alarie pour :<\/h4>\n<p>[\/vc_column_text][vc_single_image image=&#8221;1274&#8243; img_size=&#8221;medium&#8221; alignment=&#8221;center&#8221;][\/vc_column][vc_column width=&#8221;1\/2&#8243; css=&#8221;.vc_custom_1554737591543{margin-left: 5px !important;background-color: #e8e8e8 !important;}&#8221;][vc_column_text css=&#8221;.vc_custom_1560736463350{margin-bottom: 10px !important;}&#8221;]<\/p>\n<h3 style=\"text-align: center;\">VP FINANCES<\/h3>\n<p>[\/vc_column_text][vc_single_image image=&#8221;3632&#8243; img_size=&#8221;full&#8221;][vc_row_inner css=&#8221;.vc_custom_1554736568173{margin-top: 15px !important;margin-bottom: 15px !important;}&#8221;][vc_column_inner width=&#8221;1\/2&#8243;][vc_column_text]<\/p>\n<h3 style=\"text-align: center;\">1<sup>RE<\/sup> PLACE<\/h3>\n<p style=\"text-align: center;\"><b>Katherine Jackson,<br \/>\nEntreprise Klassik<\/b><br \/>\nCentre Longueuil<\/p>\n<p>[\/vc_column_text][\/vc_column_inner][vc_column_inner width=&#8221;1\/2&#8243;][vc_column_text]<\/p>\n<h3 style=\"text-align: center;\">2<sup>E<\/sup> PLACE<\/h3>\n<p style=\"text-align: center;\"><b>Justine Simard,<br \/>\nEntreprise Brak&amp;Co.<\/b><br \/>\nCentre C\u00f4te-des-Neiges<\/p>\n<p>[\/vc_column_text][\/vc_column_inner][\/vc_row_inner][vc_column_text css=&#8221;.vc_custom_1560801788961{margin-bottom: 40px !important;}&#8221;]<\/p>\n<h4 style=\"font-weight: bold; color: #008000; text-align: center; margin-top: 45px;\">Pr\u00e9sent\u00e9 par Ghassan Bero pour :<\/h4>\n<p>[\/vc_column_text][vc_single_image image=&#8221;2202&#8243; img_size=&#8221;medium&#8221; alignment=&#8221;center&#8221; css=&#8221;.vc_custom_1560422931948{margin-bottom: 30px !important;}&#8221;][\/vc_column][\/vc_row][vc_row css=&#8221;.vc_custom_1508955912900{margin-top: 20px !important;}&#8221;][vc_column width=&#8221;1\/2&#8243; css=&#8221;.vc_custom_1554737429530{background-color: #e8e8e8 !important;}&#8221;][vc_column_text css=&#8221;.vc_custom_1560736423564{margin-bottom: 10px !important;}&#8221;]<\/p>\n<h3 style=\"text-align: center;\">VP MARKETING<\/h3>\n<p>[\/vc_column_text][vc_single_image image=&#8221;3659&#8243; img_size=&#8221;full&#8221;][vc_row_inner css=&#8221;.vc_custom_1554738541697{margin-top: 15px !important;margin-bottom: 15px !important;}&#8221;][vc_column_inner width=&#8221;1\/2&#8243;][vc_column_text]<\/p>\n<h3 style=\"text-align: center;\">1<sup>RE<\/sup> PLACE<\/h3>\n<p style=\"text-align: center;\"><b>Jessie Kurtz,<br \/>\nEntreprise Klassik<br \/>\n<\/b>Centre Longueuil<\/p>\n<p>[\/vc_column_text][\/vc_column_inner][vc_column_inner width=&#8221;1\/2&#8243;][vc_column_text]<\/p>\n<h3 style=\"text-align: center;\">2<sup>E<\/sup> PLACE<\/h3>\n<p style=\"text-align: center;\"><b>Natalia Purkey,<br \/>\nEntreprise Quarante-Douze<\/b><br \/>\nCentre Stanislas<\/p>\n<p>[\/vc_column_text][\/vc_column_inner][\/vc_row_inner][vc_column_text css=&#8221;.vc_custom_1560801829451{margin-bottom: 10px !important;}&#8221;]<\/p>\n<h4 style=\"font-weight: bold; color: #008000; text-align: center;\">Pr\u00e9sent\u00e9 par Chantale Bernatchez et Sophie Potvin-Champagne pour :<\/h4>\n<p>[\/vc_column_text][vc_single_image image=&#8221;3761&#8243; img_size=&#8221;medium&#8221; alignment=&#8221;center&#8221; css=&#8221;.vc_custom_1560423508430{margin-top: 30px !important;margin-bottom: 30px !important;}&#8221;][\/vc_column][vc_column width=&#8221;1\/2&#8243; css=&#8221;.vc_custom_1554737603986{margin-left: 5px !important;background-color: #e8e8e8 !important;}&#8221;][vc_column_text css=&#8221;.vc_custom_1560736396135{margin-bottom: 10px !important;}&#8221;]<\/p>\n<h3 style=\"text-align: center;\">VP TECHNOLOGIES DE L\u2019INFORMATION<\/h3>\n<p>[\/vc_column_text][vc_single_image image=&#8221;3616&#8243; img_size=&#8221;full&#8221;][vc_row_inner css=&#8221;.vc_custom_1554738541697{margin-top: 15px !important;margin-bottom: 15px !important;}&#8221;][vc_column_inner width=&#8221;1\/2&#8243;][vc_column_text]<\/p>\n<h3 style=\"text-align: center;\">1<sup>RE<\/sup> PLACE<\/h3>\n<p style=\"text-align: center;\"><b>Victor Gilbert,<br \/>\nEntreprise H\u00e9lios<\/b><br \/>\nCentre Stanislas<\/p>\n<p>[\/vc_column_text][\/vc_column_inner][vc_column_inner width=&#8221;1\/2&#8243;][vc_column_text]<\/p>\n<h3 style=\"text-align: center;\">2<sup>E<\/sup> PLACE<\/h3>\n<p style=\"text-align: center;\"><b>Ally Zhang,<br \/>\nEntreprise Passe-Partout<\/b><br \/>\nCentre C\u00f4te-des-Neiges<\/p>\n<p>[\/vc_column_text][\/vc_column_inner][\/vc_row_inner][vc_column_text css=&#8221;.vc_custom_1560801862585{margin-bottom: 10px !important;}&#8221;]<\/p>\n<h4 style=\"font-weight: bold; color: #008000; text-align: center; margin-top: 35px;\">Pr\u00e9sent\u00e9 par Jean-S\u00e9bastien Borduas pour :<\/h4>\n<p>[\/vc_column_text][vc_single_image image=&#8221;3545&#8243; alignment=&#8221;center&#8221; css=&#8221;.vc_custom_1560423038201{margin-bottom: 6px !important;}&#8221;][\/vc_column][\/vc_row][vc_row css=&#8221;.vc_custom_1508955912900{margin-top: 20px !important;}&#8221;][vc_column width=&#8221;1\/2&#8243; css=&#8221;.vc_custom_1554737429530{background-color: #e8e8e8 !important;}&#8221;][vc_column_text css=&#8221;.vc_custom_1560736382995{margin-bottom: 10px !important;}&#8221;]<\/p>\n<h3 style=\"text-align: center;\">VP RESSOURCES HUMAINES<\/h3>\n<p>[\/vc_column_text][vc_single_image image=&#8221;3625&#8243; img_size=&#8221;full&#8221;][vc_row_inner css=&#8221;.vc_custom_1554738541697{margin-top: 15px !important;margin-bottom: 15px !important;}&#8221;][vc_column_inner width=&#8221;1\/2&#8243;][vc_column_text]<\/p>\n<h3 style=\"text-align: center;\">1<sup>RE<\/sup> PLACE<\/h3>\n<p style=\"text-align: center;\"><b>Romy Barbera,<br \/>\nEntreprise Obi<\/b><br \/>\nCentre C\u00f4te-des-Neiges<\/p>\n<p>[\/vc_column_text][\/vc_column_inner][vc_column_inner width=&#8221;1\/2&#8243;][vc_column_text]<\/p>\n<h3 style=\"text-align: center;\">2<sup>E<\/sup> PLACE<\/h3>\n<p style=\"text-align: center;\"><b>C\u00e9leste P\u00e9pin,<br \/>\nEntreprise Diz<\/b><br \/>\nCentre Ahuntsic<\/p>\n<p>[\/vc_column_text][\/vc_column_inner][\/vc_row_inner][vc_column_text css=&#8221;.vc_custom_1560423837822{margin-bottom: 10px !important;}&#8221;]<\/p>\n<h4 style=\"font-weight: bold; color: #008000; text-align: center;\">Pr\u00e9sent\u00e9 par Sylvie Tremblay pour :<\/h4>\n<p>[\/vc_column_text][vc_single_image image=&#8221;1007&#8243; img_size=&#8221;medium&#8221; alignment=&#8221;center&#8221; css=&#8221;.vc_custom_1560423859740{margin-top: 30px !important;margin-bottom: 30px !important;}&#8221;][\/vc_column][vc_column width=&#8221;1\/2&#8243; css=&#8221;.vc_custom_1554737603986{margin-left: 5px !important;background-color: #e8e8e8 !important;}&#8221;][vc_column_text css=&#8221;.vc_custom_1560736370694{margin-bottom: 10px !important;}&#8221;]<\/p>\n<h3 style=\"text-align: center;\">VP PRODUCTION<\/h3>\n<p>[\/vc_column_text][vc_single_image image=&#8221;3635&#8243; img_size=&#8221;full&#8221;][vc_row_inner css=&#8221;.vc_custom_1554738541697{margin-top: 15px !important;margin-bottom: 15px !important;}&#8221;][vc_column_inner width=&#8221;1\/2&#8243;][vc_column_text]<\/p>\n<h3 style=\"text-align: center;\">1<sup>RE<\/sup> PLACE<\/h3>\n<p style=\"text-align: center;\"><b>\u00c8ve Lessard,<br \/>\nEntreprise \u00c9chos<\/b><br \/>\nCentre Mont-Saint-Hilaire<\/p>\n<p>[\/vc_column_text][\/vc_column_inner][vc_column_inner width=&#8221;1\/2&#8243;][vc_column_text]<\/p>\n<h3 style=\"text-align: center;\">2<sup>E<\/sup> PLACE<\/h3>\n<p style=\"text-align: center;\"><b>Hamza El-Hassani,<br \/>\nEntreprise LDX<\/b><br \/>\nCentre Stanislas<\/p>\n<p>[\/vc_column_text][\/vc_column_inner][\/vc_row_inner][vc_column_text css=&#8221;.vc_custom_1560801952528{margin-bottom: 10px !important;}&#8221;]<\/p>\n<h4 style=\"font-weight: bold; color: #008000; text-align: center;\">Pr\u00e9sent\u00e9 par Ronja Kr\u00f6ger pour :<\/h4>\n<p>[\/vc_column_text][vc_single_image image=&#8221;1264&#8243; img_size=&#8221;large&#8221; alignment=&#8221;center&#8221; css=&#8221;.vc_custom_1560424051876{margin-top: 1px !important;}&#8221;][\/vc_column][\/vc_row][vc_row css=&#8221;.vc_custom_1508955912900{margin-top: 20px !important;}&#8221;][vc_column width=&#8221;1\/2&#8243; css=&#8221;.vc_custom_1554737429530{background-color: #e8e8e8 !important;}&#8221;][vc_column_text css=&#8221;.vc_custom_1554741738919{margin-bottom: 10px !important;}&#8221;]<\/p>\n<h3 style=\"text-align: center;\">ENTREPRENEURE DE L&#8217;ANN\u00c9E<\/h3>\n<p>[\/vc_column_text][vc_single_image image=&#8221;3671&#8243; img_size=&#8221;full&#8221;][vc_row_inner css=&#8221;.vc_custom_1554738541697{margin-top: 15px !important;margin-bottom: 15px !important;}&#8221;][vc_column_inner width=&#8221;1\/2&#8243;][vc_column_text css=&#8221;.vc_custom_1560736088942{margin-top: 15px !important;}&#8221;]<\/p>\n<h3 style=\"text-align: center;\">1<sup>RE<\/sup> PLACE<\/h3>\n<h4 style=\"text-align: center;\">Rachel Teasdale,<br \/>\nEntreprise Brak&amp;Co.<\/h4>\n<p style=\"text-align: center;\">Centre C\u00f4te-des-Neiges<\/p>\n<p>[\/vc_column_text][\/vc_column_inner][vc_column_inner width=&#8221;1\/2&#8243;][vc_column_text css=&#8221;.vc_custom_1560736107487{margin-top: 15px !important;}&#8221;]<\/p>\n<h3 style=\"text-align: center;\">2<sup>E<\/sup> PLACE<\/h3>\n<h4 style=\"text-align: center;\">Ang\u00e9lique Prud&#8217;Homme,<br \/>\nEntreprise Obi<\/h4>\n<p style=\"text-align: center;\">Centre C\u00f4te-des-Neiges<\/p>\n<p>[\/vc_column_text][\/vc_column_inner][\/vc_row_inner][vc_column_text css=&#8221;.vc_custom_1554740872809{margin-bottom: 10px !important;}&#8221;]<\/p>\n<h4 style=\"font-weight: bold; color: #008000; text-align: center;\">Pr\u00e9sent\u00e9 par Gilbert Lord pour :<\/h4>\n<p>[\/vc_column_text][vc_single_image image=&#8221;1041&#8243; img_size=&#8221;full&#8221; alignment=&#8221;center&#8221; css=&#8221;.vc_custom_1554742010949{margin-top: 10px !important;margin-bottom: 26px !important;}&#8221;][\/vc_column][vc_column width=&#8221;1\/2&#8243; css=&#8221;.vc_custom_1554737603986{margin-left: 5px !important;background-color: #e8e8e8 !important;}&#8221;][vc_column_text css=&#8221;.vc_custom_1554741738919{margin-bottom: 10px !important;}&#8221;]<\/p>\n<h3 style=\"text-align: center;\">ENTREPRISE DE L\u2019ANN\u00c9E<\/h3>\n<p>[\/vc_column_text][vc_single_image image=&#8221;3690&#8243; img_size=&#8221;full&#8221; alignment=&#8221;center&#8221;][vc_row_inner css=&#8221;.vc_custom_1560736230761{margin-top: 25px !important;margin-bottom: 15px !important;}&#8221;][vc_column_inner][vc_column_text]<\/p>\n<h3 style=\"text-align: center;\">Entreprise<br \/>\nObi<\/h3>\n<p style=\"text-align: center;\">Centre C\u00f4te-des-Neiges<\/p>\n<p>[\/vc_column_text][vc_column_text css=&#8221;.vc_custom_1560802014136{margin-top: 10px !important;margin-bottom: 15px !important;}&#8221;]<\/p>\n<h4 style=\"font-weight: bold; color: #008000; text-align: center; margin-top: 20px;\">Pr\u00e9sent\u00e9 par Karine Thibert pour :<\/h4>\n<p>[\/vc_column_text][vc_single_image image=&#8221;1045&#8243; img_size=&#8221;full&#8221; alignment=&#8221;center&#8221; css=&#8221;.vc_custom_1560736305555{margin-top: 35px !important;margin-bottom: 35px !important;}&#8221;][\/vc_column_inner][\/vc_row_inner][\/vc_column][\/vc_row][vc_row css=&#8221;.vc_custom_1508955912900{margin-top: 20px !important;}&#8221;][vc_column width=&#8221;1\/2&#8243; css=&#8221;.vc_custom_1554737429530{background-color: #e8e8e8 !important;}&#8221;][vc_column_text css=&#8221;.vc_custom_1560736495719{margin-bottom: 10px !important;}&#8221;]<\/p>\n<h3 style=\"text-align: center;\">D\u00c9FI NASJAQ<\/h3>\n<p>[\/vc_column_text][vc_single_image image=&#8221;3620&#8243; img_size=&#8221;full&#8221; alignment=&#8221;center&#8221;][vc_column_text css=&#8221;.vc_custom_1554744926759{margin-top: 15px !important;margin-bottom: 10px !important;}&#8221;]<\/p>\n<h3 style=\"text-align: center;\">Space<\/h3>\n<p style=\"text-align: center;\">\u00c9quipe form\u00e9e sp\u00e9cialement pour cette cat\u00e9gorie avec :<br \/>\n<b>Muhtasim Ahmed et Ariful Islam<\/b><\/p>\n<h4 style=\"font-weight: bold; color: #0070c0; text-align: center;\">VARIATION DU PORTEFEUILLE : 1 008 %<br \/>\nVALEUR DU PORTEFEUILLE : 11 081 517 $<\/h4>\n<p>[\/vc_column_text][vc_column_text css=&#8221;.vc_custom_1560802059505{margin-top: 35px !important;margin-bottom: 10px !important;}&#8221;]<\/p>\n<h4 style=\"font-weight: bold; color: #008000; text-align: center;\">Pr\u00e9sent\u00e9 par Philippe Bergeron pour :<\/h4>\n<p>[\/vc_column_text][vc_single_image image=&#8221;2443&#8243; img_size=&#8221;medium&#8221; alignment=&#8221;center&#8221; css=&#8221;.vc_custom_1554745063208{margin-top: 10px !important;}&#8221;][\/vc_column][vc_column width=&#8221;1\/2&#8243; css=&#8221;.vc_custom_1554737603986{margin-left: 5px !important;background-color: #e8e8e8 !important;}&#8221;][vc_column_text css=&#8221;.vc_custom_1560736483551{margin-bottom: 10px !important;}&#8221;]<\/p>\n<h3 style=\"text-align: center;\">MEILLEURE CARTE D&#8217;AFFAIRES<\/h3>\n<p>[\/vc_column_text][vc_single_image image=&#8221;3628&#8243; img_size=&#8221;full&#8221; alignment=&#8221;center&#8221;][vc_row_inner css=&#8221;.vc_custom_1554745052886{margin-bottom: 15px !important;}&#8221;][vc_column_inner width=&#8221;1\/4&#8243;][vc_column_text css=&#8221;.vc_custom_1554744582909{margin-top: 15px !important;}&#8221;]<\/p>\n<h3 style=\"text-align: center;\">Entreprise Obi<\/h3>\n<p style=\"text-align: center;\">C\u00f4te-des-Neiges<\/p>\n<p>[\/vc_column_text][\/vc_column_inner][vc_column_inner width=&#8221;3\/4&#8243;][vc_column_text css=&#8221;.vc_custom_1560802407737{margin-top: 15px !important;}&#8221;]<\/p>\n<h4 style=\"font-weight: bold; color: #008000; text-align: center; margin-bottom: 10px;\">Pr\u00e9sent\u00e9 par :<\/h4>\n<p>[\/vc_column_text][vc_single_image image=&#8221;3547&#8243; img_size=&#8221;medium&#8221; alignment=&#8221;center&#8221;][\/vc_column_inner][\/vc_row_inner][vc_row_inner css=&#8221;.vc_custom_1560735864026{margin-top: 25px !important;margin-bottom: 44px !important;}&#8221;][vc_column_inner width=&#8221;1\/2&#8243;][vc_single_image image=&#8221;3757&#8243; img_size=&#8221;full&#8221; alignment=&#8221;center&#8221;][\/vc_column_inner][vc_column_inner width=&#8221;1\/2&#8243;][vc_single_image image=&#8221;3756&#8243; img_size=&#8221;full&#8221; alignment=&#8221;center&#8221;][\/vc_column_inner][\/vc_row_inner][\/vc_column][\/vc_row][vc_row css=&#8221;.vc_custom_1508955912900{margin-top: 20px !important;}&#8221;][vc_column width=&#8221;1\/2&#8243; css=&#8221;.vc_custom_1554737429530{background-color: #e8e8e8 !important;}&#8221;][vc_column_text css=&#8221;.vc_custom_1560736523274{margin-bottom: 10px !important;}&#8221;]<\/p>\n<h3 style=\"text-align: center;\">MEILLEUR RAPPORT AUX ACTIONNAIRES<\/h3>\n<p>[\/vc_column_text][vc_single_image image=&#8221;3668&#8243; img_size=&#8221;full&#8221; alignment=&#8221;center&#8221;][vc_row_inner css=&#8221;.vc_custom_1554745763349{margin-top: 15px !important;margin-bottom: 22px !important;}&#8221;][vc_column_inner][vc_column_text]<\/p>\n<h3 style=\"text-align: center;\">Entreprise Klassik<\/h3>\n<p style=\"text-align: center;\">Centre Longueuil<\/p>\n<p>[\/vc_column_text][vc_column_text css=&#8221;.vc_custom_1560802453373{margin-top: 25px !important;}&#8221;]<\/p>\n<h4 style=\"font-weight: bold; color: #008000; text-align: center; margin-bottom: 10px;\">Pr\u00e9sent\u00e9 par Natasha Vitale pour :<\/h4>\n<p>[\/vc_column_text][vc_single_image image=&#8221;1269&#8243; img_size=&#8221;medium&#8221; alignment=&#8221;center&#8221;][\/vc_column_inner][\/vc_row_inner][\/vc_column][vc_column width=&#8221;1\/2&#8243; css=&#8221;.vc_custom_1554737603986{margin-left: 5px !important;background-color: #e8e8e8 !important;}&#8221;][vc_column_text css=&#8221;.vc_custom_1560736510080{margin-bottom: 10px !important;}&#8221;]<\/p>\n<h3 style=\"text-align: center;\">PRODUIT COUP DE COEUR &#8211; MOMENTUM<\/h3>\n<p>[\/vc_column_text][vc_single_image image=&#8221;3657&#8243; img_size=&#8221;full&#8221; alignment=&#8221;center&#8221;][vc_row_inner css=&#8221;.vc_custom_1554745052886{margin-bottom: 15px !important;}&#8221;][vc_column_inner width=&#8221;1\/2&#8243;][vc_column_text css=&#8221;.vc_custom_1560736817874{margin-top: 15px !important;}&#8221;]<\/p>\n<h3 style=\"text-align: center;\">1<sup>RE<\/sup> PLACE<\/h3>\n<h4 style=\"text-align: center;\">Entreprise \u00c9chos<\/h4>\n<p style=\"text-align: center;\">Centre Mont-Saint-Hilaire<\/p>\n<p>[\/vc_column_text][\/vc_column_inner][vc_column_inner width=&#8221;1\/2&#8243;][vc_column_text css=&#8221;.vc_custom_1560736856301{margin-top: 15px !important;}&#8221;]<\/p>\n<h3 style=\"text-align: center;\">2<sup>E<\/sup> PLACE<\/h3>\n<h4 style=\"text-align: center;\">Eureka<\/h4>\n<p style=\"text-align: center;\">Centre de l&#8217;Est<\/p>\n<p>[\/vc_column_text][\/vc_column_inner][\/vc_row_inner][vc_column_text css=&#8221;.vc_custom_1560802487924{margin-top: 15px !important;}&#8221;]<\/p>\n<h4 style=\"font-weight: bold; color: #008000; text-align: center;\">Pr\u00e9sent\u00e9 par Frantz-Michel Leroy pour :<\/h4>\n<p>[\/vc_column_text][vc_single_image image=&#8221;2600&#8243; img_size=&#8221;medium&#8221; alignment=&#8221;center&#8221;][\/vc_column][\/vc_row][vc_row css=&#8221;.vc_custom_1508955912900{margin-top: 20px !important;}&#8221;][vc_column width=&#8221;1\/2&#8243; css=&#8221;.vc_custom_1554737429530{background-color: #e8e8e8 !important;}&#8221;][vc_column_text css=&#8221;.vc_custom_1560736556329{margin-bottom: 10px !important;}&#8221;]<\/p>\n<h3 style=\"text-align: center;\">MEILLEUR JA CLIP<\/h3>\n<p>[\/vc_column_text][vc_single_image image=&#8221;3660&#8243; img_size=&#8221;full&#8221; alignment=&#8221;center&#8221;][vc_row_inner css=&#8221;.vc_custom_1554745763349{margin-top: 15px !important;margin-bottom: 22px !important;}&#8221;][vc_column_inner width=&#8221;1\/4&#8243;][vc_column_text]<\/p>\n<h3 style=\"text-align: center;\">Entreprise Bougee<\/h3>\n<p style=\"text-align: center;\">Centre C\u00f4te-des-Neiges<\/p>\n<p>[\/vc_column_text][\/vc_column_inner][vc_column_inner width=&#8221;3\/4&#8243;][vc_column_text]<\/p>\n<h4 style=\"font-weight: bold; color: #008000; text-align: center;\">Pr\u00e9sent\u00e9 par Carolyn Nguyen,<br \/>\nsecr\u00e9taire du CA :<\/h4>\n<p><img loading=\"lazy\" decoding=\"async\" class=\"alignnone wp-image-1034 aligncenter\" src=\"https:\/\/jaquebec.org\/wp-content\/uploads\/2017\/09\/JAQUEBEClogo.png\" alt=\"\" width=\"254\" height=\"56\" \/>[\/vc_column_text][\/vc_column_inner][\/vc_row_inner][vc_video link=&#8221;https:\/\/youtu.be\/PGpddXJ3odc&#8221; align=&#8221;center&#8221; css=&#8221;.vc_custom_1560802749442{margin-top: 65px !important;margin-bottom: 25px !important;}&#8221;]<div class='headline with-icon text-center  vc_custom_1560802851569'><i class='fa fa-trophy'><\/i><h3>BRAVO \u00c0 TOUS LES PARTICIPANTS<\/h3><\/div>[vc_btn title=&#8221;CONNAITRE TOUS LES FINALISTES 2018-2019&#8243; color=&#8221;green&#8221; align=&#8221;center&#8221; link=&#8221;url:https%3A%2F%2Fjaquebec.org%2Fwp-content%2Fuploads%2F2019%2F06%2FGala2019_Tous-les-finalistes-Powerpoint.pdf||target:%20_blank|&#8221; css=&#8221;.vc_custom_1560802881000{margin-bottom: 100px !important;}&#8221;][\/vc_column][vc_column width=&#8221;1\/2&#8243; css=&#8221;.vc_custom_1554737603986{margin-left: 5px !important;background-color: #e8e8e8 !important;}&#8221;][vc_column_text css=&#8221;.vc_custom_1560736537639{margin-bottom: 10px !important;}&#8221;]<\/p>\n<h3 style=\"text-align: center;\">MEILLEUR SITE INTERNET<\/h3>\n<p>[\/vc_column_text][vc_single_image image=&#8221;3663&#8243; img_size=&#8221;full&#8221; alignment=&#8221;center&#8221;][vc_row_inner css=&#8221;.vc_custom_1554745052886{margin-bottom: 15px !important;}&#8221;][vc_column_inner width=&#8221;1\/4&#8243;][vc_column_text css=&#8221;.vc_custom_1560737514335{margin-top: 15px !important;}&#8221;]<\/p>\n<h3 style=\"text-align: center;\">Entreprise Brak&amp;Co.<\/h3>\n<p style=\"text-align: center;\">Centre C\u00f4te-des-Neiges<\/p>\n<p>[\/vc_column_text][\/vc_column_inner][vc_column_inner width=&#8221;3\/4&#8243;][vc_column_text css=&#8221;.vc_custom_1560802599462{margin-top: 15px !important;}&#8221;]<\/p>\n<h4 style=\"font-weight: bold; color: #008000; text-align: center;\">Pr\u00e9sent\u00e9 par Brigitte Chartier pour :<\/h4>\n<p>[\/vc_column_text][vc_single_image image=&#8221;3767&#8243; img_size=&#8221;medium&#8221; alignment=&#8221;center&#8221;][\/vc_column_inner][\/vc_row_inner][vc_single_image image=&#8221;3755&#8243; img_size=&#8221;full&#8221; alignment=&#8221;center&#8221; css=&#8221;.vc_custom_1560802729166{margin-bottom: 15px !important;}&#8221;][\/vc_column][\/vc_row][vc_row][vc_column]<div class='headline with-icon text-center '><i class='fa fa-trophy'><\/i><h3>BOURSES COMP\u00c9TENCES<\/h3><\/div>[vc_row_inner][vc_column_inner width=&#8221;1\/2&#8243; css=&#8221;.vc_custom_1560738151957{background-color: #e8e8e8 !important;}&#8221;][vc_column_text css=&#8221;.vc_custom_1560737854536{margin-bottom: 10px !important;}&#8221;]<\/p>\n<h3 style=\"text-align: center;\">DYNAMISME<\/h3>\n<p>[\/vc_column_text][vc_column_text css=&#8221;.vc_custom_1560738436559{margin-bottom: 15px !important;}&#8221;]<\/p>\n<h4 style=\"font-weight: bold; color: #008000; text-align: center;\">Stephanie Baptista-Lavigueur<\/h4>\n<p>[\/vc_column_text][vc_single_image image=&#8221;3633&#8243; img_size=&#8221;full&#8221; alignment=&#8221;center&#8221; css=&#8221;.vc_custom_1560739304216{margin-bottom: 15px !important;}&#8221;][\/vc_column_inner][vc_column_inner width=&#8221;1\/2&#8243; css=&#8221;.vc_custom_1560739156251{margin-left: 5px !important;background-color: #e8e8e8 !important;}&#8221;][vc_column_text css=&#8221;.vc_custom_1560737873637{margin-bottom: 10px !important;}&#8221;]<\/p>\n<h3 style=\"text-align: center;\">LEADERSHIP<\/h3>\n<p>[\/vc_column_text][vc_column_text css=&#8221;.vc_custom_1560738461242{margin-bottom: 15px !important;}&#8221;]<\/p>\n<h4 style=\"font-weight: bold; color: #008000; text-align: center;\">Salom\u00e9 Magne<\/h4>\n<p>[\/vc_column_text][vc_single_image image=&#8221;3626&#8243; img_size=&#8221;full&#8221; alignment=&#8221;center&#8221; css=&#8221;.vc_custom_1560739314510{margin-bottom: 15px !important;}&#8221;][\/vc_column_inner][\/vc_row_inner][vc_row_inner css=&#8221;.vc_custom_1560803822490{margin-top: 5px !important;}&#8221;][vc_column_inner width=&#8221;1\/2&#8243; css=&#8221;.vc_custom_1560803764859{background-color: #e8e8e8 !important;}&#8221;][vc_column_text css=&#8221;.vc_custom_1560739415158{margin-bottom: 10px !important;}&#8221;]<\/p>\n<h3 style=\"text-align: center;\">CR\u00c9ATIVIT\u00c9<\/h3>\n<p>[\/vc_column_text][vc_column_text css=&#8221;.vc_custom_1560739436531{margin-bottom: 15px !important;}&#8221;]<\/p>\n<h4 style=\"font-weight: bold; color: #008000; text-align: center;\">Edith Plante<\/h4>\n<p>[\/vc_column_text][vc_single_image image=&#8221;3662&#8243; img_size=&#8221;full&#8221; alignment=&#8221;center&#8221; css=&#8221;.vc_custom_1560739459076{margin-bottom: 15px !important;}&#8221;][\/vc_column_inner][vc_column_inner width=&#8221;1\/2&#8243; css=&#8221;.vc_custom_1560739156251{margin-left: 5px !important;background-color: #e8e8e8 !important;}&#8221;][vc_column_text css=&#8221;.vc_custom_1560739486768{margin-bottom: 10px !important;}&#8221;]<\/p>\n<h3 style=\"text-align: center;\">PERS\u00c9V\u00c9RANCE<\/h3>\n<p>[\/vc_column_text][vc_column_text css=&#8221;.vc_custom_1560739635158{margin-bottom: 15px !important;}&#8221;]<\/p>\n<h4 style=\"font-weight: bold; color: #008000; text-align: center;\">Katherine Jackson ex-aequo avec Nicolas Paquin<\/h4>\n<p>[\/vc_column_text][vc_single_image image=&#8221;3672&#8243; img_size=&#8221;full&#8221; alignment=&#8221;center&#8221; css=&#8221;.vc_custom_1560739546460{margin-bottom: 15px !important;}&#8221;][\/vc_column_inner][\/vc_row_inner][vc_row_inner css=&#8221;.vc_custom_1560803728666{margin-top: 0px !important;}&#8221;][vc_column_inner width=&#8221;1\/2&#8243; css=&#8221;.vc_custom_1560739195451{margin-top: 5px !important;background-color: #e8e8e8 !important;}&#8221;][vc_column_text css=&#8221;.vc_custom_1560738497439{margin-bottom: 10px !important;}&#8221;]<\/p>\n<h3 style=\"text-align: center;\">COLLABORATION<\/h3>\n<p>[\/vc_column_text][vc_column_text css=&#8221;.vc_custom_1560738627728{margin-bottom: 15px !important;}&#8221;]<\/p>\n<h4 style=\"font-weight: bold; color: #008000; text-align: center;\">Oc\u00e9anne Filion<\/h4>\n<p style=\"text-align: center;\">Repr\u00e9sent\u00e9e par Nicolas Gosselin<\/p>\n<p>[\/vc_column_text][vc_single_image image=&#8221;3618&#8243; img_size=&#8221;full&#8221; alignment=&#8221;center&#8221; css=&#8221;.vc_custom_1560739359525{margin-bottom: 15px !important;}&#8221;][\/vc_column_inner][vc_column_inner width=&#8221;1\/2&#8243;][\/vc_column_inner][\/vc_row_inner][\/vc_column][\/vc_row][vc_row][vc_column][vc_column_text]<\/p>\n<p>[\/vc_column_text][\/vc_column][\/vc_row][vc_row full_width=&#8221;stretch_row&#8221; parallax=&#8221;stellar&#8221; parallax_image=&#8221;7611&#8243; overlay_enable=&#8221;1&#8243; overlay_color=&#8221;#285f74&#8243; overlay_opacity=&#8221;0.6&#8243; css=&#8221;.vc_custom_1660942814793{padding-top: 150px !important;padding-bottom: 120px !important;}&#8221; berlin_font_color=&#8221;#ffffff&#8221;][vc_column width=&#8221;1\/4&#8243;][vc_btn title=&#8221;Donnez maintenant&#8221; style=&#8221;custom&#8221; custom_background=&#8221;#e3e24f&#8221; custom_text=&#8221;#22404d&#8221; size=&#8221;lg&#8221; align=&#8221;center&#8221; link=&#8221;url:https%3A%2F%2Fjaquebec.org%2Ffaire-un-don%2F|title:Donnez%20maintenant||&#8221; el_class=&#8221;.bold&#8221;][\/vc_column][vc_column width=&#8221;3\/4&#8243;][vc_column_text]<span style=\"color: #ffffff;\"><strong><span style=\"font-family: Montserrat; font-size: 22px;\">Merci d\u2019encourager JA Qu\u00e9bec! Votre don nous permet de continuer \u00e0 offrir nos programmes gratuitement<\/span><\/strong><\/span>[\/vc_column_text][\/vc_column][\/vc_row]<\/p>","protected":false},"excerpt":{"rendered":"<p>[vc_row full_width=&#8221;stretch_row_content&#8221; css=&#8221;.vc_custom_1660934649973{margin-top: -80px !important;}&#8221;][vc_column][vc_single_image image=&#8221;7631&#8243; img_size=&#8221;full&#8221;][\/vc_column][\/vc_row][vc_row css=&#8221;.vc_custom_1660942750877{margin-top: 20px !important;}&#8221;][vc_column][vc_column_text css=&#8221;.vc_custom_1560366406129{margin-bottom: 25px !important;}&#8221;] jeudi 16 mai 2019, \u00e0 l&#8217;H\u00f4tel Universel, Montr\u00e9al Cet \u00e9v\u00e9nement vient couronner le travail de plusieurs mois effectu\u00e9s par les \u00e9tudiants du programme Entreprise \u00c9tudiante et souligner la performance remarquable de nos jeunes entrepreneurs. Chaque ann\u00e9e, des prix sous forme de bourses [&hellip;]<\/p>\n","protected":false},"author":2,"featured_media":0,"parent":3210,"menu_order":0,"comment_status":"closed","ping_status":"closed","template":"","meta":{"_lmt_disableupdate":"","_lmt_disable":"","footnotes":""},"class_list":["post-3750","page","type-page","status-publish","hentry"],"_links":{"self":[{"href":"https:\/\/jaquebec.org\/fr\/wp-json\/wp\/v2\/pages\/3750","targetHints":{"allow":["GET"]}}],"collection":[{"href":"https:\/\/jaquebec.org\/fr\/wp-json\/wp\/v2\/pages"}],"about":[{"href":"https:\/\/jaquebec.org\/fr\/wp-json\/wp\/v2\/types\/page"}],"author":[{"embeddable":true,"href":"https:\/\/jaquebec.org\/fr\/wp-json\/wp\/v2\/users\/2"}],"replies":[{"embeddable":true,"href":"https:\/\/jaquebec.org\/fr\/wp-json\/wp\/v2\/comments?post=3750"}],"version-history":[{"count":28,"href":"https:\/\/jaquebec.org\/fr\/wp-json\/wp\/v2\/pages\/3750\/revisions"}],"predecessor-version":[{"id":7806,"href":"https:\/\/jaquebec.org\/fr\/wp-json\/wp\/v2\/pages\/3750\/revisions\/7806"}],"up":[{"embeddable":true,"href":"https:\/\/jaquebec.org\/fr\/wp-json\/wp\/v2\/pages\/3210"}],"wp:attachment":[{"href":"https:\/\/jaquebec.org\/fr\/wp-json\/wp\/v2\/media?parent=3750"}],"curies":[{"name":"wp","href":"https:\/\/api.w.org\/{rel}","templated":true}]}}