{"id":4156,"date":"2019-12-27T17:12:14","date_gmt":"2019-12-27T22:12:14","guid":{"rendered":"https:\/\/jaquebec.com\/?page_id=4156"},"modified":"2022-08-19T14:31:05","modified_gmt":"2022-08-19T18:31:05","slug":"entreprises-etudiantes-2018-2019","status":"publish","type":"page","link":"https:\/\/jaquebec.org\/fr\/programme-entreprise-etudiante\/entreprises-etudiantes-2018-2019\/","title":{"rendered":"Entreprises \u00c9tudiantes 2018-2019"},"content":{"rendered":"<p>[vc_row full_width=&#8221;stretch_row_content&#8221; css=&#8221;.vc_custom_1660933677696{margin-top: -80px !important;}&#8221;][vc_column][vc_single_image image=&#8221;7632&#8243; img_size=&#8221;full&#8221; css=&#8221;.vc_custom_1660933557250{margin-top: -80px !important;}&#8221;][\/vc_column][\/vc_row][vc_row css=&#8221;.vc_custom_1660933423377{margin-bottom: 10px !important;}&#8221;][vc_column]<div class='headline with-icon text-center '><i class='fa fa-street-view'><\/i><h3>Les Entreprises \u00c9tudiantes JA Qu\u00e9bec de la saison 2018-2019<\/h3><\/div>[vc_column_text css=&#8221;.vc_custom_1548989694687{margin-top: 20px !important;}&#8221;]Des jeunes du secondaire ont \u00e9t\u00e9 rassembl\u00e9s en \u00e9quipe pour former des entreprises \u00e9tudiantes. Pendant une dur\u00e9e d&#8217;environ 6 mois, ils vivent une exp\u00e9rience entrepreneuriale en partant de z\u00e9ro. D\u00e9couvrez les \u00e9quipes et les id\u00e9es cr\u00e9atives de la saison 2018-2019 du programme <a href=\"https:\/\/jaquebec.org\/programmes\/programme-entreprise-etudiante\/\">Entreprise \u00c9tudiante JA<\/a>.[\/vc_column_text][vc_btn title=&#8221;Calendrier Entreprise \u00e9tudiante 2018-2019 &#8211; Montr\u00e9al et environs&#8221; color=&#8221;green&#8221; align=&#8221;center&#8221; css_animation=&#8221;bounceIn&#8221; link=&#8221;url:https%3A%2F%2Fjaquebec.org%2F%2Fwp-content%2Fuploads%2F2018%2F09%2FCalendrier-d%C3%A9taill%C3%A9-Entreprise-%C3%89tudiante-2018-2019.pdf||target:%20_blank|&#8221; el_class=&#8221;.bold&#8221; css=&#8221;.vc_custom_1660933416368{margin-top: 50px !important;}&#8221;][\/vc_column][\/vc_row][vc_row css=&#8221;.vc_custom_1549645005694{margin-top: 20px !important;margin-bottom: 20px !important;}&#8221;][vc_column width=&#8221;1\/6&#8243;][vc_single_image image=&#8221;3006&#8243; alignment=&#8221;center&#8221;][vc_column_text]<\/p>\n<p style=\"text-align: center;\">Entreprise : <span style=\"color: #0b8140;\"><em><strong>45 Nord<\/strong><\/em><\/span><br \/>\nProduit : <span style=\"color: #00a0af; font-size: 16px;\"><strong>Hoodie<\/strong><\/span><br \/>\nCentre : <strong>Coll\u00e8ge International Marie-de-France<\/strong><br \/>\nConseiller : Vincent Copti<\/p>\n<p>[\/vc_column_text][\/vc_column][vc_column width=&#8221;1\/6&#8243;][vc_single_image image=&#8221;3005&#8243; alignment=&#8221;center&#8221;][vc_column_text]<\/p>\n<p style=\"text-align: center;\">Entreprise : <span style=\"color: #0b8140;\"><em><strong>Blinks<\/strong><\/em><\/span><br \/>\nProduit : <span style=\"color: #00a0af; font-size: 16px;\"><strong>Couverture<\/strong><\/span><br \/>\nCentre : <strong>Coll\u00e8ge International Marie-de-France<\/strong><br \/>\nConseiller : Vincent Copti<\/p>\n<p>[\/vc_column_text][\/vc_column][vc_column width=&#8221;1\/6&#8243;][vc_single_image image=&#8221;3505&#8243; alignment=&#8221;center&#8221;][vc_column_text]<\/p>\n<p style=\"text-align: center;\">Entreprise : <span style=\"color: #0b8140;\"><em><strong>Bo\u00efng!<\/strong><\/em><\/span><br \/>\nProduit : <span style=\"color: #00a0af; font-size: 16px;\"><strong>Boule d&#8217;\u00e9lastiques<\/strong><\/span><br \/>\nCentre : <strong>Stanislas<\/strong><br \/>\nConseiller : Ali Trabelsi<\/p>\n<p>[\/vc_column_text][\/vc_column][vc_column width=&#8221;1\/6&#8243;][vc_single_image image=&#8221;3023&#8243; alignment=&#8221;center&#8221;][vc_column_text]<\/p>\n<p style=\"text-align: center;\">Entreprise : <span style=\"color: #0b8140;\"><em><strong>Bougee<\/strong><\/em><\/span><br \/>\nProduit : <span style=\"color: #00a0af; font-size: 16px;\"><strong>Bougie<\/strong><\/span><br \/>\nCentre : <strong>C\u00f4te-des-Neiges<\/strong><br \/>\nConseillers : Kenza Drissi et Kevin Dubois<\/p>\n<p>[\/vc_column_text][\/vc_column][vc_column width=&#8221;1\/6&#8243;][vc_single_image image=&#8221;3491&#8243; alignment=&#8221;center&#8221;][vc_column_text]<\/p>\n<p style=\"text-align: center;\">Entreprise : <span style=\"color: #0b8140;\"><em><strong>Brak &amp; Co<\/strong><\/em><\/span><br \/>\nProduit : <span style=\"color: #00a0af; font-size: 16px;\"><strong>Sweet Pants<\/strong><\/span><br \/>\nCentre : <strong>C\u00f4te-des-Neiges<\/strong><br \/>\nConseill\u00e8re : Romi Pelletier-Bourret<\/p>\n<p>[\/vc_column_text][\/vc_column][vc_column width=&#8221;1\/6&#8243;][vc_single_image image=&#8221;3001&#8243; alignment=&#8221;center&#8221;][vc_column_text]<\/p>\n<p style=\"text-align: center;\">Entreprise : <span style=\"color: #0b8140;\"><em><strong>C-Verre<\/strong><\/em><\/span><br \/>\nProduit : <span style=\"color: #00a0af; font-size: 16px;\"><strong>Paille r\u00e9utilisable<\/strong><\/span><br \/>\nCentre : <strong>Atwater<\/strong><br \/>\nConseillers : Pierre Salicco et Anthony Lazanis<\/p>\n<p>[\/vc_column_text][\/vc_column][\/vc_row][vc_row css=&#8221;.vc_custom_1549645005694{margin-top: 20px !important;margin-bottom: 20px !important;}&#8221;][vc_column width=&#8221;1\/6&#8243;][vc_single_image image=&#8221;3492&#8243; alignment=&#8221;center&#8221;][vc_column_text]<\/p>\n<p style=\"text-align: center;\">Entreprise : <span style=\"color: #0b8140;\"><em><strong>Calao<\/strong><\/em><\/span><br \/>\nProduit : <span style=\"color: #00a0af; font-size: 16px;\"><strong>Sac bandouli\u00e8re<\/strong><\/span><br \/>\nCentre : <strong>C\u00f4te-des-Neiges<\/strong><br \/>\nConseill\u00e8re : Aline Nguyen<\/p>\n<p>[\/vc_column_text][\/vc_column][vc_column width=&#8221;1\/6&#8243;][vc_single_image image=&#8221;3003&#8243; alignment=&#8221;center&#8221;][vc_column_text]<\/p>\n<p style=\"text-align: center;\">Entreprise : <span style=\"color: #0b8140;\"><em><strong>Ceinturne<\/strong><\/em><\/span><br \/>\nProduit : <span style=\"color: #00a0af; font-size: 16px;\"><strong>Ceinture<\/strong><\/span><br \/>\nCentre : <strong>Coll\u00e8ge International Marie-de-France<\/strong><br \/>\nConseiller : Vincent Copti<\/p>\n<p>[\/vc_column_text][\/vc_column][vc_column width=&#8221;1\/6&#8243;][vc_single_image image=&#8221;3017&#8243; alignment=&#8221;center&#8221;][vc_column_text]<\/p>\n<p style=\"text-align: center;\">Entreprise : <span style=\"color: #0b8140;\"><em><strong>C&#8217;mif<\/strong><\/em><\/span><br \/>\nProduit : <span style=\"color: #00a0af; font-size: 16px;\"><strong>Bandana et Bijou<\/strong><\/span><br \/>\nCentre : <strong>Coll\u00e8ge International Marie-de-France<\/strong><br \/>\nConseiller : Vincent Copti<\/p>\n<p>[\/vc_column_text][\/vc_column][vc_column width=&#8221;1\/6&#8243;][vc_single_image image=&#8221;3004&#8243; alignment=&#8221;center&#8221;][vc_column_text]<\/p>\n<p style=\"text-align: center;\">Entreprise : <span style=\"color: #0b8140;\"><em><strong>Co&amp;Rap<\/strong><\/em><\/span><br \/>\nProduit : <span style=\"color: #00a0af; font-size: 16px;\"><strong>Hoodie<\/strong><\/span><br \/>\nCentre : <strong>Coll\u00e8ge International Marie-de-France<\/strong><br \/>\nConseiller : Vincent Copti<\/p>\n<p>[\/vc_column_text][\/vc_column][vc_column width=&#8221;1\/6&#8243;][vc_single_image image=&#8221;3012&#8243; alignment=&#8221;center&#8221;][vc_column_text]<\/p>\n<p style=\"text-align: center;\">Entreprise : <span style=\"color: #0b8140;\"><em><strong>Cobras<\/strong><\/em><\/span><br \/>\nProduit : <span style=\"color: #00a0af; font-size: 16px;\"><strong>Protecteurs Iphone \/ carte Opus<\/strong><\/span><br \/>\nCentre : <strong>C\u00f4te-des-Neiges<\/strong><br \/>\nConseillers : Javeria Qureshi et Xavier Girard<\/p>\n<p>[\/vc_column_text][\/vc_column][vc_column width=&#8221;1\/6&#8243;][vc_single_image image=&#8221;3493&#8243; alignment=&#8221;center&#8221;][vc_column_text]<\/p>\n<p style=\"text-align: center;\">Entreprise : <span style=\"color: #0b8140;\"><em><strong>Crocouteur<\/strong><\/em><\/span><br \/>\nProduit : <span style=\"color: #00a0af; font-size: 16px;\"><strong>Attache \u00e9couteurs<\/strong><\/span><br \/>\nCentre : <strong>C\u00f4te-des-Neiges<\/strong><br \/>\nConseiller : Brice Vannier<\/p>\n<p>[\/vc_column_text][\/vc_column][\/vc_row][vc_row css=&#8221;.vc_custom_1511540552964{margin-top: 20px !important;margin-bottom: 40px !important;}&#8221;][vc_column width=&#8221;1\/6&#8243;][vc_single_image image=&#8221;3037&#8243; alignment=&#8221;center&#8221;][vc_column_text]<\/p>\n<p style=\"text-align: center;\">Entreprise : <span style=\"color: #0b8140;\"><em><strong>DIZ<\/strong><\/em><\/span><br \/>\nProduit : <span style=\"color: #00a0af; font-size: 16px;\"><strong>Nappe \u00e0 lunch<\/strong><\/span><br \/>\nCentre : <strong>Ahuntsic<\/strong><br \/>\nConseill\u00e8re : Johane Aubut<\/p>\n<p>[\/vc_column_text][\/vc_column][vc_column width=&#8221;1\/6&#8243;][vc_single_image image=&#8221;3056&#8243; alignment=&#8221;center&#8221;][vc_column_text]<\/p>\n<p style=\"text-align: center;\">Entreprise : <span style=\"color: #0b8140;\"><em><strong>\u00c9chos<\/strong><\/em><\/span><br \/>\nProduit : <span style=\"color: #00a0af; font-size: 16px;\"><strong>Emballage r\u00e9utilisable<\/strong><\/span><br \/>\nCentre : <strong>Mont-Saint-Hilaire<\/strong><br \/>\nConseillers : V\u00e9ronique Leclerc, Martin Maheu et Isab\u00e8le Richer<\/p>\n<p>[\/vc_column_text][\/vc_column][vc_column width=&#8221;1\/6&#8243;][vc_single_image image=&#8221;3494&#8243; alignment=&#8221;center&#8221;][vc_column_text]<\/p>\n<p style=\"text-align: center;\">Entreprise : <span style=\"color: #0b8140;\"><em><strong>Espoir<\/strong><\/em><\/span><br \/>\nProduit : <span style=\"color: #00a0af; font-size: 16px;\"><strong>Hoodie<\/strong><\/span><br \/>\nCentre : <strong>C\u00f4te-des-Neiges<\/strong><br \/>\nConseiller : Ammaury Sylvain<\/p>\n<p>[\/vc_column_text][\/vc_column][vc_column width=&#8221;1\/6&#8243;][vc_single_image image=&#8221;3019&#8243; alignment=&#8221;center&#8221;][vc_column_text]<\/p>\n<p style=\"text-align: center;\">Entreprise : <span style=\"color: #0b8140;\"><em><strong>Eureka<\/strong><\/em><\/span><br \/>\nProduit : <span style=\"color: #00a0af; font-size: 16px;\"><strong>Plateau multifonctionnels<\/strong><\/span><br \/>\nCentre : <strong>Est<\/strong><br \/>\nConseillers : Philippe Castonguay et Laurence Toupin<\/p>\n<p>[\/vc_column_text][\/vc_column][vc_column width=&#8221;1\/6&#8243;][vc_single_image image=&#8221;3495&#8243; alignment=&#8221;center&#8221;][vc_column_text]<\/p>\n<p style=\"text-align: center;\">Entreprise : <span style=\"color: #0b8140;\"><em><strong>Fybula<\/strong><\/em><\/span><br \/>\nProduit : <span style=\"color: #00a0af; font-size: 16px;\"><strong>Accessoire pour cellulaire<\/strong><\/span><br \/>\nCentre : <strong>Coll\u00e8ge Fran\u00e7ois-de-Laval &#8211; Qu\u00e9bec<\/strong><br \/>\nConseillers : Guy Baillargeon, Yves Moreau, Louis-Robert Verret, Marie-Helene Delph st<\/p>\n<p>[\/vc_column_text][\/vc_column][vc_column width=&#8221;1\/6&#8243;][vc_single_image image=&#8221;3016&#8243; alignment=&#8221;center&#8221;][vc_column_text]<\/p>\n<p style=\"text-align: center;\">Entreprise : <span style=\"color: #0b8140;\"><em><strong>Gueule.<\/strong><\/em><\/span><br \/>\nProduit : <span style=\"color: #00a0af; font-size: 16px;\"><strong>Bas et Chandail<\/strong><\/span><br \/>\nCentre : <strong>Longueuil<\/strong><br \/>\nConseillers : Olivier Champagne et Marie-France Auger<\/p>\n<p>[\/vc_column_text][\/vc_column][\/vc_row][vc_row css=&#8221;.vc_custom_1511540552964{margin-top: 20px !important;margin-bottom: 40px !important;}&#8221;][vc_column width=&#8221;1\/6&#8243;][vc_single_image image=&#8221;3496&#8243; alignment=&#8221;center&#8221;][vc_column_text]<\/p>\n<p style=\"text-align: center;\">Entreprise : <span style=\"color: #0b8140;\"><em><strong>H\u00e9lios<\/strong><\/em><\/span><br \/>\nProduit : <span style=\"color: #00a0af; font-size: 16px;\"><strong>Sous-verre &amp; Trousse<\/strong><\/span><br \/>\nCentre : <strong>Stanislas<\/strong><br \/>\nConseiller : Anuj Koshla<\/p>\n<p>[\/vc_column_text][\/vc_column][vc_column width=&#8221;1\/6&#8243;][vc_single_image image=&#8221;2998&#8243; alignment=&#8221;center&#8221;][vc_column_text]<\/p>\n<p style=\"text-align: center;\">Entreprise : <span style=\"color: #0b8140;\"><em><strong>Klassik<\/strong><\/em><\/span><br \/>\nProduit : <span style=\"color: #00a0af; font-size: 16px;\"><strong>Bandeau<\/strong><\/span><br \/>\nCentre : <strong>Longueuil<\/strong><br \/>\nConseillers : Pascal Alarie, Elizabeth Levesque et Philippe Goudreault<\/p>\n<p>[\/vc_column_text][\/vc_column][vc_column width=&#8221;1\/6&#8243;][vc_single_image image=&#8221;3497&#8243; alignment=&#8221;center&#8221;][vc_column_text]<\/p>\n<p style=\"text-align: center;\">Entreprise : <span style=\"color: #0b8140;\"><em><strong>La Cabane \u00e0 Chocolat<\/strong><\/em><\/span><br \/>\nProduit : <span style=\"color: #00a0af; font-size: 16px;\"><strong>Chocolat<\/strong><\/span><br \/>\nCentre : <strong>\u00c9cole de la Cit\u00e9 &#8211; Qu\u00e9bec<\/strong><br \/>\nConseiller : Annick Lavoie<\/p>\n<p>[\/vc_column_text][\/vc_column][vc_column width=&#8221;1\/6&#8243;][vc_single_image image=&#8221;2997&#8243; alignment=&#8221;center&#8221;][vc_column_text]<\/p>\n<p style=\"text-align: center;\">Entreprise : <span style=\"color: #0b8140;\"><em><strong>LDX<\/strong><\/em><\/span><br \/>\nProduit : <span style=\"color: #00a0af; font-size: 16px;\"><strong>Verre<\/strong><\/span><br \/>\nCentre : <strong>Stanislas<\/strong><br \/>\nConseiller : Maral Elliott<\/p>\n<p>[\/vc_column_text][\/vc_column][vc_column width=&#8221;1\/6&#8243;][vc_single_image image=&#8221;2996&#8243; alignment=&#8221;center&#8221;][vc_column_text]<\/p>\n<p style=\"text-align: center;\">Entreprise : <span style=\"color: #0b8140;\"><em><strong>Logik<\/strong><\/em><\/span><br \/>\nProduit : <span style=\"color: #00a0af; font-size: 16px;\"><strong>Chandelle<\/strong><\/span><br \/>\nCentre : <strong>Laval<\/strong><br \/>\nConseiller : Jordan Madore<\/p>\n<p>[\/vc_column_text][\/vc_column][vc_column width=&#8221;1\/6&#8243;][vc_single_image image=&#8221;3009&#8243; alignment=&#8221;center&#8221;][vc_column_text]<\/p>\n<p style=\"text-align: center;\">Entreprise : <span style=\"color: #0b8140;\"><em><strong>Muso<\/strong><\/em><\/span><br \/>\nProduit : <span style=\"color: #00a0af; font-size: 16px;\"><strong>Bonnet<\/strong><\/span><br \/>\nCentre : <strong>C\u00f4te-des-Neiges<\/strong><br \/>\nConseiller : Ryan Hachem<\/p>\n<p>[\/vc_column_text][\/vc_column][\/vc_row][vc_row css=&#8221;.vc_custom_1511540552964{margin-top: 20px !important;margin-bottom: 40px !important;}&#8221;][vc_column width=&#8221;1\/6&#8243;][vc_single_image image=&#8221;3011&#8243; alignment=&#8221;center&#8221;][vc_column_text]<\/p>\n<p style=\"text-align: center;\">Entreprise : <span style=\"color: #0b8140;\"><em><strong>Naos<\/strong><\/em><\/span><br \/>\nProduit : <span style=\"color: #00a0af; font-size: 16px;\"><strong>Bijoux<\/strong><\/span><br \/>\nCentre : <strong>Ahuntsic<\/strong><br \/>\nConseillers : Samuel Michaud et Houda Ouraghi<\/p>\n<p>[\/vc_column_text][\/vc_column][vc_column width=&#8221;1\/6&#8243;][vc_single_image image=&#8221;3031&#8243; alignment=&#8221;center&#8221;][vc_column_text]<\/p>\n<p style=\"text-align: center;\">Entreprise : <span style=\"color: #0b8140;\"><em><strong>OBI<\/strong><\/em><\/span><br \/>\nProduit : <span style=\"color: #00a0af; font-size: 16px;\"><strong>Ceinture<\/strong><\/span><br \/>\nCentre : <strong>C\u00f4te-des-Neiges<\/strong><br \/>\nConseiller : Pierre-Dominique Ancel<\/p>\n<p>[\/vc_column_text][\/vc_column][vc_column width=&#8221;1\/6&#8243;][vc_single_image image=&#8221;3010&#8243; alignment=&#8221;center&#8221;][vc_column_text]<\/p>\n<p style=\"text-align: center;\">Entreprise : <span style=\"color: #0b8140;\"><em><strong>Oh Ch\u00e9rie!<\/strong><\/em><\/span><br \/>\nProduit : <span style=\"color: #00a0af; font-size: 16px;\"><strong>V\u00eatement recycl\u00e9<\/strong><\/span><br \/>\nCentre : <strong>Ahuntsic<\/strong><br \/>\nConseill\u00e8re : Maryline Benarrous<\/p>\n<p>[\/vc_column_text][\/vc_column][vc_column width=&#8221;1\/6&#8243;][vc_single_image image=&#8221;3027&#8243; alignment=&#8221;center&#8221;][vc_column_text]<\/p>\n<p style=\"text-align: center;\">Entreprise : <span style=\"color: #0b8140;\"><em><strong>Passe-&gt;Partout<\/strong><\/em><\/span><br \/>\nProduit : <span style=\"color: #00a0af; font-size: 16px;\"><strong>Sac banane<\/strong><\/span><br \/>\nCentre : <strong>C\u00f4te-des-Neiges<\/strong><br \/>\nConseiller : Philippe Tremblay<\/p>\n<p>[\/vc_column_text][\/vc_column][vc_column width=&#8221;1\/6&#8243;][vc_single_image image=&#8221;3498&#8243; alignment=&#8221;center&#8221;][vc_column_text]<\/p>\n<p style=\"text-align: center;\">Entreprise : <span style=\"color: #0b8140;\"><em><strong>Poch\u00f4<\/strong><\/em><\/span><br \/>\nProduit : <span style=\"color: #00a0af; font-size: 16px;\"><strong>Couverture \u00e0 capuchon<\/strong><\/span><br \/>\nCentre : <strong>S\u00e9minaire Saint-Fran\u00e7ois &#8211; Qu\u00e9bec<\/strong><br \/>\nConseillers : Francis Proulx, India Lefebvre et Cassandra Bui<\/p>\n<p>[\/vc_column_text][\/vc_column][vc_column width=&#8221;1\/6&#8243;][vc_single_image image=&#8221;3500&#8243; alignment=&#8221;center&#8221;][vc_column_text]<\/p>\n<p style=\"text-align: center;\">Entreprise : <span style=\"color: #0b8140;\"><em><strong>Pr\u00e9lude<\/strong><\/em><\/span><br \/>\nProduit : <span style=\"color: #00a0af; font-size: 16px;\"><strong>Sac r\u00e9utilisable<\/strong><\/span><br \/>\nCentre : <strong>C\u00f4te-des-Neiges<\/strong><br \/>\nConseill\u00e8re : Rossie Galarreta<\/p>\n<p>[\/vc_column_text][\/vc_column][\/vc_row][vc_row css=&#8221;.vc_custom_1511540552964{margin-top: 20px !important;margin-bottom: 40px !important;}&#8221;][vc_column width=&#8221;1\/6&#8243;][vc_single_image image=&#8221;2995&#8243; alignment=&#8221;center&#8221;][vc_column_text]<\/p>\n<p style=\"text-align: center;\">Entreprise : <span style=\"color: #0b8140;\"><em><strong>Quarante-Douze<\/strong><\/em><\/span><br \/>\nProduit : <span style=\"color: #00a0af; font-size: 16px;\"><strong>Bonnet<\/strong><\/span><br \/>\nCentre : <strong>Stanislas<\/strong><br \/>\nConseiller : Amin Zarour<\/p>\n<p>[\/vc_column_text][\/vc_column][vc_column width=&#8221;1\/6&#8243;][vc_single_image image=&#8221;3022&#8243; alignment=&#8221;center&#8221;][vc_column_text]<\/p>\n<p style=\"text-align: center;\">Entreprise : <span style=\"color: #0b8140;\"><em><strong>Roche, Papier, Ciseaux<\/strong><\/em><\/span><br \/>\nProduit : <span style=\"color: #00a0af; font-size: 16px;\"><strong>Cahier<\/strong><\/span><br \/>\nCentre : <strong>Atwater<\/strong><br \/>\nConseiller : Claude-Olivier Lachaine et France Jutras<\/p>\n<p>[\/vc_column_text][\/vc_column][vc_column width=&#8221;1\/6&#8243;][vc_single_image image=&#8221;3032&#8243; alignment=&#8221;center&#8221;][vc_column_text]<\/p>\n<p style=\"text-align: center;\">Entreprise : <span style=\"color: #0b8140;\"><em><strong>Sergent Pepper<\/strong><\/em><\/span><br \/>\nProduit : <span style=\"color: #00a0af; font-size: 16px;\"><strong>Noeud papillon<\/strong><\/span><br \/>\nCentre : <strong>C\u00f4te-des-Neiges<\/strong><br \/>\nConseillers : Carl-Vincent Landry-Duval et Robert Mendelson<\/p>\n<p>[\/vc_column_text][\/vc_column][vc_column width=&#8221;1\/6&#8243;][vc_single_image image=&#8221;3499&#8243; alignment=&#8221;center&#8221;][vc_column_text]<\/p>\n<p style=\"text-align: center;\">Entreprise : <span style=\"color: #0b8140;\"><em><strong>Stress<\/strong><\/em><\/span><br \/>\nProduit : <span style=\"color: #00a0af; font-size: 16px;\"><strong>Anti-stress<\/strong><\/span><br \/>\nCentre : <strong>C\u00f4te-des-Neiges<\/strong><br \/>\nConseillers : Sophie Gervais-Laurendeau et Karli Royere<\/p>\n<p>[\/vc_column_text][\/vc_column][vc_column width=&#8221;1\/6&#8243;][vc_single_image image=&#8221;3025&#8243; alignment=&#8221;center&#8221;][vc_column_text]<\/p>\n<p style=\"text-align: center;\">Entreprise : <span style=\"color: #0b8140;\"><em><strong>Unyk<\/strong><\/em><\/span><br \/>\nProduit : <span style=\"color: #00a0af; font-size: 16px;\"><strong>Porte-cl\u00e9s<\/strong><\/span><br \/>\nCentre : <strong>Ahuntsic<\/strong><br \/>\nConseiller : Elys\u00e9 Desinor<\/p>\n<p>[\/vc_column_text][\/vc_column][vc_column width=&#8221;1\/6&#8243;][vc_single_image image=&#8221;3029&#8243; alignment=&#8221;center&#8221;][vc_column_text]<\/p>\n<p style=\"text-align: center;\">Entreprise : <span style=\"color: #0b8140;\"><em><strong>XIX<\/strong><\/em><\/span><br \/>\nProduit : <span style=\"color: #00a0af; font-size: 16px;\"><strong>Pull kangourou<\/strong><\/span><br \/>\nCentre : <strong>Ahuntsic<\/strong><br \/>\nConseiller : Nickolas Dufresne<\/p>\n<p>[\/vc_column_text][\/vc_column][\/vc_row][vc_row css=&#8221;.vc_custom_1511540552964{margin-top: 20px !important;margin-bottom: 40px !important;}&#8221;][vc_column width=&#8221;1\/6&#8243;][vc_single_image image=&#8221;3034&#8243; alignment=&#8221;center&#8221;][vc_column_text]<\/p>\n<p style=\"text-align: center;\">Entreprise : <span style=\"color: #0b8140;\"><em><strong>Zatsw\u00ef<\/strong><\/em><\/span><br \/>\nProduit : <span style=\"color: #00a0af; font-size: 16px;\"><strong>Sac banane<\/strong><\/span><br \/>\nCentre : <strong>Stanislas<\/strong><br \/>\nConseill\u00e8re : Allison Harik<\/p>\n<p>[\/vc_column_text][\/vc_column][vc_column width=&#8221;1\/6&#8243;][vc_single_image image=&#8221;3013&#8243; alignment=&#8221;center&#8221;][vc_column_text]<\/p>\n<p style=\"text-align: center;\">Entreprise : <span style=\"color: #0b8140;\"><em><strong>Zek\u00f6<\/strong><\/em><\/span><br \/>\nProduit : <span style=\"color: #00a0af; font-size: 16px;\"><strong>Sac \u00e0 collation r\u00e9utilisable<\/strong><\/span><br \/>\nCentre : <strong>La Prairie<\/strong><br \/>\nConseillers : \u00c9ric Brosseau, Marc Antoine Dumais Lampron, Justin Nadeau, Lydia Pache-H\u00e9bert et Mathieu Proulx<\/p>\n<p>[\/vc_column_text][\/vc_column][vc_column width=&#8221;1\/6&#8243;][vc_single_image image=&#8221;2993&#8243; alignment=&#8221;center&#8221;][vc_column_text]<\/p>\n<p style=\"text-align: center;\">Entreprise : <span style=\"color: #0b8140;\"><em><strong>Zo\u00ef<\/strong><\/em><\/span><br \/>\nProduit : <span style=\"color: #00a0af; font-size: 16px;\"><strong>Porte-carte multifonctions<\/strong><\/span><br \/>\nCentre : <strong>Laval<\/strong><br \/>\nConseill\u00e8re : Ann Deschambault<\/p>\n<p>[\/vc_column_text][\/vc_column][vc_column width=&#8221;1\/6&#8243;][\/vc_column][vc_column width=&#8221;1\/6&#8243;][\/vc_column][vc_column width=&#8221;1\/6&#8243;][\/vc_column][\/vc_row][vc_row][vc_column]<div class='headline with-icon text-center '><i class='fa fa-trophy'><\/i><h3>Concours<\/h3><\/div>[\/vc_column][\/vc_row][vc_row full_width=&#8221;stretch_row&#8221; css=&#8221;.vc_custom_1556209178318{background-color: #94c23b !important;}&#8221;][vc_column][vc_single_image image=&#8221;3050&#8243; img_size=&#8221;full&#8221; alignment=&#8221;center&#8221;][\/vc_column][\/vc_row][vc_row][vc_column][vc_btn title=&#8221;D\u00e9couvrez les entreprises \u00e9tudiantes des ann\u00e9es pr\u00e9c\u00e9dentes&#8221; color=&#8221;green&#8221; align=&#8221;center&#8221; css_animation=&#8221;bounceIn&#8221; link=&#8221;url:https%3A%2F%2Fjaquebec.org%2Fjeunes%2Fprogramme-entreprise-etudiante%2F|||&#8221; el_class=&#8221;.bold&#8221; css=&#8221;.vc_custom_1660933439935{margin-top: 40px !important;}&#8221;][\/vc_column][\/vc_row][vc_row full_width=&#8221;stretch_row&#8221; parallax=&#8221;stellar&#8221; parallax_image=&#8221;7611&#8243; overlay_enable=&#8221;1&#8243; overlay_color=&#8221;#285f74&#8243; overlay_opacity=&#8221;0.6&#8243; css=&#8221;.vc_custom_1660849039556{padding-top: 150px !important;padding-bottom: 120px !important;}&#8221; berlin_font_color=&#8221;#ffffff&#8221;][vc_column width=&#8221;1\/4&#8243;][vc_btn title=&#8221;Donnez maintenant&#8221; style=&#8221;custom&#8221; custom_background=&#8221;#e3e24f&#8221; custom_text=&#8221;#22404d&#8221; size=&#8221;lg&#8221; align=&#8221;center&#8221; link=&#8221;url:https%3A%2F%2Fjaquebec.org%2Ffaire-un-don%2F|title:Donnez%20maintenant||&#8221; el_class=&#8221;.bold&#8221;][\/vc_column][vc_column width=&#8221;3\/4&#8243;][vc_column_text]<span style=\"color: #ffffff;\"><strong><span style=\"font-family: Montserrat; font-size: 22px;\">Merci d\u2019encourager JA Qu\u00e9bec! Votre don nous permet de continuer \u00e0 offrir nos programmes gratuitement<\/span><\/strong><\/span>[\/vc_column_text][\/vc_column][\/vc_row]<\/p>","protected":false},"excerpt":{"rendered":"<p>[vc_row full_width=&#8221;stretch_row_content&#8221; css=&#8221;.vc_custom_1660933677696{margin-top: -80px !important;}&#8221;][vc_column][vc_single_image image=&#8221;7632&#8243; img_size=&#8221;full&#8221; css=&#8221;.vc_custom_1660933557250{margin-top: -80px !important;}&#8221;][\/vc_column][\/vc_row][vc_row css=&#8221;.vc_custom_1660933423377{margin-bottom: 10px !important;}&#8221;][vc_column][vc_column_text css=&#8221;.vc_custom_1548989694687{margin-top: 20px !important;}&#8221;]Des jeunes du secondaire ont \u00e9t\u00e9 rassembl\u00e9s en \u00e9quipe pour former des entreprises \u00e9tudiantes. Pendant une dur\u00e9e d&#8217;environ 6 mois, ils vivent une exp\u00e9rience entrepreneuriale en partant de z\u00e9ro. D\u00e9couvrez les \u00e9quipes et les id\u00e9es cr\u00e9atives de la saison 2018-2019 [&hellip;]<\/p>\n","protected":false},"author":2,"featured_media":0,"parent":1703,"menu_order":0,"comment_status":"closed","ping_status":"closed","template":"","meta":{"_lmt_disableupdate":"","_lmt_disable":"","footnotes":""},"class_list":["post-4156","page","type-page","status-publish","hentry"],"_links":{"self":[{"href":"https:\/\/jaquebec.org\/fr\/wp-json\/wp\/v2\/pages\/4156","targetHints":{"allow":["GET"]}}],"collection":[{"href":"https:\/\/jaquebec.org\/fr\/wp-json\/wp\/v2\/pages"}],"about":[{"href":"https:\/\/jaquebec.org\/fr\/wp-json\/wp\/v2\/types\/page"}],"author":[{"embeddable":true,"href":"https:\/\/jaquebec.org\/fr\/wp-json\/wp\/v2\/users\/2"}],"replies":[{"embeddable":true,"href":"https:\/\/jaquebec.org\/fr\/wp-json\/wp\/v2\/comments?post=4156"}],"version-history":[{"count":12,"href":"https:\/\/jaquebec.org\/fr\/wp-json\/wp\/v2\/pages\/4156\/revisions"}],"predecessor-version":[{"id":7693,"href":"https:\/\/jaquebec.org\/fr\/wp-json\/wp\/v2\/pages\/4156\/revisions\/7693"}],"up":[{"embeddable":true,"href":"https:\/\/jaquebec.org\/fr\/wp-json\/wp\/v2\/pages\/1703"}],"wp:attachment":[{"href":"https:\/\/jaquebec.org\/fr\/wp-json\/wp\/v2\/media?parent=4156"}],"curies":[{"name":"wp","href":"https:\/\/api.w.org\/{rel}","templated":true}]}}