{"id":4909,"date":"2020-10-08T16:36:32","date_gmt":"2020-10-08T20:36:32","guid":{"rendered":"https:\/\/jaquebec.com\/?page_id=4909"},"modified":"2022-08-19T16:50:49","modified_gmt":"2022-08-19T20:50:49","slug":"carole-theot","status":"publish","type":"page","link":"https:\/\/jaquebec.org\/fr\/evenements\/midis-conferences-daffaires-2020\/carole-theot\/","title":{"rendered":"Carole Th\u00e9ot"},"content":{"rendered":"<p>[vc_row css=&#8221;.vc_custom_1660942245134{margin-top: -80px !important;}&#8221;][vc_column]<div class='headline with-icon text-center '><i class='fa fa-user'><\/i><h3>Carole Th\u00e9ot<\/h3><\/div>[vc_single_image image=&#8221;5128&#8243; img_size=&#8221;full&#8221; alignment=&#8221;center&#8221;][vc_empty_space height=&#8221;92px&#8221;][\/vc_column][\/vc_row][vc_row css=&#8221;.vc_custom_1612805212817{margin-bottom: 50px !important;}&#8221;][vc_column width=&#8221;1\/2&#8243;][vc_column_text]Consultante en ressources humaines, formatrice et coach professionnelle certifi\u00e9e au sein de son entreprise, CO-ETC. Coaching Inc., Carole Th\u00e9ot se passionne depuis 25 ans pour la mise en valeur des potentialit\u00e9s individuelles ainsi que pour le d\u00e9veloppement de l\u2019intelligence collective au sein des organisations.<\/p>\n<p>En ses qualit\u00e9s de consultante et gestionnaire, elle intervient en coaching individuel et d\u2019\u00e9quipe, en formation ainsi qu\u2019en \u00e9valuation psychom\u00e9trique. Sa pratique professionnelle l\u2019a amen\u00e9e \u00e0 soutenir le d\u00e9veloppement de plus de 1750 cadres et professionnels de tous secteurs, issus autant d\u2019entreprises industrielles, de soci\u00e9t\u00e9s de services que d\u2019organismes publiques.<\/p>\n<p>\u00c0 la fois intuitive et structur\u00e9e, elle se distingue pas sa capacit\u00e9 \u00e0 identifier et \u00e0 mobiliser les leviers de d\u00e9veloppement des personnes et des \u00e9quipes, ainsi que par son habilet\u00e9 \u00e0 les arrimer aux r\u00e9alit\u00e9s et objectifs de l\u2019organisation. Cr\u00e9ative et conceptrice, elle a implant\u00e9 des pratiques innovantes d\u2019accompagnement et am\u00e8ne ses clients \u00e0 devenir des porteurs de sens et de transformations dans leurs milieux.<\/p>\n<p>Titulaire d\u2019une ma\u00eetrise en administration et d\u2019un 3<sup>\u00e8me<\/sup> cycle en ressources humaines, elle est membre en r\u00e8gle de l\u2019Ordre des conseillers et conseill\u00e8res d\u2019orientation du Qu\u00e9bec, de l\u2019Ordre des conseillers en ressources humaines agr\u00e9\u00e9s et de la F\u00e9d\u00e9ration internationale des coachs. Elle intervient r\u00e9guli\u00e8rement en qualit\u00e9 de superviseure de coachs et mentor de professionnels en d\u00e9veloppement.[\/vc_column_text][\/vc_column][vc_column width=&#8221;1\/2&#8243;]<div class='headline with-icon text-center '><i class='fa fa-credit-card'><\/i><h3>Inscrivez-vous ici!<\/h3><\/div>[vc_column_text css=&#8221;.vc_custom_1612805374235{margin-top: 75px !important;}&#8221;]<\/p>\n<h3 style=\"text-align: center;\">\u00c9v\u00e9nement termin\u00e9<\/h3>\n<p>[\/vc_column_text][vc_column_text css=&#8221;.vc_custom_1612805394461{margin-top: 45px !important;}&#8221;]<\/p>\n<h3 style=\"text-align: center;\">Il n&#8217;est \u00e0 pr\u00e9sent<br \/>\nplus possible de s&#8217;inscrire<\/h3>\n<p>[\/vc_column_text][\/vc_column][\/vc_row]<\/p>","protected":false},"excerpt":{"rendered":"<p>[vc_row css=&#8221;.vc_custom_1660942245134{margin-top: -80px !important;}&#8221;][vc_column][vc_single_image image=&#8221;5128&#8243; img_size=&#8221;full&#8221; alignment=&#8221;center&#8221;][vc_empty_space height=&#8221;92px&#8221;][\/vc_column][\/vc_row][vc_row css=&#8221;.vc_custom_1612805212817{margin-bottom: 50px !important;}&#8221;][vc_column width=&#8221;1\/2&#8243;][vc_column_text]Consultante en ressources humaines, formatrice et coach professionnelle certifi\u00e9e au sein de son entreprise, CO-ETC. Coaching Inc., Carole Th\u00e9ot se passionne depuis 25 ans pour la mise en valeur des potentialit\u00e9s individuelles ainsi que pour le d\u00e9veloppement de l\u2019intelligence collective au sein des organisations. [&hellip;]<\/p>\n","protected":false},"author":2,"featured_media":0,"parent":4952,"menu_order":0,"comment_status":"closed","ping_status":"closed","template":"","meta":{"_lmt_disableupdate":"","_lmt_disable":"","footnotes":""},"class_list":["post-4909","page","type-page","status-publish","hentry"],"_links":{"self":[{"href":"https:\/\/jaquebec.org\/fr\/wp-json\/wp\/v2\/pages\/4909","targetHints":{"allow":["GET"]}}],"collection":[{"href":"https:\/\/jaquebec.org\/fr\/wp-json\/wp\/v2\/pages"}],"about":[{"href":"https:\/\/jaquebec.org\/fr\/wp-json\/wp\/v2\/types\/page"}],"author":[{"embeddable":true,"href":"https:\/\/jaquebec.org\/fr\/wp-json\/wp\/v2\/users\/2"}],"replies":[{"embeddable":true,"href":"https:\/\/jaquebec.org\/fr\/wp-json\/wp\/v2\/comments?post=4909"}],"version-history":[{"count":22,"href":"https:\/\/jaquebec.org\/fr\/wp-json\/wp\/v2\/pages\/4909\/revisions"}],"predecessor-version":[{"id":7791,"href":"https:\/\/jaquebec.org\/fr\/wp-json\/wp\/v2\/pages\/4909\/revisions\/7791"}],"up":[{"embeddable":true,"href":"https:\/\/jaquebec.org\/fr\/wp-json\/wp\/v2\/pages\/4952"}],"wp:attachment":[{"href":"https:\/\/jaquebec.org\/fr\/wp-json\/wp\/v2\/media?parent=4909"}],"curies":[{"name":"wp","href":"https:\/\/api.w.org\/{rel}","templated":true}]}}