{"id":591,"date":"2017-10-25T17:02:05","date_gmt":"2017-10-25T15:02:05","guid":{"rendered":"https:\/\/jaquebec.com\/?page_id=591"},"modified":"2026-03-12T14:19:35","modified_gmt":"2026-03-12T18:19:35","slug":"conseil-dadministration","status":"publish","type":"page","link":"https:\/\/jaquebec.org\/fr\/quisommesnous\/conseil-dadministration\/","title":{"rendered":"Conseil d&#8217;administration"},"content":{"rendered":"<p>[vc_row full_width=&#8221;stretch_row_content&#8221; css=&#8221;.vc_custom_1660934649973{margin-top: -80px !important;}&#8221;][vc_column][vc_single_image image=&#8221;7630&#8243; img_size=&#8221;full&#8221;][\/vc_column][\/vc_row][vc_row css=&#8221;.vc_custom_1660939512143{margin-top: 20px !important;}&#8221;][vc_column]<div class='headline with-icon text-center '><i class='berlin-icon-male'><\/i><h3>Conseil d\u2019administration<\/h3><\/div>[\/vc_column][\/vc_row][vc_row css=&#8221;.vc_custom_1508948466260{padding-top: 50px !important;padding-bottom: 50px !important;}&#8221;][vc_column][vc_text_separator title=&#8221;OFFICIERS&#8221;][\/vc_column][\/vc_row][vc_row][vc_column width=&#8221;1\/2&#8243;][vc_single_image image=&#8221;13541&#8243; alignment=&#8221;center&#8221; css=&#8221;.vc_custom_1772038795690{margin-bottom: 10px !important;}&#8221;][vc_column_text]<\/p>\n<p style=\"text-align: center;\"><span style=\"color: #0b8140;\"><em><strong>Pr\u00e9sident<br \/>\n<\/strong><\/em><\/span><span style=\"color: #00a0af; font-size: 16px;\"><strong>Andr\u00e9 de Maurivez<\/strong><\/span><br \/>\n<span style=\"color: #000000;\">Chef des affaires juridique (Canada)<\/span><br \/>\n<span style=\"color: #000000;\"><strong>Cr\u00e9dit agricole CIB<\/strong><\/span><br \/>\n<a href=\"https:\/\/www.linkedin.com\/in\/andr%C3%A9-de-maurivez-a48609\/\" target=\"_blank\" rel=\"noopener noreferrer\"><img loading=\"lazy\" decoding=\"async\" class=\"alignnone\" src=\"https:\/\/jaquebec.org\/wp-content\/uploads\/2021\/03\/LinkedIn.jpg\" alt=\"Profil LinkedIn\" width=\"50\" height=\"39\" \/><\/a><\/p>\n<p>[\/vc_column_text][vc_empty_space height=&#8221;5px&#8221;][vc_empty_space height=&#8221;27px&#8221;][vc_single_image image=&#8221;8073&#8243; alignment=&#8221;center&#8221; css=&#8221;.vc_custom_1721827749691{margin-top: 40px !important;margin-bottom: 10px !important;}&#8221;][vc_column_text]<\/p>\n<p style=\"text-align: center;\"><span style=\"color: #0b8140;\"><strong><em>Secr\u00e9taire<\/em><br \/>\n<span style=\"color: #00a0af; font-size: 16px;\">William J. Lawless<\/span><br \/>\n<\/strong><span style=\"color: #000000;\">Avocat<\/span><br \/>\n<strong><span style=\"color: #000000;\">Stein Monast\u00a0\u00a0s.e.n.c.r.l.<\/span><\/strong><\/span><br \/>\n<span style=\"color: #0b8140;\"><em><strong><a href=\"https:\/\/www.linkedin.com\/in\/wjlawless\/\" target=\"_blank\" rel=\"noopener noreferrer\"><img loading=\"lazy\" decoding=\"async\" class=\"alignnone\" src=\"https:\/\/jaquebec.org\/wp-content\/uploads\/2021\/03\/LinkedIn.jpg\" alt=\"Profil LinkedIn\" width=\"50\" height=\"39\" \/><\/a><br \/>\n<\/strong><\/em><\/span><\/p>\n<p>[\/vc_column_text][\/vc_column][vc_column width=&#8221;1\/2&#8243;][vc_single_image image=&#8221;7480&#8243; alignment=&#8221;center&#8221; css=&#8221;.vc_custom_1654720300581{margin-bottom: 10px !important;}&#8221;][vc_column_text]<\/p>\n<p style=\"text-align: center;\"><span style=\"color: #0b8140;\"><em><strong>Vice-pr\u00e9sident<br \/>\n<\/strong><\/em><\/span><span style=\"color: #00a0af; font-size: 16px;\"><strong>Jean-S\u00e9bastien Lemieux<\/strong><\/span><br \/>\n<span style=\"color: #000000;\">Pr\u00e9sident<\/span><br \/>\n<span style=\"color: #000000;\"><strong>Banque Nationale Gestion Priv\u00e9e 1859<\/strong><\/span><br \/>\n<a href=\"https:\/\/www.linkedin.com\/in\/jean-s%C3%A9bastien-lemieux\/\" target=\"_blank\" rel=\"noopener noreferrer\"><img loading=\"lazy\" decoding=\"async\" class=\"alignnone\" src=\"https:\/\/jaquebec.org\/wp-content\/uploads\/2021\/03\/LinkedIn.jpg\" alt=\"Profil LinkedIn\" width=\"50\" height=\"39\" \/><\/a><\/p>\n<p>[\/vc_column_text][vc_empty_space height=&#8221;70px&#8221;][vc_single_image image=&#8221;13021&#8243; alignment=&#8221;center&#8221; css=&#8221;.vc_custom_1742400964022{margin-bottom: 10px !important;}&#8221;][vc_column_text]<\/p>\n<p style=\"text-align: center;\"><span style=\"color: #0b8140;\"><em><strong>Tr\u00e9sorier<br \/>\n<\/strong><\/em><\/span><span style=\"color: #00a0af; font-size: 16px;\"><strong>Piotr Rajca<\/strong><\/span><br \/>\n<span style=\"color: #000000;\">Analyste en investissements<\/span><br \/>\n<span style=\"color: #000000;\"><strong>Financi\u00e8re Banque Nationale, Groupe Vo-Dignard Provost<\/strong><\/span><br \/>\n<a href=\"https:\/\/www.linkedin.com\/in\/piotrrajca\/\" target=\"_blank\" rel=\"noopener noreferrer\"><img loading=\"lazy\" decoding=\"async\" class=\"alignnone\" src=\"https:\/\/jaquebec.org\/wp-content\/uploads\/2021\/03\/LinkedIn.jpg\" alt=\"Profil LinkedIn\" width=\"50\" height=\"39\" \/><\/a><\/p>\n<p>[\/vc_column_text][\/vc_column][\/vc_row][vc_row css=&#8221;.vc_custom_1508948466260{padding-top: 50px !important;padding-bottom: 50px !important;}&#8221;][vc_column][vc_text_separator title=&#8221;ADMINISTRATEURS&#8221;][\/vc_column][\/vc_row][vc_row css=&#8221;.vc_custom_1511540552964{margin-top: 20px !important;margin-bottom: 40px !important;}&#8221;][vc_column width=&#8221;1\/3&#8243;][vc_single_image image=&#8221;13020&#8243; alignment=&#8221;center&#8221; css=&#8221;.vc_custom_1742400615046{margin-bottom: 10px !important;}&#8221;][vc_column_text]<\/p>\n<p style=\"text-align: center;\"><span style=\"color: #0b8140;\"><strong><em>Administrateur<\/em><br \/>\n<span style=\"color: #00a0af; font-size: 16px;\">Scott Booth<\/span><br \/>\n<\/strong><span style=\"color: #000000;\">Gestionnaire principal<\/span><br \/>\n<strong><span style=\"color: #000000;\"><b>Deloitte<\/b><\/span><\/strong><em><strong><br \/>\n<a href=\"https:\/\/www.linkedin.com\/in\/scott-booth-cpa-ca-a9268b1a\/\" target=\"_blank\" rel=\"noopener noreferrer\"><img decoding=\"async\" src=\"https:\/\/jaquebec.org\/wp-content\/uploads\/2021\/03\/LinkedIn.jpg\" alt=\"Profil LinkedIn\" \/><\/a><\/strong><\/em><\/span><\/p>\n<p>[\/vc_column_text][\/vc_column][vc_column width=&#8221;1\/3&#8243;][vc_single_image image=&#8221;13497&#8243; alignment=&#8221;center&#8221; css=&#8221;.vc_custom_1762176307182{margin-bottom: 10px !important;}&#8221;][vc_column_text]<\/p>\n<p style=\"text-align: center;\"><span style=\"color: #0b8140;\"><em><strong>Administrateur<br \/>\n<\/strong><\/em><\/span><span style=\"color: #00a0af; font-size: 16px;\"><strong>Michael Cyr<\/strong><\/span><br \/>\n<span style=\"color: #000000;\">Directeur de secteur Qu\u00e9bec<\/span><br \/>\n<span style=\"color: #000000;\">Chef des investissements<\/span><br \/>\n<span style=\"color: #000000;\"><strong>Financi\u00e8re Fairstone<\/strong><\/span><br \/>\n<a href=\"https:\/\/www.linkedin.com\/in\/michael-cyr-a86968a8\/\" target=\"_blank\" rel=\"noopener noreferrer\"><img decoding=\"async\" src=\"https:\/\/jaquebec.org\/wp-content\/uploads\/2021\/03\/LinkedIn.jpg\" alt=\"Profil LinkedIn\" \/><\/a><\/p>\n<p>[\/vc_column_text][\/vc_column][vc_column width=&#8221;1\/3&#8243;][vc_single_image image=&#8221;9817&#8243; alignment=&#8221;center&#8221; css=&#8221;.vc_custom_1688505320748{margin-bottom: 10px !important;}&#8221;][vc_column_text]<\/p>\n<p style=\"text-align: center;\"><span style=\"color: #0b8140;\"><em><strong>Administrateur<br \/>\n<\/strong><\/em><\/span><span style=\"color: #00a0af; font-size: 16px;\"><strong>Pierre Czyzowicz<\/strong><\/span><br \/>\n<span style=\"color: #000000;\">Vice-pr\u00e9sident<\/span><br \/>\n<span style=\"color: #000000;\">Chef des investissements<\/span><br \/>\n<span style=\"color: #000000;\"><strong>Coaching financier TREK<\/strong><\/span><br \/>\n<a href=\"https:\/\/www.linkedin.com\/in\/pierre-czyzowicz-8ababa33\/\" target=\"_blank\" rel=\"noopener noreferrer\"><img decoding=\"async\" src=\"https:\/\/jaquebec.org\/wp-content\/uploads\/2021\/03\/LinkedIn.jpg\" alt=\"Profil LinkedIn\" \/><\/a><\/p>\n<p>[\/vc_column_text][\/vc_column][\/vc_row][vc_row css=&#8221;.vc_custom_1511540552964{margin-top: 20px !important;margin-bottom: 40px !important;}&#8221;][vc_column width=&#8221;1\/3&#8243;][vc_single_image image=&#8221;11298&#8243; alignment=&#8221;center&#8221; css=&#8221;.vc_custom_1705941638623{margin-bottom: 10px !important;}&#8221;][vc_column_text]<\/p>\n<p style=\"text-align: center;\"><span style=\"color: #0b8140;\"><em><strong>Administratrice<br \/>\n<\/strong><\/em><\/span><span style=\"color: #00a0af; font-size: 16px;\"><strong>Jacinthe Figueredo<\/strong><\/span><br \/>\n<span style=\"color: #000000;\">Pr\u00e9sidente et cheffe de la direction<\/span><br \/>\n<span style=\"color: #000000;\"><strong>JA Qu\u00e9bec<\/strong><\/span><br \/>\n<a href=\"https:\/\/www.linkedin.com\/in\/jacinthe-figueredo-573824a\/\" target=\"_blank\" rel=\"noopener noreferrer\"><img decoding=\"async\" src=\"https:\/\/jaquebec.org\/wp-content\/uploads\/2021\/03\/LinkedIn.jpg\" alt=\"Profil LinkedIn\" \/><\/a><\/p>\n<p>[\/vc_column_text][\/vc_column][vc_column width=&#8221;1\/3&#8243;][vc_single_image image=&#8221;13540&#8243; alignment=&#8221;center&#8221; css=&#8221;.vc_custom_1772038756250{margin-bottom: 10px !important;}&#8221;][vc_column_text]<\/p>\n<p style=\"text-align: center;\"><span style=\"color: #0b8140;\"><em><strong>Administratrice<br \/>\n<\/strong><\/em><\/span><strong><span style=\"color: #00a0af; font-size: 16px;\">Andrea Fonseca<\/span><\/strong><br \/>\n<span style=\"color: #000000;\">Directrice principale Nationale, d\u00e9veloppement des affaires au programme assurance groupe<\/span><br \/>\n<span style=\"color: #000000;\"><strong>Intact Assurance<\/strong><\/span><br \/>\n<a href=\"https:\/\/www.linkedin.com\/in\/fonsecaandrea\/\" target=\"_blank\" rel=\"noopener noreferrer\"><img loading=\"lazy\" decoding=\"async\" class=\"alignnone\" src=\"https:\/\/jaquebec.org\/wp-content\/uploads\/2021\/03\/LinkedIn.jpg\" alt=\"Profil LinkedIn\" width=\"50\" height=\"39\" \/><\/a><\/p>\n<p>[\/vc_column_text][\/vc_column][vc_column width=&#8221;1\/3&#8243;][vc_single_image image=&#8221;2771&#8243; alignment=&#8221;center&#8221; css=&#8221;.vc_custom_1562178478868{margin-bottom: 10px !important;}&#8221;][vc_column_text]<\/p>\n<p style=\"text-align: center;\"><span style=\"color: #0b8140;\"><em><strong>Administrateur<br \/>\n<\/strong><\/em><\/span><span style=\"color: #00a0af; font-size: 16px;\"><strong>Jean-Philippe Guillemette<\/strong><\/span><br \/>\n<span style=\"color: #000000;\">Producteur \/ Entrepreneur<\/span><br \/>\n<span style=\"color: #000000;\"><strong>Unit\u00e9 Treize<\/strong><\/span><br \/>\n<a href=\"https:\/\/www.linkedin.com\/in\/jpguillemetteproductionvideo\/\" target=\"_blank\" rel=\"noopener noreferrer\"><img decoding=\"async\" src=\"https:\/\/jaquebec.org\/wp-content\/uploads\/2021\/03\/LinkedIn.jpg\" alt=\"Profil LinkedIn\" \/><\/a><\/p>\n<p>[\/vc_column_text][\/vc_column][\/vc_row][vc_row css=&#8221;.vc_custom_1511540552964{margin-top: 20px !important;margin-bottom: 40px !important;}&#8221;][vc_column width=&#8221;1\/3&#8243;][vc_single_image image=&#8221;5259&#8243; alignment=&#8221;center&#8221; css=&#8221;.vc_custom_1604458615267{margin-bottom: 10px !important;}&#8221;][vc_column_text]<\/p>\n<p style=\"text-align: center;\"><span style=\"color: #0b8140;\"><em><strong>Administrateur<br \/>\n<\/strong><\/em><\/span><span style=\"color: #00a0af; font-size: 16px;\"><strong>Frantz-Michel Leroy<\/strong><\/span><br \/>\n<span style=\"color: #000000;\">Gestionnaire, Recouvrement et Gestion des D\u00e9fauts<\/span><br \/>\n<span style=\"color: #000000;\"><strong>Nesto<\/strong><\/span><br \/>\n<a href=\"https:\/\/www.linkedin.com\/in\/frantz-michel-leroy-35a95b14\/\" target=\"_blank\" rel=\"noopener noreferrer\"><img decoding=\"async\" src=\"https:\/\/jaquebec.org\/wp-content\/uploads\/2021\/03\/LinkedIn.jpg\" alt=\"Profil LinkedIn\" \/><\/a><\/p>\n<p>[\/vc_column_text][\/vc_column][vc_column width=&#8221;1\/3&#8243;][vc_single_image image=&#8221;13542&#8243; alignment=&#8221;center&#8221; css=&#8221;.vc_custom_1772039112650{margin-bottom: 10px !important;}&#8221;][vc_column_text]<\/p>\n<p style=\"text-align: center;\"><span style=\"color: #0b8140;\"><em><strong>Administratrice<br \/>\n<\/strong><\/em><\/span><span style=\"color: #00a0af; font-size: 16px;\"><strong>Kabrina P\u00e9ron<\/strong><\/span><br \/>\n<span style=\"color: #000000;\">Avocate<\/span><br \/>\n<span style=\"color: #000000;\"><strong>Borden Ladner Gervais<\/strong><\/span><br \/>\n<a href=\"https:\/\/www.linkedin.com\/in\/kabrina-p%C3%A9ron-mba-a9212614a\/\" target=\"_blank\" rel=\"noopener noreferrer\"><img loading=\"lazy\" decoding=\"async\" class=\"alignnone\" src=\"https:\/\/jaquebec.org\/wp-content\/uploads\/2021\/03\/LinkedIn.jpg\" alt=\"Profil LinkedIn\" width=\"50\" height=\"39\" \/><\/a><\/p>\n<p>[\/vc_column_text][\/vc_column][vc_column width=&#8221;1\/3&#8243;][\/vc_column][\/vc_row][vc_row css=&#8221;.vc_custom_1511540552964{margin-top: 20px !important;margin-bottom: 40px !important;}&#8221;][vc_column width=&#8221;1\/3&#8243;][\/vc_column][vc_column width=&#8221;1\/3&#8243;][\/vc_column][\/vc_row][vc_row full_width=&#8221;stretch_row&#8221; parallax=&#8221;stellar&#8221; parallax_image=&#8221;7611&#8243; overlay_enable=&#8221;1&#8243; overlay_color=&#8221;#285f74&#8243; overlay_opacity=&#8221;0.6&#8243; css=&#8221;.vc_custom_1660849039556{padding-top: 150px !important;padding-bottom: 120px !important;}&#8221; berlin_font_color=&#8221;#ffffff&#8221;][vc_column width=&#8221;1\/4&#8243;][vc_btn title=&#8221;Donnez maintenant&#8221; style=&#8221;custom&#8221; custom_background=&#8221;#e3e24f&#8221; custom_text=&#8221;#22404d&#8221; size=&#8221;lg&#8221; align=&#8221;center&#8221; link=&#8221;url:https%3A%2F%2Fjaquebec.org%2Ffaire-un-don%2F|title:Donnez%20maintenant||&#8221; el_class=&#8221;.bold&#8221;][\/vc_column][vc_column width=&#8221;3\/4&#8243;][vc_column_text]<span style=\"color: #ffffff;\"><strong><span style=\"font-family: Montserrat; font-size: 22px;\">Merci d\u2019encourager JA Qu\u00e9bec! Votre don nous permet de continuer \u00e0 offrir nos programmes gratuitement<\/span><\/strong><\/span>[\/vc_column_text][\/vc_column][\/vc_row]<\/p>","protected":false},"excerpt":{"rendered":"<p>[vc_row full_width=&#8221;stretch_row_content&#8221; css=&#8221;.vc_custom_1660934649973{margin-top: -80px !important;}&#8221;][vc_column][vc_single_image image=&#8221;7630&#8243; img_size=&#8221;full&#8221;][\/vc_column][\/vc_row][vc_row css=&#8221;.vc_custom_1660939512143{margin-top: 20px !important;}&#8221;][vc_column][\/vc_column][\/vc_row][vc_row css=&#8221;.vc_custom_1508948466260{padding-top: 50px !important;padding-bottom: 50px !important;}&#8221;][vc_column][vc_text_separator title=&#8221;OFFICIERS&#8221;][\/vc_column][\/vc_row][vc_row][vc_column width=&#8221;1\/2&#8243;][vc_single_image image=&#8221;13541&#8243; alignment=&#8221;center&#8221; css=&#8221;.vc_custom_1772038795690{margin-bottom: 10px !important;}&#8221;][vc_column_text] Pr\u00e9sident Andr\u00e9 de Maurivez Chef des affaires juridique (Canada) Cr\u00e9dit agricole CIB [\/vc_column_text][vc_empty_space height=&#8221;5px&#8221;][vc_empty_space height=&#8221;27px&#8221;][vc_single_image image=&#8221;8073&#8243; alignment=&#8221;center&#8221; css=&#8221;.vc_custom_1721827749691{margin-top: 40px !important;margin-bottom: 10px !important;}&#8221;][vc_column_text] Secr\u00e9taire William J. Lawless Avocat Stein Monast\u00a0\u00a0s.e.n.c.r.l. [\/vc_column_text][\/vc_column][vc_column width=&#8221;1\/2&#8243;][vc_single_image image=&#8221;7480&#8243; alignment=&#8221;center&#8221; [&hellip;]<\/p>\n","protected":false},"author":2,"featured_media":0,"parent":114,"menu_order":0,"comment_status":"closed","ping_status":"closed","template":"","meta":{"_lmt_disableupdate":"no","_lmt_disable":"","footnotes":""},"class_list":["post-591","page","type-page","status-publish","hentry"],"_links":{"self":[{"href":"https:\/\/jaquebec.org\/fr\/wp-json\/wp\/v2\/pages\/591","targetHints":{"allow":["GET"]}}],"collection":[{"href":"https:\/\/jaquebec.org\/fr\/wp-json\/wp\/v2\/pages"}],"about":[{"href":"https:\/\/jaquebec.org\/fr\/wp-json\/wp\/v2\/types\/page"}],"author":[{"embeddable":true,"href":"https:\/\/jaquebec.org\/fr\/wp-json\/wp\/v2\/users\/2"}],"replies":[{"embeddable":true,"href":"https:\/\/jaquebec.org\/fr\/wp-json\/wp\/v2\/comments?post=591"}],"version-history":[{"count":144,"href":"https:\/\/jaquebec.org\/fr\/wp-json\/wp\/v2\/pages\/591\/revisions"}],"predecessor-version":[{"id":13557,"href":"https:\/\/jaquebec.org\/fr\/wp-json\/wp\/v2\/pages\/591\/revisions\/13557"}],"up":[{"embeddable":true,"href":"https:\/\/jaquebec.org\/fr\/wp-json\/wp\/v2\/pages\/114"}],"wp:attachment":[{"href":"https:\/\/jaquebec.org\/fr\/wp-json\/wp\/v2\/media?parent=591"}],"curies":[{"name":"wp","href":"https:\/\/api.w.org\/{rel}","templated":true}]}}