{"id":692,"date":"2017-10-25T20:58:22","date_gmt":"2017-10-25T18:58:22","guid":{"rendered":"https:\/\/jaquebec.com\/?page_id=692"},"modified":"2022-08-19T16:55:38","modified_gmt":"2022-08-19T20:55:38","slug":"presentations-en-entreprise","status":"publish","type":"page","link":"https:\/\/jaquebec.org\/fr\/evenements\/presentations-en-entreprise\/","title":{"rendered":"Pr\u00e9sentations en entreprise"},"content":{"rendered":"<p>[vc_row full_width=&#8221;stretch_row_content&#8221; css=&#8221;.vc_custom_1660942393371{margin-top: -80px !important;}&#8221;][vc_column][vc_single_image image=&#8221;7630&#8243; img_size=&#8221;full&#8221;][\/vc_column][\/vc_row][vc_row css=&#8221;.vc_custom_1660942472795{margin-top: 20px !important;}&#8221;][vc_column]<div class='headline with-icon text-center '><i class='berlin-icon-calendar2'><\/i><h3>PR\u00c9SENTATIONS EN ENTREPRISE<\/h3><\/div>[\/vc_column][\/vc_row][vc_row css=&#8221;.vc_custom_1508955912900{margin-top: 20px !important;}&#8221;][vc_column][vc_column_text]Les pr\u00e9sentations en entreprises offrent \u00e0 nos jeunes entrepreneurs du <a href=\"https:\/\/jaquebec.org\/programmes\/programme-entreprise-etudiante\/\">programme EE<\/a>, le plaisir et le prestige d\u2019\u00eatre re\u00e7us officiellement par une entreprise d\u2019envergure (PME ou Multinationale). Cet \u00e9v\u00e8nement permet \u00e0 nos b\u00e9n\u00e9voles \u2013 conseillers, cadres des soci\u00e9t\u00e9s-conseils au programme EE &#8211; de prendre conscience de l\u2019ampleur du programme dans lequel ils \u0153uvrent, et de leur impact positif sur le d\u00e9veloppement des jeunes. Il permet aux \u00e9tudiants de vivre une exp\u00e9rience d\u2019entrevue devant un public de professionnels.<\/p>\n<h4>BUTS VIS\u00c9S<\/h4>\n<ul>\n<li>Offrir aux entrepreneurs le plaisir et\/ou le prestige d\u2019\u00eatre re\u00e7us, officiellement par une entreprise d\u2019envergure peu importe sa taille (PME ou Multinationale).<\/li>\n<li>Promouvoir les JA Qu\u00e9bec au sein de votre entreprise.<\/li>\n<li>Permettre aux personnes-cadres des soci\u00e9t\u00e9s-conseils de prendre conscience de l\u2019ampleur du programme dans lequel vous \u0153uvrez.<\/li>\n<\/ul>\n<h4>FORMAT SOUHAIT\u00c9<\/h4>\n<p>Utilisation d\u2019un local de votre entreprise; salle de conf\u00e9rence, de r\u00e9union, bureau d\u2019un ex\u00e9cutif, etc. Les entrepreneurs doivent faire une pr\u00e9sentation de leur entreprise avec un support visuel du type PowerPoint, ou simplement qu\u2019ils pr\u00e9sentent des exemples de produits, des graphiques de vente, de production ou autres informations pertinentes. La pr\u00e9sentation du certificat est faite par un(e) haut(e)-dirigeant(e) de la soci\u00e9t\u00e9 h\u00f4te qui au pr\u00e9alable aura pr\u00e9sent\u00e9 son entreprise.<\/p>\n<h4>QUAND?<\/h4>\n<p>En fin de journ\u00e9e, pr\u00e9f\u00e9rablement durant le mois de janvier, f\u00e9vrier et mars, car apr\u00e8s la fermeture de la 2e p\u00e9riode, les entrepreneurs en auront plus \u00e0 raconter et surtout avec plus d\u2019assurance. Les lundis ou jeudi si possible pour ne pas couper les soir\u00e9es d\u2019activit\u00e9s de l\u2019entreprise \u00e9tudiante.<\/p>\n<h4>DUR\u00c9E \u00c0 PR\u00c9VOIR<\/h4>\n<p>De 60 \u00e0 90 minutes (d\u00e9pendant du nombre de EE invit\u00e9).<\/p>\n<h4>GALERIE DE PHOTOS<\/h4>\n<p>D\u00e9couvrez les photos des pr\u00e9sentations en entreprise qui se sont d\u00e9roul\u00e9es pour <a href=\"https:\/\/jaquebec.org\/evenements\/presentations-en-entreprise\/presentation-en-entreprise-2017-2018\/\">la session 2017-2018<\/a>.[\/vc_column_text][\/vc_column][\/vc_row][vc_row full_width=&#8221;stretch_row_content&#8221; css=&#8221;.vc_custom_1508957102126{margin-top: 20px !important;margin-bottom: 20px !important;}&#8221;][vc_column][vc_single_image image=&#8221;1566&#8243; img_size=&#8221;large&#8221; alignment=&#8221;center&#8221;][\/vc_column][\/vc_row][vc_row full_width=&#8221;stretch_row&#8221; parallax=&#8221;stellar&#8221; parallax_image=&#8221;7611&#8243; overlay_enable=&#8221;1&#8243; overlay_color=&#8221;#285f74&#8243; overlay_opacity=&#8221;0.6&#8243; css=&#8221;.vc_custom_1660849039556{padding-top: 150px !important;padding-bottom: 120px !important;}&#8221; berlin_font_color=&#8221;#ffffff&#8221;][vc_column width=&#8221;1\/4&#8243;][vc_btn title=&#8221;Donnez maintenant&#8221; style=&#8221;custom&#8221; custom_background=&#8221;#e3e24f&#8221; custom_text=&#8221;#22404d&#8221; size=&#8221;lg&#8221; align=&#8221;center&#8221; link=&#8221;url:https%3A%2F%2Fjaquebec.org%2Ffaire-un-don%2F|title:Donnez%20maintenant||&#8221; el_class=&#8221;.bold&#8221;][\/vc_column][vc_column width=&#8221;3\/4&#8243;][vc_column_text]<strong><span style=\"font-family: Montserrat; font-size: 22px;\">Merci d\u2019encourager JA Qu\u00e9bec! Votre don nous permet de continuer \u00e0 offrir nos programmes gratuitement<\/span><\/strong>[\/vc_column_text][\/vc_column][\/vc_row]<\/p>","protected":false},"excerpt":{"rendered":"<p>[vc_row full_width=&#8221;stretch_row_content&#8221; css=&#8221;.vc_custom_1660942393371{margin-top: -80px !important;}&#8221;][vc_column][vc_single_image image=&#8221;7630&#8243; img_size=&#8221;full&#8221;][\/vc_column][\/vc_row][vc_row css=&#8221;.vc_custom_1660942472795{margin-top: 20px !important;}&#8221;][vc_column][\/vc_column][\/vc_row][vc_row css=&#8221;.vc_custom_1508955912900{margin-top: 20px !important;}&#8221;][vc_column][vc_column_text]Les pr\u00e9sentations en entreprises offrent \u00e0 nos jeunes entrepreneurs du programme EE, le plaisir et le prestige d\u2019\u00eatre re\u00e7us officiellement par une entreprise d\u2019envergure (PME ou Multinationale). Cet \u00e9v\u00e8nement permet \u00e0 nos b\u00e9n\u00e9voles \u2013 conseillers, cadres des soci\u00e9t\u00e9s-conseils au programme EE &#8211; de [&hellip;]<\/p>\n","protected":false},"author":2,"featured_media":0,"parent":816,"menu_order":0,"comment_status":"closed","ping_status":"closed","template":"","meta":{"_lmt_disableupdate":"","_lmt_disable":"","footnotes":""},"class_list":["post-692","page","type-page","status-publish","hentry"],"_links":{"self":[{"href":"https:\/\/jaquebec.org\/fr\/wp-json\/wp\/v2\/pages\/692","targetHints":{"allow":["GET"]}}],"collection":[{"href":"https:\/\/jaquebec.org\/fr\/wp-json\/wp\/v2\/pages"}],"about":[{"href":"https:\/\/jaquebec.org\/fr\/wp-json\/wp\/v2\/types\/page"}],"author":[{"embeddable":true,"href":"https:\/\/jaquebec.org\/fr\/wp-json\/wp\/v2\/users\/2"}],"replies":[{"embeddable":true,"href":"https:\/\/jaquebec.org\/fr\/wp-json\/wp\/v2\/comments?post=692"}],"version-history":[{"count":16,"href":"https:\/\/jaquebec.org\/fr\/wp-json\/wp\/v2\/pages\/692\/revisions"}],"predecessor-version":[{"id":7802,"href":"https:\/\/jaquebec.org\/fr\/wp-json\/wp\/v2\/pages\/692\/revisions\/7802"}],"up":[{"embeddable":true,"href":"https:\/\/jaquebec.org\/fr\/wp-json\/wp\/v2\/pages\/816"}],"wp:attachment":[{"href":"https:\/\/jaquebec.org\/fr\/wp-json\/wp\/v2\/media?parent=692"}],"curies":[{"name":"wp","href":"https:\/\/api.w.org\/{rel}","templated":true}]}}