{"id":6927,"date":"2021-12-22T13:19:16","date_gmt":"2021-12-22T18:19:16","guid":{"rendered":"https:\/\/jaquebec.com\/?page_id=6927"},"modified":"2026-03-12T15:11:34","modified_gmt":"2026-03-12T19:11:34","slug":"programmes-scolaires-pour-les-ecoles-secondaires","status":"publish","type":"page","link":"https:\/\/jaquebec.org\/fr\/programmes\/programmes-scolaires-pour-les-ecoles-secondaires\/","title":{"rendered":"Programmes scolaires pour les \u00e9coles secondaires et c\u00e9geps"},"content":{"rendered":"<p>[vc_row full_width=&#8221;stretch_row_content&#8221; css=&#8221;.vc_custom_1660938747979{margin-top: -80px !important;}&#8221;][vc_column][vc_single_image image=&#8221;7608&#8243; img_size=&#8221;full&#8221;][\/vc_column][\/vc_row][vc_row][vc_column]<div class='headline with-icon text-center '><i class='fa fa-book'><\/i><h3>Programmes scolaires pour les \u00e9coles secondaires et c\u00e9geps<\/h3><\/div>[vc_btn title=&#8221;Ou cliquez ce bouton pour acc\u00e9der directement au formulaire d&#8217;inscription&#8221; align=&#8221;center&#8221; link=&#8221;url:%23inscriptions|||&#8221;][vc_column_text css=&#8221;.vc_custom_1691786002248{margin-top: 25px !important;}&#8221;]<\/p>\n<h3 style=\"text-align: center;\"><span style=\"color: #285f74;\">Entrepreneuriat<\/span><\/h3>\n<p>[\/vc_column_text][vc_separator color=&#8221;custom&#8221; border_width=&#8221;3&#8243; css=&#8221;.vc_custom_1773341689424{margin-bottom: 25px !important;}&#8221; accent_color=&#8221;#285f74&#8243;][vc_column_text]<\/p>\n<h4><strong>ENTREPRISE \u00c9TUDIANTE<\/strong><\/h4>\n<p>[\/vc_column_text][vc_column_text]<strong>Niveau :<\/strong> 3<sup>e<\/sup> 4<sup>e <\/sup>et 5<sup>e<\/sup> secondaire et C\u00e9gep<\/p>\n<h4 style=\"color: #b40935;\"><img loading=\"lazy\" decoding=\"async\" class=\"wp-image-7849 size-medium alignright\" src=\"https:\/\/jaquebec.org\/wp-content\/uploads\/2022\/08\/entrepriseetudiante-1-300x125.jpg\" alt=\"\" width=\"300\" height=\"125\" srcset=\"https:\/\/jaquebec.org\/wp-content\/uploads\/2022\/08\/entrepriseetudiante-1-300x125.jpg 300w, https:\/\/jaquebec.org\/wp-content\/uploads\/2022\/08\/entrepriseetudiante-1-768x319.jpg 768w, https:\/\/jaquebec.org\/wp-content\/uploads\/2022\/08\/entrepriseetudiante-1-380x158.jpg 380w, https:\/\/jaquebec.org\/wp-content\/uploads\/2022\/08\/entrepriseetudiante-1.jpg 800w\" sizes=\"auto, (max-width: 300px) 100vw, 300px\" \/><\/h4>\n<p><strong>M\u00e9thode :<\/strong> en classe ou parascolaire<\/p>\n<p><strong>Dur\u00e9e<\/strong> <strong>des ateliers :<\/strong> 22 semaines, \u00e0 raison de 2 \u00e0 3 heures par semaine et quelques activit\u00e9s suppl\u00e9mentaires facultatives. La dur\u00e9e et dates pr\u00e9cises peut varier selon les besoins.<\/p>\n<p><strong>Description : <\/strong>C&#8217;est un programme o\u00f9 les \u00e9tudiants peuvent lancer leurs entreprises sans risque financiers. Ils sont accompagn\u00e9s par des enseignants ou\/et des mentors professionnels depuis la cr\u00e9ation d&#8217;une entreprise, la production des produits ou la conceptualisation des services, jusqu&#8217;\u00e0 la vente.[\/vc_column_text][vc_btn title=&#8221;Par ici pour plus de d\u00e9tails sur le programme Entreprise \u00e9tudiante&#8221; color=&#8221;sky&#8221; link=&#8221;url:https%3A%2F%2Fjaquebec.org%2Fprogrammes%2Fprogramme-entreprise-etudiante%2F|title:%5B%3Afr%5DProgramme%20Entreprise%20%C3%89tudiante%5B%3Aen%5DCompany%20Program%5B%3A%5D||&#8221; css=&#8221;.vc_custom_1773341832814{margin-top: 10px !important;}&#8221;][vc_separator border_width=&#8221;3&#8243; css=&#8221;.vc_custom_1691786015215{margin-bottom: 25px !important;}&#8221;][vc_column_text]<\/p>\n<h4><strong>NOTRE MONDE DES AFFAIRES<\/strong><\/h4>\n<p>[\/vc_column_text][vc_column_text]<strong>Niveau :<\/strong>\u00a01<sup>re<\/sup>, 2<sup>e<\/sup>, 3<sup>e<\/sup>, 4<sup>e<\/sup>, 5<sup>e <\/sup>secondaire<\/p>\n<h4 style=\"color: #b40935;\"><img loading=\"lazy\" decoding=\"async\" class=\"size-medium wp-image-1092 alignright\" src=\"https:\/\/jaquebec.org\/wp-content\/uploads\/2017\/10\/notremonde-300x157.jpg\" alt=\"\" width=\"300\" height=\"157\" srcset=\"https:\/\/jaquebec.org\/wp-content\/uploads\/2017\/10\/notremonde-300x157.jpg 300w, https:\/\/jaquebec.org\/wp-content\/uploads\/2017\/10\/notremonde-380x198.jpg 380w, https:\/\/jaquebec.org\/wp-content\/uploads\/2017\/10\/notremonde.jpg 479w\" sizes=\"auto, (max-width: 300px) 100vw, 300px\" \/><\/h4>\n<p><strong>M\u00e9thode :<\/strong> en virtuel ou en classe<\/p>\n<p><strong>Dur\u00e9e<\/strong> <strong>des ateliers :<\/strong> 2 \u00e0 4 heures<\/p>\n<p><strong>Description :<\/strong> Ce programme a \u00e9t\u00e9 d\u00e9velopp\u00e9 dans le but d\u2019initier les jeunes au monde des affaires. C\u2019est par une approche interactive et des exercices pratiques qu\u2019on r\u00e9pond aux questions importantes : Qu\u2019est-ce qu\u2019une entreprise ? Quels sont les impacts qu\u2019une entreprise peut avoir sur une population (responsabilit\u00e9 sociale) ?\u00a0 Comment les entreprises s\u2019ajustent-elles au cours des ann\u00e9es et avec les nouvelles technologies? Puis-je devenir entrepreneur?<\/p>\n<p><a href=\"https:\/\/jaquebec.org\/wp-content\/uploads\/2022\/10\/Notre-monde-des-affaires-JAQ.pdf\" target=\"_blank\" rel=\"noopener noreferrer\">Consultez ce programme<\/a>[\/vc_column_text][vc_separator border_width=&#8221;3&#8243; css=&#8221;.vc_custom_1640117081074{margin-top: 25px !important;margin-bottom: 25px !important;}&#8221;][vc_column_text]<\/p>\n<h4><strong>SOYEZ ENTREPRENEUR<\/strong><\/h4>\n<p>[\/vc_column_text][vc_column_text]<strong>Niveau<\/strong>: 1<sup>re<\/sup>, 2<sup>e<\/sup>, 3<sup>e<\/sup>, 4<sup>e<\/sup> et 5<sup>e<\/sup> secondaire<\/p>\n<h4 style=\"color: #b40935;\"><img loading=\"lazy\" decoding=\"async\" class=\"size-medium wp-image-1096 alignright\" src=\"https:\/\/jaquebec.org\/wp-content\/uploads\/2017\/10\/soyezentrepreneur-300x157.jpg\" alt=\"\" width=\"300\" height=\"157\" srcset=\"https:\/\/jaquebec.org\/wp-content\/uploads\/2017\/10\/soyezentrepreneur-300x157.jpg 300w, https:\/\/jaquebec.org\/wp-content\/uploads\/2017\/10\/soyezentrepreneur-380x198.jpg 380w, https:\/\/jaquebec.org\/wp-content\/uploads\/2017\/10\/soyezentrepreneur.jpg 479w\" sizes=\"auto, (max-width: 300px) 100vw, 300px\" \/><\/h4>\n<p><strong>M\u00e9thode<\/strong>: en virtuel ou en classe<\/p>\n<p><strong>Dur\u00e9e<\/strong> <strong>des ateliers:<\/strong> 2 \u00e0 4 heures<\/p>\n<p><strong>Description<\/strong>: Ce programme met les \u00e9l\u00e8ves au d\u00e9fi de planifier leur projet d\u2019entreprise alors qu\u2019ils sont encore \u00e0 l\u2019\u00e9cole. Par le biais d\u2019ateliers enrichissants sur l\u2019entrepreneuriat, la planification et le d\u00e9veloppement de strat\u00e9gies, il pr\u00e9pare les \u00e9l\u00e8ves \u00e0 \u00e9laborer un plan d\u2019affaires. Il pr\u00e9sente les principales composantes d\u2019une entreprise dans le but de d\u00e9velopper la fibre entrepreneuriale chez les jeunes.<\/p>\n<p><a href=\"https:\/\/jaquebec.org\/wp-content\/uploads\/2022\/10\/Soyez-Entrepreneur-vf.pdf\" target=\"_blank\" rel=\"noopener noreferrer\">Consultez ce programme<\/a>[\/vc_column_text][vc_column_text css=&#8221;.vc_custom_1752000361347{margin-top: 25px !important;}&#8221;]<\/p>\n<h3 style=\"text-align: center;\"><span style=\"color: #285f74;\">Litt\u00e9ratie financi\u00e8re<\/span><\/h3>\n<p>[\/vc_column_text][vc_separator color=&#8221;custom&#8221; border_width=&#8221;3&#8243; css=&#8221;.vc_custom_1773341855827{margin-bottom: 25px !important;}&#8221; accent_color=&#8221;#285f74&#8243;][vc_column_text]<\/p>\n<h4><strong>BIEN PLUS QUE DE L&#8217;ARGENT<\/strong><\/h4>\n<p>[\/vc_column_text][vc_column_text]<strong>Niveau :<\/strong> 3<sup>e<\/sup>, 4<sup>e<\/sup> et 5<sup>e <\/sup>secondaire<img decoding=\"async\" class=\"alignright\" src=\"https:\/\/jaquebec.org\/wp-content\/uploads\/2017\/10\/audelaargent-300x157.jpg\" \/><\/p>\n<p><strong>M\u00e9thode :<\/strong> en virtuel ou en classe<\/p>\n<p><strong>Dur\u00e9e<\/strong> <strong>des ateliers :<\/strong> 2 \u00e0 4 heures<\/p>\n<p><strong>Description :<\/strong> Programme par excellence en litt\u00e9ratie financi\u00e8re, il r\u00e9pond \u00e0 un besoin criant en mati\u00e8re d\u2019\u00e9ducation financi\u00e8re au Qu\u00e9bec. Les \u00e9tudiants sont amen\u00e9s \u00e0 comprendre l\u2019importance de se fixer des objectifs, d\u2019\u00e9conomiser efficacement et de prendre des d\u00e9cisions judicieuses en vue de g\u00e9rer leur argent de fa\u00e7on responsable. \u00c0 l\u2019aide de jeux, ils d\u00e9couvrent comment \u00e9viter les pi\u00e8ges du cr\u00e9dit et de l\u2019endettement. Ils en apprennent aussi davantage sur l\u2019histoire de l\u2019argent, la consommation sous toutes ses formes et la planification budg\u00e9taire d\u2019un projet.<\/p>\n<p><a href=\"https:\/\/jaquebec.org\/wp-content\/uploads\/2022\/10\/Bien-plus-que-de-largent-JAQ.pdf\" target=\"_blank\" rel=\"noopener noreferrer\">Consultez ce programme<\/a>[\/vc_column_text][vc_separator border_width=&#8221;3&#8243; css=&#8221;.vc_custom_1640117081074{margin-top: 25px !important;margin-bottom: 25px !important;}&#8221;][vc_column_text]<\/p>\n<h4><strong>FINANCES PERSONNELLES<\/strong><\/h4>\n<p>[\/vc_column_text][vc_column_text]<strong>Niveau :<\/strong> 3<sup>e<\/sup>, 4<sup>e<\/sup> et 5<sup>e <\/sup>secondaire<\/p>\n<p><strong>M\u00e9thode :<\/strong> en virtuel ou en classe<\/p>\n<p><strong>Dur\u00e9e<\/strong> <strong>des ateliers :<\/strong> 2 \u00e0 4 heures<\/p>\n<p><strong>Description :<\/strong> Ce programme en litt\u00e9ratie financi\u00e8re permet d\u2019initier les jeunes \u00e0 la gestion leurs finances. Les jeunes pourront mieux comprendre l\u2019int\u00e9r\u00eat, d\u00e9finir leurs objectifs de placements et les saines habitudes de cr\u00e9dit.<\/p>\n<ul>\n<li>Savoir bien g\u00e9rer son argent<\/li>\n<li>Comprendre l\u2019int\u00e9r\u00eat<\/li>\n<li>D\u00e9finir ses objectifs de placement<\/li>\n<li>Prendre de bonnes d\u00e9cisions de cr\u00e9dit<\/li>\n<\/ul>\n<p>[\/vc_column_text][vc_separator border_width=&#8221;3&#8243; css=&#8221;.vc_custom_1640117081074{margin-top: 25px !important;margin-bottom: 25px !important;}&#8221;][vc_column_text]<\/p>\n<h4><strong>STRAT\u00c9GIES D\u2019INVESTISSEMENT<\/strong><\/h4>\n<p>[\/vc_column_text][vc_column_text]<strong>Niveau :<\/strong> 3<sup>e<\/sup>, 4<sup>e<\/sup>, 5<sup>e <\/sup>secondaire et c\u00e9gep<\/p>\n<p><strong>M\u00e9thode :<\/strong> en virtuel ou en classe<\/p>\n<p><strong>Dur\u00e9e<\/strong> <strong>des ateliers :<\/strong> 2 \u00e0 4 heures<\/p>\n<p><strong>Description :<\/strong> Le programme Strat\u00e9gies d\u2019investissement\u00a0aide les \u00e9tudiants du secondaire \u00e0 comprendre les bases de l\u2019investissement, le march\u00e9 boursier et son fonctionnement.<\/p>\n<ul>\n<li>8 modules interactifs d&#8217;une dur\u00e9e d&#8217;environ une heure chacun. Chaque module peut \u00eatre fait s\u00e9par\u00e9ment ou cons\u00e9cutivement selon les besoins de chaque professeur ou de fa\u00e7on individuelle.\n<ul>\n<li>Module 1\u00a0: Introduction \u00e0 l\u2019investissement<\/li>\n<li>Module 2\u00a0: Types d\u2019investissements<\/li>\n<li>Module 3\u00a0: Risque et r\u00e9compense<\/li>\n<li>Module 4\u00a0: Strat\u00e9gies d\u2019investissement<\/li>\n<li>Module 5\u00a0: Comment investir<\/li>\n<li>Module 6\u00a0: R\u00e9agir aux fluctuations du march\u00e9 boursier<\/li>\n<li>Module 7\u00a0: Simulation boursi\u00e8re<\/li>\n<li>Module 8\u00a0: Conclusion du programme strat\u00e9gies d\u2019investissement<\/li>\n<\/ul>\n<\/li>\n<li>Une activit\u00e9 facultative de simulation boursi\u00e8re d\u2019une dur\u00e9e de 6 semaines.<\/li>\n<\/ul>\n<p>[\/vc_column_text][vc_column_text css=&#8221;.vc_custom_1752000369676{margin-top: 25px !important;}&#8221;]<\/p>\n<h3 style=\"text-align: center;\"><span style=\"color: #285f74;\">Pr\u00e9paration au march\u00e9 du travail<\/span><\/h3>\n<p>[\/vc_column_text][vc_separator color=&#8221;custom&#8221; border_width=&#8221;3&#8243; css=&#8221;.vc_custom_1773341864205{margin-bottom: 25px !important;}&#8221; accent_color=&#8221;#285f74&#8243;][vc_column_text]<\/p>\n<h4><strong>\u00c9CONOMIE POUR LE SUCC\u00c8S<\/strong><\/h4>\n<p>[\/vc_column_text][vc_column_text]<strong>Niveau :<\/strong> 1<sup>re<\/sup>, 2<sup>e<\/sup>, 3<sup>e<\/sup>, 4<sup>e<\/sup> et 5<sup>e<\/sup> secondaire<\/p>\n<h4 style=\"color: #df7e00;\"><img loading=\"lazy\" decoding=\"async\" class=\"size-medium wp-image-1099 alignright\" src=\"https:\/\/jaquebec.org\/wp-content\/uploads\/2017\/10\/economy-300x157.jpg\" alt=\"\" width=\"300\" height=\"157\" srcset=\"https:\/\/jaquebec.org\/wp-content\/uploads\/2017\/10\/economy-300x157.jpg 300w, https:\/\/jaquebec.org\/wp-content\/uploads\/2017\/10\/economy-380x198.jpg 380w, https:\/\/jaquebec.org\/wp-content\/uploads\/2017\/10\/economy.jpg 479w\" sizes=\"auto, (max-width: 300px) 100vw, 300px\" \/><\/h4>\n<p><strong>M\u00e9thode :<\/strong> en virtuel ou en classe<\/p>\n<p><strong>Dur\u00e9e<\/strong> <strong>des ateliers :<\/strong> 2 \u00e0 4 heures<\/p>\n<p><strong>Description :<\/strong> Le programme am\u00e8ne les jeunes \u00e0 r\u00e9fl\u00e9chir aux avantages de poursuivre leurs \u00e9tudes et les aide \u00e0 d\u00e9finir leurs objectifs de carri\u00e8re, leurs int\u00e9r\u00eats, leurs comp\u00e9tences, leurs r\u00eaves et leurs passions. Tr\u00e8s populaire aupr\u00e8s des jeunes, ce programme aborde la pers\u00e9v\u00e9rance scolaire, le d\u00e9veloppement des comp\u00e9tences ainsi que la planification scolaire et professionnelle. L\u2019\u00e9tudiant participe aussi \u00e0 des simulations d\u2019entrevues d\u2019embauche et apprend l\u2019importance de la premi\u00e8re impression.<\/p>\n<p><a href=\"https:\/\/jaquebec.org\/wp-content\/uploads\/2022\/10\/Leconomie-pour-le-succes-VF.pdf\" target=\"_blank\" rel=\"noopener noreferrer\">Consultez ce programme<\/a>[\/vc_column_text][vc_separator border_width=&#8221;3&#8243; css=&#8221;.vc_custom_1640117081074{margin-top: 25px !important;margin-bottom: 25px !important;}&#8221;][vc_column_text]<\/p>\n<h4><strong>PLUS FORTS ENSEMBLE : LA DIVERSIT\u00c9 EN ACTION<\/strong><\/h4>\n<p>[\/vc_column_text][vc_column_text]<strong>Niveau :<\/strong> 1re, 2e et 3e secondaire<\/p>\n<h4 style=\"color: #23adde;\"><img loading=\"lazy\" decoding=\"async\" class=\"size-medium wp-image-1094 alignright\" src=\"https:\/\/jaquebec.org\/wp-content\/uploads\/2017\/10\/force-300x157.jpg\" alt=\"\" width=\"300\" height=\"157\" srcset=\"https:\/\/jaquebec.org\/wp-content\/uploads\/2017\/10\/force-300x157.jpg 300w, https:\/\/jaquebec.org\/wp-content\/uploads\/2017\/10\/force-380x198.jpg 380w, https:\/\/jaquebec.org\/wp-content\/uploads\/2017\/10\/force.jpg 479w\" sizes=\"auto, (max-width: 300px) 100vw, 300px\" \/><\/h4>\n<p><strong>M\u00e9thode :<\/strong> en virtuel ou en classe<\/p>\n<p><strong>Dur\u00e9e<\/strong> <strong>des ateliers :<\/strong> 2 \u00e0 4 heures<\/p>\n<p><strong>Description<\/strong> : Il s\u2019agit d\u2019un programme con\u00e7u pour pr\u00e9parer les \u00e9l\u00e8ves au march\u00e9 du travail o\u00f9 ils seront appel\u00e9s \u00e0 travailler en \u00e9quipe pour atteindre des objectifs communs et ce, malgr\u00e9 les diff\u00e9rences li\u00e9es \u00e0 la race, le sexe, l\u2019\u00e2ge, l\u2019orientation sexuelle ou le statut socio-\u00e9conomique. Comment faire de la diversit\u00e9 un atout plut\u00f4t qu\u2019un obstacle dans le monde du travail? Ce programme encourage les jeunes \u00e0\u00a0 d\u00e9velopper une attitude positive face \u00e0 la diversit\u00e9.<\/p>\n<p><a href=\"https:\/\/jaquebec.org\/wp-content\/uploads\/2022\/10\/Plus-forts-ensemble-vf.pdf\" target=\"_blank\" rel=\"noopener noreferrer\">Consultez ce programme<\/a>[\/vc_column_text][vc_separator border_width=&#8221;3&#8243; css=&#8221;.vc_custom_1640117081074{margin-top: 25px !important;margin-bottom: 25px !important;}&#8221;][vc_column_text]<\/p>\n<h4><strong>LES CL\u00c9S DE LA R\u00c9USSITE<\/strong><\/h4>\n<p>[\/vc_column_text][vc_column_text]<strong>Niveau :<\/strong> 1re, 2e, 3e, 4e et 5e secondaire <img decoding=\"async\" class=\"alignright\" src=\"https:\/\/jaquebec.org\/wp-content\/uploads\/2017\/10\/clereussite-300x157.jpg\" \/><\/p>\n<p><strong>M\u00e9thode<\/strong> : en virtuel ou en classe<\/p>\n<p><strong>Dur\u00e9e<\/strong> <strong>des ateliers :<\/strong> 2 \u00e0 4 heures<\/p>\n<p><strong>Description :<\/strong> Ce programme stimulant permet aux \u00e9l\u00e8ves de d\u00e9velopper quatre habilet\u00e9s essentielles sur le march\u00e9 du travail, et tr\u00e8s utiles dans la vie de tous les jours : la communication, la collaboration, la r\u00e9solution de probl\u00e8mes et l\u2019apprentissage continu. Tout au long de cette formation et \u00e0 l\u2019aide d\u2019exercices pratiques, les \u00e9l\u00e8ves apprennent \u00e0 d\u00e9mystifier ces habilet\u00e9s et \u00e0 les mettre en pratique au quotidien.<\/p>\n<p><a href=\"https:\/\/jaquebec.org\/wp-content\/uploads\/2022\/10\/Les-cles-de-la-reussite-vf.pdf\" target=\"_blank\" rel=\"noopener noreferrer\">Consultez ce programme<\/a>[\/vc_column_text][vc_separator border_width=&#8221;3&#8243; css=&#8221;.vc_custom_1640117081074{margin-top: 25px !important;margin-bottom: 25px !important;}&#8221;][vc_column_text]<\/p>\n<h4><strong>UN MONDE DE CHOIX<\/strong><\/h4>\n<p>[\/vc_column_text][vc_column_text css=&#8221;.vc_custom_1694533153275{margin-bottom: 25px !important;}&#8221;]<strong>Niveau<\/strong> : 3e, 4e et 5e secondaire &#8211; 1re ann\u00e9e du C\u00e9gep<\/p>\n<p><img decoding=\"async\" class=\"alignright\" src=\"https:\/\/jaquebec.org\/wp-content\/uploads\/2019\/01\/woc-300x157-300x157.jpg\" \/><\/p>\n<p><strong>M\u00e9thode <\/strong>: en virtuel ou en classe<\/p>\n<p><strong>Dur\u00e9e<\/strong> <strong>des ateliers :<\/strong> 2 \u00e0 4 heures<\/p>\n<p><strong>Description :<\/strong> Un monde de choix re\u0301unit des e\u0301tudiants et des mentors travaillant dans les industries, les professions et les domaines recherche\u0301s. Lors de courtes se\u0301ances, les e\u0301le\u0300ves de\u0301couvrent ce qu\u2019il faut pour re\u0301ussir. Chaque e\u0301le\u0300ve peut participer a\u0300 des se\u0301ances interactives qui ouvriront un monde de choix aux jeunes Qu\u00e9b\u00e9cois. Du temps est pre\u0301vu a\u0300 chaque rencontre pour des questions et des conversations interactives. Ce programme clarifie les cheminements professionnels et scolaires, et les e\u0301le\u0300ves s\u2019engagent activement dans l\u2019e\u0301laboration d\u2019un cheminement de carrie\u0300re.<\/p>\n<p><a href=\"https:\/\/jaquebec.org\/wp-content\/uploads\/2022\/10\/Un-monde-de-choix-vf.pdf\" target=\"_blank\" rel=\"noopener noreferrer\">Consultez ce programme<\/a>[\/vc_column_text][vc_separator color=&#8221;custom&#8221; border_width=&#8221;3&#8243; css=&#8221;.vc_custom_1773341872553{margin-top: 25px !important;margin-bottom: 25px !important;}&#8221; accent_color=&#8221;#285f74&#8243;][\/vc_column][\/vc_row][vc_row][vc_column]<div class='headline with-icon text-center '><i class='berlin-icon-clipboard1'><\/i><h3>Formulaire d'inscription<\/h3><\/div>[vc_column_text]<\/p>\n<div class=\"container no-padding\">\n<div class=\"vc_row wpb_row vc_row-fluid row\">\n<div class=\"wpb_column vc_column_container vc_col-sm-12\">\n<div class=\"vc_column-inner \">\n<div class=\"wpb_wrapper\">\n<div class=\"wpb_text_column wpb_content_element \">\n<div class=\"wpb_wrapper\">\n<p style=\"text-align: center;\"><span style=\"color: #000000;\">Pour toutes questions sur nos programmes scolaires, veuillez nous contacter\u00a0\u00e0<\/span> <a href=\"mailto:info@jaquebec.org\">info@jaquebec.org<\/a>\u00a0<span style=\"color: #000000;\">ou au (514) 285-8944 Poste 106<\/span><\/p>\n<\/div>\n<\/div>\n<\/div>\n<\/div>\n<\/div>\n<\/div>\n<\/div>\n<p>[\/vc_column_text][\/vc_column][\/vc_row][vc_row disable_element=&#8221;yes&#8221; css=&#8221;.vc_custom_1751984334642{margin-top: 30px !important;}&#8221;][vc_column width=&#8221;1\/2&#8243;][vc_column_text]<\/p>\n<h4 style=\"text-align: center;\"><strong>Pour les <span style=\"color: #000000;\">\u00e9coles <\/span>d\u00e9sirant offrir\u00a0l&#8217;un de\u00a0nos <span style=\"color: #008000;\"><span style=\"color: #000000;\">programmes scolaires<\/span> <\/span>\u00e0 leurs \u00e9l\u00e8ves :<\/strong><\/h4>\n<p>[\/vc_column_text][vc_empty_space height=&#8221;10px&#8221;][vc_btn title=&#8221;Formulaire \u00e9cole Grand Montr\u00e9al&#8221; color=&#8221;info&#8221; align=&#8221;center&#8221; i_icon_fontawesome=&#8221;fa fa-graduation-cap&#8221; css_animation=&#8221;bounceIn&#8221; add_icon=&#8221;true&#8221; link=&#8221;url:https%3A%2F%2Fforms.office.com%2Fpages%2Fresponsepage.aspx%3Fid%3DM9-kSxOf-ES3Yk6HY8O34TPpwtS2lUxHp0Vhw0E7-htURU9BN1kxODVPR1RQUVVCTTkxWDgzOFVEVy4u|||&#8221; el_class=&#8221;.bold&#8221;][vc_btn title=&#8221;Formulaire \u00e9cole CNCA &#8221; color=&#8221;info&#8221; align=&#8221;center&#8221; i_icon_fontawesome=&#8221;fa fa-graduation-cap&#8221; css_animation=&#8221;bounceIn&#8221; add_icon=&#8221;true&#8221; link=&#8221;url:https%3A%2F%2Fforms.office.com%2Fpages%2Fresponsepage.aspx%3Fid%3DM9-kSxOf-ES3Yk6HY8O34d0Ab8na5IBPq2cxML5gtO1UQUEwNUpBVUdZQlhRWDBOMkFLWEdNQ1U3Qy4u||target:%20_blank|&#8221; el_class=&#8221;.bold&#8221;][vc_btn title=&#8221;Formulaire \u00e9cole Mauricie-Centre-du-Qu\u00e9bec&#8221; color=&#8221;info&#8221; align=&#8221;center&#8221; i_icon_fontawesome=&#8221;fa fa-graduation-cap&#8221; css_animation=&#8221;bounceIn&#8221; add_icon=&#8221;true&#8221; link=&#8221;url:https%3A%2F%2Fforms.office.com%2Fpages%2Fresponsepage.aspx%3Fid%3DM9-kSxOf-ES3Yk6HY8O34fgP8EFRH6FDmFO6ujhADMdUOE82MDE0OTFGNkRSU1lXVE43Qkc0VVpPRC4u||target:%20_blank|&#8221; el_class=&#8221;.bold&#8221;][vc_btn title=&#8221;Formulaire \u00e9cole Autres r\u00e9gions&#8221; color=&#8221;info&#8221; align=&#8221;center&#8221; i_icon_fontawesome=&#8221;fa fa-graduation-cap&#8221; css_animation=&#8221;bounceIn&#8221; add_icon=&#8221;true&#8221; link=&#8221;url:https%3A%2F%2Fforms.office.com%2Fpages%2Fresponsepage.aspx%3Fid%3DM9-kSxOf-ES3Yk6HY8O34V5NMmqOakRBpe59yrx8jadUMDlXTkQ4TjFVN1NJRFVJRjFGNzdCVllTNi4u||target:%20_blank|&#8221; el_class=&#8221;.bold&#8221;][\/vc_column][vc_column width=&#8221;1\/2&#8243;][vc_column_text]<\/p>\n<h4 style=\"text-align: center;\"><strong>Si vous souhaitez devenir <span style=\"color: #000000;\">b\u00e9n\u00e9vole d&#8217;affaires<\/span> pour l&#8217;un de nos <span style=\"color: #000000;\">programmes :<\/span><\/strong><\/h4>\n<p>[\/vc_column_text][vc_empty_space height=&#8221;10px&#8221;][vc_btn title=&#8221;Formulaire d&#8217;inscription b\u00e9n\u00e9vole&#8221; color=&#8221;info&#8221; align=&#8221;center&#8221; i_icon_fontawesome=&#8221;fa fa-users&#8221; css_animation=&#8221;bounceIn&#8221; add_icon=&#8221;true&#8221; link=&#8221;url:https%3A%2F%2Fjaquebec.org%2Ffr%2Fbenevoles%2Fformulaire-dinscription-pour-benevoles%2F|||&#8221; el_class=&#8221;.bold&#8221;][\/vc_column][\/vc_row][vc_row][vc_column][vc_btn title=&#8221;Ou par ici pour d\u00e9couvrir les programmes pour les \u00e9coles primaires&#8221; style=&#8221;custom&#8221; custom_background=&#8221;#285f74&#8243; custom_text=&#8221;#ffffff&#8221; align=&#8221;center&#8221; i_align=&#8221;right&#8221; i_icon_fontawesome=&#8221;fa fa-arrow-right&#8221; add_icon=&#8221;true&#8221; link=&#8221;url:https%3A%2F%2Fjaquebec.org%2Ffr%2Fprogrammes-scolaires-pour-les-ecoles-primaires%2F||target:%20_blank|&#8221;][\/vc_column][\/vc_row][vc_row][vc_column][vc_column_text]<\/p>\n<p id=\"inscriptions\">.<\/p>\n<p>[\/vc_column_text][vc_column_text]<iframe loading=\"lazy\" class=\"cEmbeddedIFrame\" src=\"https:\/\/jaforms.tfaforms.net\/176?conid=null\" width=\"100%\" height=\"3000\" frameborder=\"0\" data-aura-rendered-by=\"461:0\" data-aura-class=\"cEmbeddedIFrame\" data-dashlane-frameid=\"3723\"><\/iframe>[\/vc_column_text][\/vc_column][\/vc_row][vc_column][\/vc_column]<\/p>","protected":false},"excerpt":{"rendered":"<p>[vc_row full_width=&#8221;stretch_row_content&#8221; css=&#8221;.vc_custom_1660938747979{margin-top: -80px !important;}&#8221;][vc_column][vc_single_image image=&#8221;7608&#8243; img_size=&#8221;full&#8221;][\/vc_column][\/vc_row][vc_row][vc_column][vc_btn title=&#8221;Ou cliquez ce bouton pour acc\u00e9der directement au formulaire d&#8217;inscription&#8221; align=&#8221;center&#8221; link=&#8221;url:%23inscriptions|||&#8221;][vc_column_text css=&#8221;.vc_custom_1691786002248{margin-top: 25px !important;}&#8221;] Entrepreneuriat [\/vc_column_text][vc_separator color=&#8221;custom&#8221; border_width=&#8221;3&#8243; css=&#8221;.vc_custom_1773341689424{margin-bottom: 25px !important;}&#8221; accent_color=&#8221;#285f74&#8243;][vc_column_text] ENTREPRISE \u00c9TUDIANTE [\/vc_column_text][vc_column_text]Niveau : 3e 4e et 5e secondaire et C\u00e9gep M\u00e9thode : en classe ou parascolaire Dur\u00e9e des ateliers : 22 semaines, \u00e0 raison [&hellip;]<\/p>\n","protected":false},"author":2,"featured_media":0,"parent":703,"menu_order":0,"comment_status":"closed","ping_status":"closed","template":"","meta":{"_lmt_disableupdate":"no","_lmt_disable":"","footnotes":""},"class_list":["post-6927","page","type-page","status-publish","hentry"],"_links":{"self":[{"href":"https:\/\/jaquebec.org\/fr\/wp-json\/wp\/v2\/pages\/6927","targetHints":{"allow":["GET"]}}],"collection":[{"href":"https:\/\/jaquebec.org\/fr\/wp-json\/wp\/v2\/pages"}],"about":[{"href":"https:\/\/jaquebec.org\/fr\/wp-json\/wp\/v2\/types\/page"}],"author":[{"embeddable":true,"href":"https:\/\/jaquebec.org\/fr\/wp-json\/wp\/v2\/users\/2"}],"replies":[{"embeddable":true,"href":"https:\/\/jaquebec.org\/fr\/wp-json\/wp\/v2\/comments?post=6927"}],"version-history":[{"count":72,"href":"https:\/\/jaquebec.org\/fr\/wp-json\/wp\/v2\/pages\/6927\/revisions"}],"predecessor-version":[{"id":13569,"href":"https:\/\/jaquebec.org\/fr\/wp-json\/wp\/v2\/pages\/6927\/revisions\/13569"}],"up":[{"embeddable":true,"href":"https:\/\/jaquebec.org\/fr\/wp-json\/wp\/v2\/pages\/703"}],"wp:attachment":[{"href":"https:\/\/jaquebec.org\/fr\/wp-json\/wp\/v2\/media?parent=6927"}],"curies":[{"name":"wp","href":"https:\/\/api.w.org\/{rel}","templated":true}]}}