{"id":707,"date":"2017-10-25T22:40:10","date_gmt":"2017-10-26T02:40:10","guid":{"rendered":"https:\/\/jaquebec.com\/?page_id=707"},"modified":"2025-11-03T14:39:12","modified_gmt":"2025-11-03T19:39:12","slug":"programme-entreprise-etudiante","status":"publish","type":"page","link":"https:\/\/jaquebec.org\/fr\/programmes\/programme-entreprise-etudiante\/","title":{"rendered":"Programme Entreprise \u00e9tudiante"},"content":{"rendered":"<p>[vc_row][vc_column][vc_column_text][\/vc_column_text][\/vc_column][\/vc_row][vc_row full_width=&#8221;stretch_row_content&#8221; css=&#8221;.vc_custom_1660934649973{margin-top: -80px !important;}&#8221;][vc_column][vc_single_image image=&#8221;7606&#8243; img_size=&#8221;full&#8221;][\/vc_column][\/vc_row][vc_row css=&#8221;.vc_custom_1610482659916{margin-top: -100px !important;}&#8221;][vc_column][vc_column_text css=&#8221;.vc_custom_1752065427381{padding-top: 20px !important;}&#8221;]<\/p>\n<p style=\"text-align: center;\"><strong>Allez au bas de la page si vous \u00eates pr\u00eat \u00e0 vous inscrire ou cliquez sur ce <a href=\"https:\/\/jaquebec.org\/programmes\/programme-entreprise-etudiante\/#inscription\"><u>raccourci<\/u><\/a>.<\/strong><\/p>\n<p>[\/vc_column_text]<div class='headline with-icon text-center '><i class='berlin-icon-three'><\/i><h3>Programme Entreprise \u00e9tudiante - Pour les \u00e9l\u00e8ves des 3e, 4e, 5e secondaire et \u00e9tudiant(e)s du C\u00e9gep<\/h3><\/div>[vc_row_inner content_placement=&#8221;middle&#8221;][vc_column_inner width=&#8221;1\/2&#8243;][vc_column_text]<span class=\"OYPEnA font-feature-liga-off font-feature-clig-off font-feature-calt-off text-decoration-none text-strikethrough-none\">C&#8217;est un programme o\u00f9 les \u00e9tudiant(e)s peuvent lancer leurs entreprises sans risque financiers. Ils sont accompagn\u00e9s par des enseignants ou\/et des mentors professionnels depuis la cr\u00e9ation d&#8217;une entreprise, la production des produits ou la conceptualisation des services, jusqu&#8217;\u00e0 la vente.<\/span>[\/vc_column_text][\/vc_column_inner][vc_column_inner width=&#8221;1\/2&#8243;][vc_video link=&#8221;https:\/\/youtu.be\/OBCNBToMsOY?si=FjDsQUZXHVIWhUmf&#8221;][\/vc_column_inner][\/vc_row_inner][vc_text_separator title=&#8221;Le programme Entreprise \u00c9tudiante d\u00e9bute chaque ann\u00e9e en octobre&#8221; css_animation=&#8221;bounceIn&#8221; css=&#8221;.vc_custom_1752003652807{margin-top: 30px !important;margin-bottom: 30px !important;padding-top: 20px !important;}&#8221; el_class=&#8221;h3&#8243;][\/vc_column][\/vc_row][vc_row css=&#8221;.vc_custom_1509395356720{margin-top: 50px !important;margin-bottom: 50px !important;}&#8221;][vc_column width=&#8221;2\/3&#8243;]<div class='testimonial '><blockquote><h4>Cette exp\u00e9rience permet \u00e0 des \u00e9l\u00e8ves guid\u00e9s par l\u2019action de finalement briller dans un contexte scolaire. Elle permet aussi \u00e0 plusieurs de d\u00e9velopper leurs capacit\u00e9s en leadeurship et, si souvent, elle permet \u00e0 un \u00e9l\u00e8ve de s\u2019orienter dans sa carri\u00e8re. C\u2019est maintenant ma troisi\u00e8me ann\u00e9e o\u00f9 j&#8217;offre ce programme en 5e secondaire. Peu d\u2019\u00e9l\u00e8ves se rappelleront mes cours en monde contemporain sur la mondialisation, mais l\u2019ensemble de mes \u00e9l\u00e8ves d\u2019entrepreneuriat se rappelleront qu\u2019ils ont \u00e9t\u00e9 pr\u00e9sident, VP marketing ou encore m\u00eame entrepreneur de l\u2019ann\u00e9e.<\/h4><\/blockquote><h4>Fran\u00e7ois<\/h4><h6>Enseignant en sensibilisation \u00e0 l\u2019entrepreneuriat et d\u2019univers social<\/h6><\/div>[\/vc_column][vc_column width=&#8221;1\/3&#8243;]<div class='testimonial '><blockquote><h4>Ce programme est extraordinaire pour les jeunes! Ils sont cr\u00e9atifs et dynamiques; c&#8217;est stimulant de pouvoir contribuer \u00e0 la formation de la rel\u00e8ve.<\/h4><\/blockquote><h4>Sylvain M. <\/h4><h6>Conseiller-b\u00e9n\u00e9vole<\/h6><\/div>[\/vc_column][\/vc_row][vc_row css=&#8221;.vc_custom_1610488259183{margin-top: 30px !important;}&#8221;][vc_column][vc_text_separator title=&#8221;En classe ou en parascolaire&#8221; css_animation=&#8221;bounceIn&#8221; css=&#8221;.vc_custom_1752004024940{margin-top: 30px !important;margin-bottom: 30px !important;}&#8221; el_class=&#8221;h3&#8243;][vc_column_text]<\/p>\n<h3><strong>Le programme Entreprise \u00e9tudiante peut \u00eatre offert dans 3 formats.<\/strong><\/h3>\n<ol>\n<li><strong>\u00c0 l&#8217;\u00e9cole<\/strong>, dans le cadre de certains cours au secondaire et C\u00e9gep. Ces formations sont donn\u00e9es par l&#8217;enseignant(e), gr\u00e2ce au mat\u00e9riel fourni par JA.<br \/>\n\u00c9coles participantes pour l&#8217;ann\u00e9e 2024-2025:<\/p>\n<ol>\n<li>Acad\u00e9mie Roberval (Montr\u00e9al)<\/li>\n<li>Coll\u00e8ge Notre-Dame (Montr\u00e9al)<\/li>\n<li>Coll\u00e8ge Jean-Eudes (Montr\u00e9al)<\/li>\n<li>Coll\u00e8ge Beaubois (Montr\u00e9al)<\/li>\n<li>Coll\u00e8ge Charles-Lemoyne (Longueuil-Saint-Lambert)<\/li>\n<li>C\u00c9GEP Beauce-Appalaches (St-Georges)<\/li>\n<li>Coll\u00e8ge Saint-Sacrement (Terrebonne)<\/li>\n<li>\u00c9cole Chavigny (Trois Rivi\u00e8res)<\/li>\n<li>\u00c9cole de l&#8217;\u00eele (Gatineau)<\/li>\n<li>Coll\u00e8ge Charles-Lemoyne (Sainte-Catherine)<\/li>\n<\/ol>\n<\/li>\n<li>Dans un des <strong>3 centres parascolaires de JA Qu\u00e9bec<\/strong>, les formations sont donn\u00e9es par des mentor(e)s issu(e)s du milieu des affaires.\n<ol>\n<li>C\u00f4te-des-Neiges<\/li>\n<li>Laval<\/li>\n<li>Saint-Lambert<\/li>\n<\/ol>\n<\/li>\n<li>Ce programme est aussi offert en <strong>parascolaire<\/strong>, dans certaines \u00e9coles en exclusivit\u00e9 \u00e0 leurs \u00e9l\u00e8ves :\n<ol>\n<li>\u00c9cole secondaire G\u00e9rard-Filion (Longueuil)<\/li>\n<li>\u00c9cole secondaire Jeanne-Mance (Montr\u00e9al)<\/li>\n<li>\u00c9cole secondaire Armand-Corbeil (Terrebonne)<\/li>\n<\/ol>\n<\/li>\n<\/ol>\n<p>[\/vc_column_text][vc_text_separator title=&#8221;Aper\u00e7u du programme&#8221; css_animation=&#8221;bounceIn&#8221; css=&#8221;.vc_custom_1752004388283{margin-top: 30px !important;margin-bottom: 30px !important;}&#8221; el_class=&#8221;h3&#8243;][\/vc_column][\/vc_row][vc_row][vc_column][vc_single_image image=&#8221;13295&#8243; img_size=&#8221;full&#8221; alignment=&#8221;center&#8221;][vc_text_separator title=&#8221;Exemple de calendrier (sujet \u00e0 changements)&#8221; css_animation=&#8221;bounceIn&#8221; css=&#8221;.vc_custom_1752005838834{margin-top: 30px !important;margin-bottom: 30px !important;}&#8221; el_class=&#8221;h3&#8243;][vc_images_carousel images=&#8221;13520,13521,13522,13523&#8243; img_size=&#8221;large&#8221; slides_per_view=&#8221;3&#8243;][vc_text_separator title=&#8221;Pour s&#8217;inscrire !&#8221; i_icon_fontawesome=&#8221;fa fa-pencil-square-o&#8221; css_animation=&#8221;none&#8221; add_icon=&#8221;true&#8221; css=&#8221;.vc_custom_1752165335471{margin-top: 30px !important;margin-bottom: 30px !important;}&#8221;][vc_column_text]<\/p>\n<h3 style=\"text-align: center;\">Formulaires d&#8217;int\u00e9r\u00eat pour le programme Entreprise \u00e9tudiante<\/h3>\n<p>S\u00e9lectionnez celui vous concernant&#8230;[\/vc_column_text][vc_row_inner equal_height=&#8221;yes&#8221;][vc_column_inner width=&#8221;1\/3&#8243;][vc_btn title=&#8221;Je repr\u00e9sente une \u00e9cole ou un \u00e9tablissement int\u00e9ress\u00e9&#8221; color=&#8221;info&#8221; align=&#8221;center&#8221; css_animation=&#8221;none&#8221; link=&#8221;url:https%3A%2F%2Fjaquebec.org%2Ffr%2Fformulaire-dinteret-pour-participation-au-programme-entreprise-etudiante-en-tant-quecole-ou-etablissement-parascolaire%2F|||&#8221; el_class=&#8221;.bold&#8221;][\/vc_column_inner][vc_column_inner width=&#8221;1\/3&#8243;][vc_btn title=&#8221;Je voudrais \u00eatre b\u00e9n\u00e9vole&#8221; color=&#8221;info&#8221; align=&#8221;center&#8221; css_animation=&#8221;none&#8221; link=&#8221;url:https%3A%2F%2Fjaquebec.org%2Ffr%2Fformulaire-dinscription-benevole-entreprise-etudiante%2F|||&#8221; el_class=&#8221;.bold&#8221;][\/vc_column_inner][vc_column_inner width=&#8221;1\/3&#8243;][vc_btn title=&#8221;Je suis un(e) \u00e9tudiant(e) int\u00e9ress\u00e9(e)&#8221; color=&#8221;info&#8221; align=&#8221;center&#8221; css_animation=&#8221;none&#8221; link=&#8221;url:https%3A%2F%2Fjaquebec.org%2Fjeunes%2Fprogramme-entreprise-etudiante%2F%23eleve-inscription|title:%5B%3Afr%5DEntreprise%20%C3%A9tudiante%20%E2%80%93%20Un%20programme%20qui%20changera%20ta%20vie!%5B%3Aen%5DCompany%20Program%5B%3A%5D||&#8221;][\/vc_column_inner][\/vc_row_inner][\/vc_column][\/vc_row][vc_row css=&#8221;.vc_custom_1752067141018{margin-top: 30px !important;}&#8221;][vc_column][vc_text_separator title=&#8221;Nous avons h\u00e2te de vous rencontrer !&#8221; css_animation=&#8221;none&#8221; css=&#8221;.vc_custom_1752165206551{margin-top: 30px !important;margin-bottom: 30px !important;}&#8221;][\/vc_column][\/vc_row][vc_row][vc_column][vc_column_text][\/vc_column_text][\/vc_column][\/vc_row]<\/p>","protected":false},"excerpt":{"rendered":"<p>[vc_row][vc_column][vc_column_text][\/vc_column_text][\/vc_column][\/vc_row][vc_row full_width=&#8221;stretch_row_content&#8221; css=&#8221;.vc_custom_1660934649973{margin-top: -80px !important;}&#8221;][vc_column][vc_single_image image=&#8221;7606&#8243; img_size=&#8221;full&#8221;][\/vc_column][\/vc_row][vc_row css=&#8221;.vc_custom_1610482659916{margin-top: -100px !important;}&#8221;][vc_column][vc_column_text css=&#8221;.vc_custom_1752065427381{padding-top: 20px !important;}&#8221;] Allez au bas de la page si vous \u00eates pr\u00eat \u00e0 vous inscrire ou cliquez sur ce raccourci. [\/vc_column_text][vc_row_inner content_placement=&#8221;middle&#8221;][vc_column_inner width=&#8221;1\/2&#8243;][vc_column_text]C&#8217;est un programme o\u00f9 les \u00e9tudiant(e)s peuvent lancer leurs entreprises sans risque financiers. Ils sont accompagn\u00e9s par des enseignants ou\/et des mentors [&hellip;]<\/p>\n","protected":false},"author":2,"featured_media":0,"parent":703,"menu_order":0,"comment_status":"closed","ping_status":"closed","template":"","meta":{"_lmt_disableupdate":"no","_lmt_disable":"","footnotes":""},"class_list":["post-707","page","type-page","status-publish","hentry"],"_links":{"self":[{"href":"https:\/\/jaquebec.org\/fr\/wp-json\/wp\/v2\/pages\/707","targetHints":{"allow":["GET"]}}],"collection":[{"href":"https:\/\/jaquebec.org\/fr\/wp-json\/wp\/v2\/pages"}],"about":[{"href":"https:\/\/jaquebec.org\/fr\/wp-json\/wp\/v2\/types\/page"}],"author":[{"embeddable":true,"href":"https:\/\/jaquebec.org\/fr\/wp-json\/wp\/v2\/users\/2"}],"replies":[{"embeddable":true,"href":"https:\/\/jaquebec.org\/fr\/wp-json\/wp\/v2\/comments?post=707"}],"version-history":[{"count":227,"href":"https:\/\/jaquebec.org\/fr\/wp-json\/wp\/v2\/pages\/707\/revisions"}],"predecessor-version":[{"id":13524,"href":"https:\/\/jaquebec.org\/fr\/wp-json\/wp\/v2\/pages\/707\/revisions\/13524"}],"up":[{"embeddable":true,"href":"https:\/\/jaquebec.org\/fr\/wp-json\/wp\/v2\/pages\/703"}],"wp:attachment":[{"href":"https:\/\/jaquebec.org\/fr\/wp-json\/wp\/v2\/media?parent=707"}],"curies":[{"name":"wp","href":"https:\/\/api.w.org\/{rel}","templated":true}]}}