{"id":711,"date":"2017-10-25T22:41:25","date_gmt":"2017-10-26T02:41:25","guid":{"rendered":"https:\/\/jaquebec.com\/?page_id=711"},"modified":"2023-11-02T10:51:49","modified_gmt":"2023-11-02T14:51:49","slug":"ecoles","status":"publish","type":"page","link":"https:\/\/jaquebec.org\/fr\/ecoles\/","title":{"rendered":"\u00c9coles"},"content":{"rendered":"<p>[vc_row full_width=&#8221;stretch_row_content&#8221; css=&#8221;.vc_custom_1660854406908{margin-top: -80px !important;}&#8221;][vc_column][vc_single_image image=&#8221;7648&#8243; img_size=&#8221;full&#8221; alignment=&#8221;center&#8221; css=&#8221;.vc_custom_1660854383754{background-color: #f3d8aa !important;}&#8221;][\/vc_column][\/vc_row][vc_row full_width=&#8221;stretch_row_content&#8221; css=&#8221;.vc_custom_1631645415010{background-color: #f3f6f8 !important;}&#8221;][vc_column][vc_empty_space][\/vc_column][\/vc_row][vc_row full_width=&#8221;stretch_row&#8221; css_animation=&#8221;fadeIn&#8221; css=&#8221;.vc_custom_1631644933251{background-color: #f3f6f8 !important;}&#8221;][vc_column][vc_column_text]<\/p>\n<h3 style=\"color: #00a0af; text-align: center;\"><strong>Offrir un programme JA dans votre \u00e9cole<\/strong><\/h3>\n<p>[\/vc_column_text][vc_empty_space][\/vc_column][\/vc_row][vc_row full_width=&#8221;stretch_row_content&#8221; gap=&#8221;20&#8243; full_height=&#8221;yes&#8221; equal_height=&#8221;yes&#8221; css_animation=&#8221;fadeIn&#8221; css=&#8221;.vc_custom_1631819498425{padding-right: 20px !important;padding-left: 20px !important;background-color: #f3f6f8 !important;}&#8221;][vc_column width=&#8221;1\/2&#8243; css=&#8221;.vc_custom_1631819506714{padding-top: 5px !important;padding-right: 10px !important;padding-bottom: 5px !important;padding-left: 10px !important;background-color: #ffffff !important;}&#8221;]<div class='headline with-icon text-center '><i class='fa fa-group'><\/i><h3>Mission de JA Qu\u00e9bec <\/h3><\/div>[vc_single_image image=&#8221;6593&#8243; img_size=&#8221;full&#8221; alignment=&#8221;center&#8221;][vc_column_text]<span style=\"color: #000000;\">JA Qu\u00e9bec forme des gens d\u2019affaires et des dirigeants d\u2019entreprise qui se d\u00e9placent dans les \u00e9coles de Montr\u00e9al et de la r\u00e9gion pour pr\u00e9senter, b\u00e9n\u00e9volement et gratuitement, des ateliers et des programmes de formation aux \u00e9l\u00e8ves \u00e2g\u00e9s de 10 \u00e0 18 ans.<\/span><\/p>\n<p><span style=\"color: #000000;\">Forts de leur expertise et de leurs exp\u00e9riences vari\u00e9es du monde des affaires, ils viennent directement dans votre salle de classe pour \u00e9duquer les \u00e9l\u00e8ves sur la litt\u00e9ratie financi\u00e8re, la pr\u00e9paration au march\u00e9 du travail ou l\u2019entrepreneuriat.<\/span><\/p>\n<p><span style=\"color: #000000;\"><strong>Nos programmes JA comprennent des activit\u00e9s pratiques, des discussions et du mentorat. Cela permet d\u2019impliquer les \u00e9l\u00e8ves et de s\u2019assurer qu\u2019ils retiennent et appliquent ce qu\u2019ils ont appris.<\/strong><\/span>[\/vc_column_text][\/vc_column][vc_column width=&#8221;1\/2&#8243; css=&#8221;.vc_custom_1631819513168{padding-top: 5px !important;padding-right: 10px !important;padding-bottom: 5px !important;padding-left: 10px !important;background-color: #ffffff !important;}&#8221;]<div class='headline with-icon text-center '><i class='fa fa-university'><\/i><h3>JA Qu\u00e9bec dans votre \u00e9cole<\/h3><\/div>[vc_single_image image=&#8221;6596&#8243; img_size=&#8221;full&#8221; alignment=&#8221;center&#8221;][vc_column_text]<\/p>\n<ul>\n<li><span style=\"color: #000000;\">Aider vos \u00e9l\u00e8ves \u00e0 r\u00e9ussir d&#8217;une mani\u00e8re simple et efficace, en encourageant la pers\u00e9v\u00e9rance scolaire et en favorisant l\u2019innovation<\/span><\/li>\n<li><span style=\"color: #000000;\">Permettre aux \u00e9l\u00e8ves d\u2019apprendre par l\u2019action<\/span><\/li>\n<li><span style=\"color: #000000;\">Faire le pont entre l\u2019\u00e9ducation et le monde des affaires<\/span><\/li>\n<li><span style=\"color: #000000;\">Apporter aux \u00e9l\u00e8ves la confiance et les comp\u00e9tences de base dont ils auront besoin sur le march\u00e9 du travail ou pour cr\u00e9er leur entreprise<\/span><\/li>\n<li><span style=\"color: #000000;\">D\u00e9velopper leurs aptitudes d\u2019entrepreneurs et de leaders<\/span><\/li>\n<\/ul>\n<p><span style=\"color: #000000;\"><strong>Votre \u00e9cole pourrait faire partie des prestigieux ambassadeurs qui contribuent \u00e0 la formation d\u2019une rel\u00e8ve qualifi\u00e9e et dynamique.<\/strong><\/span>[\/vc_column_text][\/vc_column][\/vc_row][vc_row full_width=&#8221;stretch_row&#8221; css_animation=&#8221;fadeIn&#8221; css=&#8221;.vc_custom_1631644933251{background-color: #f3f6f8 !important;}&#8221;][vc_column][vc_empty_space][\/vc_column][\/vc_row][vc_row css=&#8221;.vc_custom_1629215985991{margin-top: 20px !important;}&#8221;][vc_column][vc_empty_space height=&#8221;10px&#8221;]<div class='headline with-icon text-center '><i class='fa fa-child'><\/i><h3>Je suis int\u00e9ress\u00e9(e) \u00e0 en apprendre davantage sur vos ateliers et vos programmes pour mon \u00e9cole\/ma classe<\/h3><\/div>[vc_column_text]<\/p>\n<p style=\"text-align: center;\"><span style=\"color: #000000;\">Selon le temps dont vous disposez, nous vous aiderons \u00e0 trouver le programme qui vous convient et qui correspond aux objectifs de votre programme d\u2019\u00e9tudes. Nous ferons de notre mieux pour r\u00e9pondre \u00e0 vos besoins et respecter vos pr\u00e9f\u00e9rences.<\/span><\/p>\n<p>[\/vc_column_text][\/vc_column][\/vc_row][vc_row][vc_column][vc_btn title=&#8221;Contactez-nous&#8221; color=&#8221;info&#8221; align=&#8221;center&#8221; link=&#8221;url:mailto%3Ainfo%40jaquebec.org||target:%20_blank|&#8221; css=&#8221;.vc_custom_1698935806249{margin-top: 20px !important;}&#8221;][\/vc_column][\/vc_row][vc_row full_width=&#8221;stretch_row&#8221; parallax=&#8221;stellar&#8221; parallax_image=&#8221;6494&#8243; overlay_enable=&#8221;1&#8243; overlay_color=&#8221;#00763d&#8221; overlay_opacity=&#8221;0.6&#8243; berlin_font_color=&#8221;#ffffff&#8221;][vc_column][vc_empty_space]<div class='step-details text-left  vc_custom_1660854350730'><h2><\/h2><\/p>\n<div style=\"cursor: pointer\">\n<h2><a style=\"color: #ffffff\" href=\"https:\/\/jaquebec.org\/ecole-maquette\/\">Programmes scolaires<\/a><\/h2>\n<p><span style=\"color: #ffffff\"><strong>Destin\u00e9s aux \u00e9l\u00e8ves de la 4<sup>e<\/sup> ann\u00e9e du primaire au 5<sup>e<\/sup> secondaire.<\/strong><br \/>\nNos b\u00e9n\u00e9voles d\u2019affaires viennent animer des ateliers directement dans vos classes, en pr\u00e9sentiel ou en virtuel, ou bien nous vous donnons la formation qui vous permettra de les livrer vous-m\u00eame \u00e0 vos \u00e9l\u00e8ves.<br \/>\n<strong>Flexible, gratuit et c&#8217;est vous qui choisissez!<\/strong><br \/>\n<\/span><\/p>\n<\/div>\n<h1><span style=\"color: #ffffff;font-size: 100px\">PS<\/span><\/h1>\n<h3 style=\"color: #ffffff\"><a style=\"color: #ffffff\" href=\"https:\/\/jaquebec.org\/fr\/programmes\/programmes-scolaires\/\">En savoir plus<\/a><\/h3>\n<p><\/div>[vc_empty_space][\/vc_column][\/vc_row][vc_row full_width=&#8221;stretch_row&#8221; parallax=&#8221;stellar&#8221; parallax_image=&#8221;6511&#8243; overlay_enable=&#8221;1&#8243; overlay_color=&#8221;#00a0af&#8221; overlay_opacity=&#8221;0.6&#8243; berlin_font_color=&#8221;#ffffff&#8221;][vc_column][vc_empty_space]<div class='step-details text-left  vc_custom_1660854466617'><h2><\/h2><\/p>\n<h2><a style=\"color: #ffffff\" href=\"https:\/\/jaquebec.org\/fr\/programmes\/programme-entreprise-etudiante\/\">Programme Entreprise \u00c9tudiante<\/a><\/h2>\n<p><span style=\"color: #ffffff\"><strong>Destin\u00e9 aux \u00e9l\u00e8ves des 4<sup>e<\/sup> et 5<sup>e<\/sup> secondaire et de la 1<sup>re<\/sup> ann\u00e9e du C\u00e9gep<\/strong><\/span><br \/>\n<span style=\"color: #ffffff\">Cr\u00e9ation et gestion d\u2019une entreprise fictive allant jusqu\u2019\u00e0 sa liquidation 24 semaines plus tard. Le programme peut \u00eatre offert en scolaire, anim\u00e9 par l\u2019enseignant(e) qui re\u00e7oit une formation pr\u00e9alable, ou en parascolaire, anim\u00e9 par nos b\u00e9n\u00e9voles d\u2019affaires. Investissement requis de 10 $ par jeune pour l\u2019achat d\u2019une action d\u2019entreprise, avec un potentiel de r\u00e9cup\u00e9ration \u00e0 la hausse ou \u00e0 la baisse \u00e0 la fin du programme<\/span><br \/>\n<span style=\"color: #ffffff\"><strong>Inclut des concours et des \u00e9v\u00e9nements<\/strong><\/span><\/p>\n<h1><span style=\"color: #ffffff;font-size: 100px\">EE<\/span><\/h1>\n<h3><a style=\"color: #ffffff\" href=\"https:\/\/jaquebec.org\/fr\/programmes\/programme-entreprise-etudiante\/\">En savoir plus<\/a><\/h3>\n<p><\/div>[vc_empty_space][\/vc_column][\/vc_row][vc_row full_width=&#8221;stretch_row&#8221; parallax=&#8221;stellar&#8221; parallax_image=&#8221;6492&#8243; css_animation=&#8221;none&#8221; overlay_enable=&#8221;1&#8243; overlay_color=&#8221;#e2e214&#8243; overlay_opacity=&#8221;0.6&#8243; berlin_font_color=&#8221;#ffffff&#8221;][vc_column][vc_empty_space]<div class='step-details text-left  vc_custom_1660854674615'><h2><\/h2><\/p>\n<h2><a style=\"color: #00763d\" href=\"https:\/\/jaquebec.org\/fr\/programmes\/programme-entrepreneurs-juniors\/\">Programme Entrepreneurs Juniors<\/a><\/h2>\n<p><span style=\"color: #00763d\"><strong>Destin\u00e9 aux \u00e9l\u00e8ves des 5<sup>e<\/sup> et 6<sup>e<\/sup> ann\u00e9e du primaire, livr\u00e9 par l\u2019enseignant<\/strong><\/span><br \/>\n<span style=\"color: #00763d\">Ce programme offert en scolaire est livr\u00e9 par l\u2019enseignant(e) qui re\u00e7oit une formation pr\u00e9alable. Il permet aux \u00e9l\u00e8ves d\u2019explorer la cr\u00e9ation d\u2019une entreprise, de faire appel \u00e0 leur cr\u00e9ativit\u00e9 et de d\u00e9velopper leurs connaissances et leurs comp\u00e9tences.<\/span><br \/>\n<span style=\"color: #00763d\"><strong>Programme gratuit cl\u00e9 en main!<\/strong><\/span><\/p>\n<h1><span style=\"color: #00763d;font-size: 100px\">EJ<\/span><\/h1>\n<h3><a style=\"color: #00763d\" href=\"https:\/\/jaquebec.org\/fr\/programmes\/programme-entrepreneurs-juniors\/\">En savoir plus<\/a><\/h3>\n<p><\/div>[vc_empty_space][\/vc_column][\/vc_row][vc_row full_width=&#8221;stretch_row&#8221; css=&#8221;.vc_custom_1660854315060{padding-top: 35px !important;padding-right: 25px !important;padding-bottom: 25px !important;padding-left: 25px !important;background-color: #00763d !important;}&#8221;][vc_column][vc_column_text css=&#8221;.vc_custom_1631648724109{padding-top: 10px !important;padding-bottom: 10px !important;}&#8221;]<\/p>\n<h4 style=\"text-align: center;\"><span style=\"color: #ffffff;\"><strong>Important : Nous avons besoin de savoir 4 semaines \u00e0 l\u2019avance la date et l\u2019heure auxquelles vous souhaitez recevoir nos services afin que nous puissions trouver et former les b\u00e9n\u00e9voles ad\u00e9quatement.<\/strong><\/span><\/h4>\n<p>[\/vc_column_text][\/vc_column][\/vc_row][vc_row full_width=&#8221;stretch_row&#8221; parallax=&#8221;stellar&#8221; parallax_image=&#8221;7611&#8243; overlay_enable=&#8221;1&#8243; overlay_color=&#8221;#285f74&#8243; overlay_opacity=&#8221;0.6&#8243; css=&#8221;.vc_custom_1660849039556{padding-top: 150px !important;padding-bottom: 120px !important;}&#8221; berlin_font_color=&#8221;#ffffff&#8221;][vc_column width=&#8221;1\/4&#8243;][vc_btn title=&#8221;Donnez maintenant&#8221; style=&#8221;custom&#8221; custom_background=&#8221;#e3e24f&#8221; custom_text=&#8221;#22404d&#8221; size=&#8221;lg&#8221; align=&#8221;center&#8221; link=&#8221;url:https%3A%2F%2Fjaquebec.org%2Ffaire-un-don%2F|title:Donnez%20maintenant||&#8221; el_class=&#8221;.bold&#8221;][\/vc_column][vc_column width=&#8221;3\/4&#8243;][vc_column_text]<strong><span style=\"font-family: Montserrat; font-size: 22px;\">Merci d\u2019encourager JA Qu\u00e9bec! Votre don nous permet de continuer \u00e0 offrir nos programmes gratuitement<\/span><\/strong>[\/vc_column_text][\/vc_column][\/vc_row]<\/p>","protected":false},"excerpt":{"rendered":"<p>[vc_row full_width=&#8221;stretch_row_content&#8221; css=&#8221;.vc_custom_1660854406908{margin-top: -80px !important;}&#8221;][vc_column][vc_single_image image=&#8221;7648&#8243; img_size=&#8221;full&#8221; alignment=&#8221;center&#8221; css=&#8221;.vc_custom_1660854383754{background-color: #f3d8aa !important;}&#8221;][\/vc_column][\/vc_row][vc_row full_width=&#8221;stretch_row_content&#8221; css=&#8221;.vc_custom_1631645415010{background-color: #f3f6f8 !important;}&#8221;][vc_column][vc_empty_space][\/vc_column][\/vc_row][vc_row full_width=&#8221;stretch_row&#8221; css_animation=&#8221;fadeIn&#8221; css=&#8221;.vc_custom_1631644933251{background-color: #f3f6f8 !important;}&#8221;][vc_column][vc_column_text] Offrir un programme JA dans votre \u00e9cole [\/vc_column_text][vc_empty_space][\/vc_column][\/vc_row][vc_row full_width=&#8221;stretch_row_content&#8221; gap=&#8221;20&#8243; full_height=&#8221;yes&#8221; equal_height=&#8221;yes&#8221; css_animation=&#8221;fadeIn&#8221; css=&#8221;.vc_custom_1631819498425{padding-right: 20px !important;padding-left: 20px !important;background-color: #f3f6f8 !important;}&#8221;][vc_column width=&#8221;1\/2&#8243; css=&#8221;.vc_custom_1631819506714{padding-top: 5px !important;padding-right: 10px !important;padding-bottom: 5px !important;padding-left: 10px !important;background-color: #ffffff !important;}&#8221;][vc_single_image image=&#8221;6593&#8243; img_size=&#8221;full&#8221; alignment=&#8221;center&#8221;][vc_column_text]JA [&hellip;]<\/p>\n","protected":false},"author":2,"featured_media":0,"parent":0,"menu_order":0,"comment_status":"closed","ping_status":"closed","template":"","meta":{"_lmt_disableupdate":"","_lmt_disable":"","footnotes":""},"class_list":["post-711","page","type-page","status-publish","hentry"],"_links":{"self":[{"href":"https:\/\/jaquebec.org\/fr\/wp-json\/wp\/v2\/pages\/711","targetHints":{"allow":["GET"]}}],"collection":[{"href":"https:\/\/jaquebec.org\/fr\/wp-json\/wp\/v2\/pages"}],"about":[{"href":"https:\/\/jaquebec.org\/fr\/wp-json\/wp\/v2\/types\/page"}],"author":[{"embeddable":true,"href":"https:\/\/jaquebec.org\/fr\/wp-json\/wp\/v2\/users\/2"}],"replies":[{"embeddable":true,"href":"https:\/\/jaquebec.org\/fr\/wp-json\/wp\/v2\/comments?post=711"}],"version-history":[{"count":85,"href":"https:\/\/jaquebec.org\/fr\/wp-json\/wp\/v2\/pages\/711\/revisions"}],"predecessor-version":[{"id":10433,"href":"https:\/\/jaquebec.org\/fr\/wp-json\/wp\/v2\/pages\/711\/revisions\/10433"}],"wp:attachment":[{"href":"https:\/\/jaquebec.org\/fr\/wp-json\/wp\/v2\/media?parent=711"}],"curies":[{"name":"wp","href":"https:\/\/api.w.org\/{rel}","templated":true}]}}