{"id":784,"date":"2017-10-25T22:51:44","date_gmt":"2017-10-25T20:51:44","guid":{"rendered":"https:\/\/jaquebec.com\/?page_id=784"},"modified":"2024-01-24T15:32:32","modified_gmt":"2024-01-24T20:32:32","slug":"temoignages","status":"publish","type":"page","link":"https:\/\/jaquebec.org\/fr\/benevoles\/temoignages\/","title":{"rendered":"T\u00e9moignages"},"content":{"rendered":"<p>[vc_row full_width=&#8221;stretch_row_content&#8221; css=&#8221;.vc_custom_1660940872510{margin-top: -80px !important;}&#8221;][vc_column][vc_single_image image=&#8221;7606&#8243; img_size=&#8221;full&#8221;][\/vc_column][\/vc_row][vc_row css=&#8221;.vc_custom_1694617707718{margin-top: 20px !important;margin-bottom: 10px !important;}&#8221;][vc_column]<div class='headline with-icon text-center '><i class='fa fa-bullhorn'><\/i><h3>T\u00e9moignages<\/h3><\/div>[\/vc_column][\/vc_row][vc_row][vc_column][vc_column_text css=&#8221;.vc_custom_1524363210059{margin-bottom: 50px !important;}&#8221;]<\/p>\n<h3 style=\"text-align: center;\">Pour devenir b\u00e9n\u00e9vole, <a href=\"https:\/\/jaquebec.org\/benevoles\/mentors-recherches\/\">cliquez-ici<\/a>!<\/h3>\n<p>[\/vc_column_text][\/vc_column][\/vc_row][vc_row css=&#8221;.vc_custom_1695921917379{margin-top: -50px !important;}&#8221;][vc_column width=&#8221;2\/3&#8243;][vc_column_text]<\/p>\n<p style=\"text-align: justify;\"><span style=\"color: #000000;\"><span class=\"OYPEnA text-decoration-none text-strikethrough-none\"><span style=\"color: #000000;\">\u00ab\u00a0<\/span>Le cahier est un excellent guide, il nous fournit de nombreuses informations, mais une fois en classe, je pense que l&#8217;essentiel est de d\u00e9couvrir ce qui maintient les jeunes \u00e9veill\u00e9s et les encourage \u00e0 participer. Je crois fortement que chaque jeune apprend \u00e0 sa fa\u00e7on lors des ateliers et en garde une le\u00e7on <\/span><span class=\"OYPEnA text-decoration-none text-strikethrough-none\">peu importe le sujet &#8221;<\/span><\/span><\/p>\n<p style=\"text-align: justify;\"><span style=\"color: #000000;\"><strong><span class=\"OYPEnA text-decoration-none text-strikethrough-none\">Jean Abdallah, planificateur financier \u00e0 la banque TD<\/span><\/strong><\/span><\/p>\n<p>[\/vc_column_text][\/vc_column][vc_column width=&#8221;1\/3&#8243;][vc_single_image image=&#8221;10295&#8243; alignment=&#8221;center&#8221; style=&#8221;vc_box_circle_2&#8243;][\/vc_column][\/vc_row][vc_row css=&#8221;.vc_custom_1694617600055{margin-top: 50px !important;}&#8221;][vc_column width=&#8221;1\/4&#8243;][vc_single_image image=&#8221;10296&#8243; alignment=&#8221;center&#8221; style=&#8221;vc_box_circle_2&#8243;][\/vc_column][vc_column width=&#8221;3\/4&#8243;][vc_column_text]<\/p>\n<p style=\"text-align: justify;\"><span style=\"color: #000000;\"><span class=\"OYPEnA text-decoration-none text-strikethrough-none\"><span style=\"color: #000000;\">\u00ab<\/span>\u00a0C\u2019est une chance de pouvoir entrer en contact avec ces \u00e9l\u00e8ves plein de projets et de r\u00eaves, mais aussi avec tous ces enseignants qui ont le d\u00e9sir de transmettre connaissances et passion \u00e0 leurs \u00e9l\u00e8ves. Pr\u00e9senter ces ateliers est pour moi un pur bonheur. Merci \u00e0 JA Qu\u00e9bec de me permettre d\u2019aller \u00e0 la rencontre de ces \u00e9l\u00e8ves et de ces enseignants; au final, on est tous gagnants ! &#8221;<\/span><\/span><\/p>\n<p style=\"text-align: justify;\"><span style=\"color: #000000;\"><strong><span class=\"OYPEnA text-decoration-none text-strikethrough-none\">Elise Perreault, directrice de succursale \u00e0 Banque Nationale du Canada<\/span><\/strong><\/span><\/p>\n<p>[\/vc_column_text][\/vc_column][\/vc_row][vc_row css=&#8221;.vc_custom_1694615824597{margin-top: 50px !important;}&#8221;][vc_column width=&#8221;2\/3&#8243;][vc_column_text]<\/p>\n<p style=\"text-align: justify;\"><span class=\"OYPEnA text-decoration-none text-strikethrough-none\" style=\"color: #000000;\">\u00ab<\/span><span style=\"color: #000000;\"><span class=\"OYPEnA text-decoration-none text-strikethrough-none\">\u00a0J&#8217;ai eu la chance de rencontrer des jeunes du primaire et du secondaire pour explorer les piliers du d\u00e9veloppement personnel et commercial. Ce fut \u00e9mouvant de les voir \u00e9merveill\u00e9s par l&#8217;\u00e9ventail de possibilit\u00e9s de carri\u00e8re qu&#8217;ils peuvent construire de leur propre imagination, et ce, d\u00e8s maintenant &#8221;<\/span><\/span><\/p>\n<p style=\"text-align: justify;\"><span style=\"color: #000000;\"><strong><span class=\"OYPEnA text-decoration-none text-strikethrough-none\">Julianne O. Paradis, \u00e9tudiante B.Com, gestion internationale (COOP) \u00e0 l&#8217;\u00e9cole de gestion Telfer<\/span><\/strong><\/span><\/p>\n<p>[\/vc_column_text][\/vc_column][vc_column width=&#8221;1\/3&#8243;][vc_single_image image=&#8221;10293&#8243; alignment=&#8221;center&#8221; style=&#8221;vc_box_circle_2&#8243;][\/vc_column][\/vc_row][vc_row css=&#8221;.vc_custom_1694617519024{margin-top: 50px !important;}&#8221;][vc_column width=&#8221;1\/4&#8243;][vc_single_image image=&#8221;10294&#8243; alignment=&#8221;center&#8221; style=&#8221;vc_box_circle_2&#8243;][\/vc_column][vc_column width=&#8221;3\/4&#8243;][vc_column_text]<\/p>\n<p style=\"text-align: justify;\"><span style=\"color: #000000;\"><span class=\"OYPEnA text-decoration-none text-strikethrough-none\"><span style=\"color: #000000;\">\u00ab<\/span>\u00a0Entre ma vie de maman monoparentale et mon travail, c&#8217;est vrai que c&#8217;est une course tous les jours, mais j&#8217;essaye de toujours trouver le temps pour du b\u00e9n\u00e9volat. Partager mes connaissances avec des jeunes enfants passionn\u00e9s par le monde de la finance me fait \u00e9norm\u00e9ment de bien! Merci \u00e0 vous les programmes \u00e9ducatifs JA Qu\u00e9bec de nous faire confiance &#8221;<\/span><\/span><\/p>\n<p style=\"text-align: justify;\"><span style=\"color: #000000;\"><span class=\"OYPEnA text-decoration-none text-strikethrough-none\"><strong>Lamiae T. Directrice des services \u00e0 la client\u00e8le \u00e0 la Banque Nationale du Canada<\/strong><\/span><\/span><\/p>\n<p>[\/vc_column_text][\/vc_column][\/vc_row][vc_row css=&#8221;.vc_custom_1694617608741{margin-top: 50px !important;margin-bottom: 50px !important;}&#8221;][vc_column width=&#8221;2\/3&#8243;][vc_column_text]<\/p>\n<p style=\"text-align: justify;\"><span class=\"OYPEnA text-decoration-none text-strikethrough-none\" style=\"color: #000000;\"><span style=\"color: #000000;\"><span class=\"OYPEnA text-decoration-none text-strikethrough-none\"><span style=\"color: #000000;\">\u00ab<\/span>\u00a0<\/span><\/span>Pour eux, avoir une activit\u00e9 comme \u00e7a c\u2019est l\u2019id\u00e9e de cr\u00e9er une \u00e9tincelle, de d\u00e9montrer qu\u2019il y a une possibilit\u00e9 pour eux de prendre un autre chemin que d\u2019aller travailler en tant qu\u2019employ\u00e9 dans une entreprise, mais de travailler pour eux-m\u00eames. On remercie particuli\u00e8rement JA Qu\u00e9bec pour tous les efforts d\u00e9ploy\u00e9s \u00e0 trouver les conf\u00e9renciers qui se rapprochent le plus de nos \u00e9tudiants et du domaine dans lequel ils sont <span style=\"color: #000000;\"><span class=\"OYPEnA text-decoration-none text-strikethrough-none\">&#8221;<\/span><\/span><\/span><\/p>\n<p style=\"text-align: justify;\"><span class=\"OYPEnA text-decoration-none text-strikethrough-none\" style=\"color: #000000;\"> <strong>Christian Dugas, Professeur au C\u00e9gep \u00c9douard Montpetit<\/strong><\/span><\/p>\n<p>[\/vc_column_text][\/vc_column][vc_column width=&#8221;1\/3&#8243;][vc_single_image image=&#8221;10299&#8243; alignment=&#8221;center&#8221; style=&#8221;vc_box_circle_2&#8243;][\/vc_column][\/vc_row][vc_row css=&#8221;.vc_custom_1706122371313{margin-top: 50px !important;}&#8221;][vc_column width=&#8221;1\/4&#8243;][vc_single_image image=&#8221;10348&#8243; alignment=&#8221;center&#8221; style=&#8221;vc_box_circle_2&#8243;][\/vc_column][vc_column width=&#8221;3\/4&#8243;][vc_column_text]<span style=\"color: #000000;\">\u00ab Absolument ravi d\u2019avoir accompagn\u00e9 les \u00e9l\u00e8ves du Coll\u00e8ge Jean-Eudes sur leurs projets entrepreneuriaux de d\u00e9but d\u2019ann\u00e9e !\u00a0 \u00a0 \u00a0 \u00a0 \u00a0 \u00a0 \u00a0 \u00a0 \u00a0 \u00a0 \u00a0 \u00a0 \u00a0 \u00a0 \u00a0 \u00a0 \u00a0 \u00a0 \u00a0 \u00a0 \u00a0 \u00a0 \u00a0 Je vous recommande vivement l\u2019exp\u00e9rience qui joint l\u2019utile avec le fun <span class=\"OYPEnA text-decoration-none text-strikethrough-none\">&#8221;<\/span><\/span><\/p>\n<p><span style=\"color: #000000;\"><strong>Hanyin CHEN, PDG et co-fondateur ASKaFOX<\/strong><\/span>[\/vc_column_text][\/vc_column][\/vc_row][vc_row css=&#8221;.vc_custom_1706122367217{margin-top: 50px !important;}&#8221;][vc_column width=&#8221;2\/3&#8243;][vc_column_text]<\/p>\n<p style=\"text-align: justify;\"><span class=\"OYPEnA text-decoration-none text-strikethrough-none\" style=\"color: #000000;\">\u00ab\u00a0J&#8217;ai un parcours professionnel, disons, &#8230; <strong>atypique<\/strong> ! Et je consid\u00e8re que c&#8217;est un GROS avantage. Cette semaine, j&#8217;ai anim\u00e9 un atelier dans le cadre d&#8217;une classe d&#8217;orientation professionnelle au secondaire. J&#8217;ai partag\u00e9 mes connaissances et mon exp\u00e9rience, et je leur ai fait d\u00e9couvrir les diff\u00e9rentes facettes de l&#8217;entrepreneuriat, autant les c\u00f4t\u00e9s positifs que les d\u00e9fis. Je trouve important de pr\u00e9senter \u00e0 la g\u00e9n\u00e9ration de demain les options professionnelles s&#8217;offrant \u00e0 eux et de les encourager \u00e0 suivre des chemins&#8230; <strong>atypiques<\/strong> ! &#8221; <\/span><\/p>\n<p><span class=\"OYPEnA text-decoration-none text-strikethrough-none\" style=\"color: #000000;\"><strong><span class=\"OYPEnA text-decoration-none text-strikethrough-none\">Olivier Couette, propri\u00e9taire Agrotours Charlevoix<\/span><\/strong><\/span>[\/vc_column_text][\/vc_column][vc_column width=&#8221;1\/3&#8243;][vc_single_image image=&#8221;10363&#8243; alignment=&#8221;center&#8221; style=&#8221;vc_box_circle_2&#8243;][\/vc_column][\/vc_row][vc_row css=&#8221;.vc_custom_1695921905973{margin-top: 50px !important;}&#8221;][vc_column width=&#8221;1\/4&#8243;][vc_single_image image=&#8221;11317&#8243; alignment=&#8221;center&#8221; style=&#8221;vc_box_circle_2&#8243;][\/vc_column][vc_column width=&#8221;3\/4&#8243;][vc_column_text]<span style=\"color: #000000;\"><span class=\"OYPEnA text-decoration-none text-strikethrough-none\"><span style=\"color: #000000;\">\u00ab\u00a0<\/span>J&#8217;aimerais remercier Les programmes \u00e9ducatifs JA Qu\u00e9bec et Jessika Houde de m&#8217;avoir donn\u00e9 la chance de vivre mon r\u00eave en partageant mes connaissances en finance personnelle. J&#8217;ai une grande confiance en la prochaine g\u00e9n\u00e9ration, tr\u00e8s alerte et tr\u00e8s int\u00e9ress\u00e9e \u00e0 en apprendre davantage ! <\/span><span class=\"OYPEnA text-decoration-none text-strikethrough-none\">&#8221;<\/span><\/span><\/p>\n<p><span style=\"color: #000000;\"><strong><span class=\"OYPEnA text-decoration-none text-strikethrough-none\">Jeremy Tetreault, <\/span><span class=\"OYPEnA text-decoration-none text-strikethrough-none\">Conseiller en s\u00e9curit\u00e9 financi\u00e8re et repr\u00e9sentant en investissement<\/span><\/strong><\/span>[\/vc_column_text][\/vc_column][\/vc_row][vc_row css=&#8221;.vc_custom_1706127617740{margin-top: 50px !important;}&#8221;][vc_column width=&#8221;2\/3&#8243;][vc_column_text]<\/p>\n<p style=\"text-align: justify;\"><span class=\"OYPEnA text-decoration-none text-strikethrough-none\" style=\"color: #000000;\">\u00ab <span class=\"OYPEnA text-decoration-none text-strikethrough-none\"><span style=\"color: #000000;\">C<\/span>\u2019est une superbe opportunit\u00e9 que de pouvoir donner aux jeunes une structure ainsi que des conseils avis\u00e9s de la part de professionnels ext\u00e9rieurs. Cela correspondait \u00e0 mes valeurs personnelles de rendre \u00e0 la communaut\u00e9, de partager cela avec des \u00e9tudiants et de leur montrer un autre aspect du monde du travail, beaucoup plus dans la pratique et le concret <\/span>&#8221; <\/span><\/p>\n<p class=\"cvGsUA direction-ltr align-start para-style-body\"><span style=\"color: #000000;\"><strong><span class=\"OYPEnA text-decoration-none text-strikethrough-none\">Manon Serrault, <\/span><span class=\"OYPEnA text-decoration-none text-strikethrough-none\">Vice-Pr\u00e9sidente Adjoint au sein des affaires juridiques de la BNP Paribas<\/span><\/strong><\/span><\/p>\n<p>[\/vc_column_text][\/vc_column][vc_column width=&#8221;1\/3&#8243;][vc_single_image image=&#8221;11331&#8243; alignment=&#8221;center&#8221; style=&#8221;vc_box_circle_2&#8243;][\/vc_column][\/vc_row][vc_row css=&#8221;.vc_custom_1706127609228{margin-top: 50px !important;}&#8221;][vc_column width=&#8221;1\/4&#8243;][vc_single_image image=&#8221;11332&#8243; alignment=&#8221;center&#8221; style=&#8221;vc_box_circle_2&#8243;][\/vc_column][vc_column width=&#8221;3\/4&#8243;][vc_column_text]<span style=\"color: #000000;\"><span class=\"OYPEnA text-decoration-none text-strikethrough-none\"><span style=\"color: #000000;\">\u00ab Quand j\u2019\u00e9tais \u00e9t<\/span>udiant, je donnais moi-m\u00eame des cours de math\u00e9matiques aux enfants ; j\u2019avais d\u00e9j\u00e0 cette envie et cet enthousiasme d&#8217;accompagner les jeunes dans leurs d\u00e9marches d\u2019apprentissage. Nous aussi, nous avons \u00e0 apprendre de cette interaction. Que ce soit \u00e0 travers les ateliers que nous animons, en rencontrant cette jeunesse dynamique et volontaire, nous avons la chance de contribuer \u00e0 l\u2019impact et \u00e0 l\u2019engagement de JA Qu\u00e9bec, mais je pense que l\u2019on en retire \u00e9galement beaucoup de choses. C\u2019est vraiment enrichissant de ce point de vue-l\u00e0\u00a0<\/span><span class=\"OYPEnA text-decoration-none text-strikethrough-none\">&#8221;<\/span><\/span><\/p>\n<p><span style=\"color: #000000;\"><strong><span class=\"OYPEnA text-decoration-none text-strikethrough-none\">Cl\u00e9ment Thibaudier, Vice-Pr\u00e9sident Services Bancaires Globaux &#8211; Financement Entreprises, au sein de la BNP Paribas<\/span><\/strong><\/span>[\/vc_column_text][\/vc_column][\/vc_row][vc_row css=&#8221;.vc_custom_1706128110592{margin-top: 50px !important;}&#8221;][vc_column width=&#8221;2\/3&#8243;][vc_column_text]<\/p>\n<p style=\"text-align: justify;\"><span class=\"OYPEnA text-decoration-none text-strikethrough-none\" style=\"color: #000000;\">\u00ab Un aspect essentiel de mon interaction avec les jeunes, c&#8217;est l&#8217;ouverture vers la g\u00e9n\u00e9ration future, vers leur mentalit\u00e9 et leurs fa\u00e7ons de faire. C&#8217;est toujours tr\u00e8s int\u00e9ressant de faire face \u00e0 un nouveau groupe et de d\u00e9couvrir ce que je peux apprendre d&#8217;eux autant qu&#8217;eux peuvent apprendre de moi \u00bb<\/span><\/p>\n<p class=\"cvGsUA direction-ltr align-start para-style-body\"><strong><span style=\"color: #000000;\">Patrick Ghazal, Expert Produit chez IMDS Software<\/span><\/strong><\/p>\n<p>[\/vc_column_text][\/vc_column][vc_column width=&#8221;1\/3&#8243;][vc_single_image image=&#8221;11336&#8243; alignment=&#8221;center&#8221; style=&#8221;vc_box_circle_2&#8243;][\/vc_column][\/vc_row][vc_row css=&#8221;.vc_custom_1706128200390{margin-top: 50px !important;margin-bottom: 10px !important;}&#8221;][vc_column width=&#8221;1\/4&#8243;][vc_single_image image=&#8221;11339&#8243; alignment=&#8221;center&#8221; style=&#8221;vc_box_circle_2&#8243;][\/vc_column][vc_column width=&#8221;3\/4&#8243;][vc_column_text]<\/p>\n<p style=\"text-align: justify;\"><span class=\"OYPEnA text-decoration-none text-strikethrough-none\" style=\"color: #000000;\">\u00ab Ce que j\u2019aime dans le fait de donner des conf\u00e9rences, c\u2019est de voir leurs yeux briller quand ils entendent quelque chose qui fait \u00e9cho \u00e0 leur r\u00e9alit\u00e9. J\u2019ai envie qu\u2019ils voient \u00e0 quel point la ligne droite n\u2019est pas le seul chemin. Si mes conf\u00e9rences permettent \u00e0 ne serait-ce qu\u2019un seul jeune de se sentir confiant en lui et en son avenir, j\u2019aurai accompli ma mission ! \u00bb<\/span><\/p>\n<p class=\"cvGsUA direction-ltr align-start para-style-body\"><strong><span style=\"color: #000000;\"><span class=\"OYPEnA text-decoration-none text-strikethrough-none\">St\u00e9phanie Bernadet, <\/span><span class=\"OYPEnA text-decoration-none text-strikethrough-none\">PDG de Naturmania<\/span><\/span><\/strong><\/p>\n<p>[\/vc_column_text][\/vc_column][\/vc_row][vc_row css=&#8221;.vc_custom_1706128213475{margin-top: 20px !important;}&#8221;][vc_column][vc_column_text css=&#8221;.vc_custom_1660940890255{padding-bottom: 35px !important;}&#8221;]<\/p>\n<h3 style=\"text-align: center; color: #e6a50c;\"><span style=\"color: #00a0af;\">Pourquoi vous impliquez-vous aupr\u00e8s de JA Qu\u00e9bec ?<\/span><\/h3>\n<p>[\/vc_column_text][vc_single_image image=&#8221;1721&#8243; img_size=&#8221;full&#8221;][vc_column_text css=&#8221;.vc_custom_1660940897449{padding-top: 60px !important;padding-bottom: 35px !important;}&#8221;]<\/p>\n<h3 style=\"text-align: center; color: #e6a50c;\"><span style=\"color: #00a0af;\">Pourquoi faites-vous du b\u00e9n\u00e9volat?<\/span><\/h3>\n<p>[\/vc_column_text][vc_single_image image=&#8221;1725&#8243; img_size=&#8221;full&#8221;][\/vc_column][\/vc_row]<\/p>","protected":false},"excerpt":{"rendered":"<p>[vc_row full_width=&#8221;stretch_row_content&#8221; css=&#8221;.vc_custom_1660940872510{margin-top: -80px !important;}&#8221;][vc_column][vc_single_image image=&#8221;7606&#8243; img_size=&#8221;full&#8221;][\/vc_column][\/vc_row][vc_row css=&#8221;.vc_custom_1694617707718{margin-top: 20px !important;margin-bottom: 10px !important;}&#8221;][vc_column][\/vc_column][\/vc_row][vc_row][vc_column][vc_column_text css=&#8221;.vc_custom_1524363210059{margin-bottom: 50px !important;}&#8221;] Pour devenir b\u00e9n\u00e9vole, cliquez-ici! [\/vc_column_text][\/vc_column][\/vc_row][vc_row css=&#8221;.vc_custom_1695921917379{margin-top: -50px !important;}&#8221;][vc_column width=&#8221;2\/3&#8243;][vc_column_text] \u00ab\u00a0Le cahier est un excellent guide, il nous fournit de nombreuses informations, mais une fois en classe, je pense que l&#8217;essentiel est de d\u00e9couvrir ce qui maintient les jeunes \u00e9veill\u00e9s et [&hellip;]<\/p>\n","protected":false},"author":2,"featured_media":0,"parent":717,"menu_order":0,"comment_status":"closed","ping_status":"closed","template":"","meta":{"_lmt_disableupdate":"","_lmt_disable":"","footnotes":""},"class_list":["post-784","page","type-page","status-publish","hentry"],"_links":{"self":[{"href":"https:\/\/jaquebec.org\/fr\/wp-json\/wp\/v2\/pages\/784","targetHints":{"allow":["GET"]}}],"collection":[{"href":"https:\/\/jaquebec.org\/fr\/wp-json\/wp\/v2\/pages"}],"about":[{"href":"https:\/\/jaquebec.org\/fr\/wp-json\/wp\/v2\/types\/page"}],"author":[{"embeddable":true,"href":"https:\/\/jaquebec.org\/fr\/wp-json\/wp\/v2\/users\/2"}],"replies":[{"embeddable":true,"href":"https:\/\/jaquebec.org\/fr\/wp-json\/wp\/v2\/comments?post=784"}],"version-history":[{"count":40,"href":"https:\/\/jaquebec.org\/fr\/wp-json\/wp\/v2\/pages\/784\/revisions"}],"predecessor-version":[{"id":11343,"href":"https:\/\/jaquebec.org\/fr\/wp-json\/wp\/v2\/pages\/784\/revisions\/11343"}],"up":[{"embeddable":true,"href":"https:\/\/jaquebec.org\/fr\/wp-json\/wp\/v2\/pages\/717"}],"wp:attachment":[{"href":"https:\/\/jaquebec.org\/fr\/wp-json\/wp\/v2\/media?parent=784"}],"curies":[{"name":"wp","href":"https:\/\/api.w.org\/{rel}","templated":true}]}}