{"id":9537,"date":"2023-06-19T16:39:50","date_gmt":"2023-06-19T20:39:50","guid":{"rendered":"https:\/\/jaquebec.org\/?page_id=9537"},"modified":"2024-03-05T15:52:49","modified_gmt":"2024-03-05T20:52:49","slug":"journees-ja","status":"publish","type":"page","link":"https:\/\/jaquebec.org\/fr\/journees-ja\/","title":{"rendered":"Journ\u00e9es JA"},"content":{"rendered":"<p>[vc_row css=&#8221;.vc_custom_1709153454587{margin-top: -50px !important;}&#8221;][vc_column][vc_column_text]<\/p>\n<h3 style=\"text-align: center;\">LES JOURN\u00c9ES JA<\/h3>\n<p>[\/vc_column_text][\/vc_column][\/vc_row][vc_row][vc_column width=&#8221;2\/3&#8243;][vc_column_text css=&#8221;.vc_custom_1709671561617{margin-top: 20px !important;}&#8221;]<\/p>\n<p style=\"text-align: center;\"><strong><span style=\"color: #000000;\">Retour sur l&#8217;Atelier Dragons au C\u00e9gep \u00c9douard-Montpetit &#8211; 1er mars 2024<\/span><\/strong><\/p>\n<p style=\"text-align: justify;\"><span style=\"color: #000000;\">Vendredi dernier, nous avons eu le plaisir d&#8217;organiser une journ\u00e9e partenaire au C\u00e9gep \u00c9douard-Montpetit. Deux de nos programmes scolaires, &#8220;Un Monde de Choix&#8221; et &#8220;Soyez Entrepreneur&#8221;, ont \u00e9t\u00e9 pr\u00e9sent\u00e9s. <\/span><span style=\"color: #000000;\">Les \u00e9tudiants ont eu l&#8217;opportunit\u00e9 de d\u00e9velopper leurs comp\u00e9tences en affaires et en entrepreneuriat en pr\u00e9parant et en pr\u00e9sentant un pitch devant un jury compos\u00e9 de mentors, dans un format inspir\u00e9 de l&#8217;\u00e9mission &#8220;Dans l&#8217;\u0152il du Dragon&#8221;! \ud83d\udc09<\/span><\/p>\n<p style=\"text-align: justify;\"><span style=\"color: #000000;\">Nous tenons \u00e0 exprimer notre profonde gratitude envers nos conf\u00e9renciers, <strong><a href=\"https:\/\/www.linkedin.com\/in\/taingbilly\/\">Billy Taing<\/a><\/strong> de <a href=\"https:\/\/www.iaiao.dev\/fr\"><strong>IAIAO<\/strong><\/a> et <strong><a href=\"https:\/\/www.linkedin.com\/in\/im%C3%A8ne-menouar-0575331b5\/\">Im\u00e8ne Menouar<\/a><\/strong>, Agent de recouvrement \u00e0 <a href=\"https:\/\/www.canada.ca\/fr\/agence-revenu.html\"><strong>l&#8217;Agence du revenu du Canada<\/strong><\/a>, pour leur pr\u00e9cieuse contribution \u00e0 cet \u00e9v\u00e9nement. Un grand merci \u00e9galement \u00e0 <a href=\"https:\/\/www.linkedin.com\/in\/alinamrut\/\"><strong>Alina Mrut<\/strong><\/a>, partenaire financier commercial \u00e0 la <a href=\"https:\/\/www.bmo.com\/principal\/particuliers\/comptes-bancaires\/nouveau-compte-bancaire-offres-et-promotions-1\/\"><strong>BMO<\/strong><\/a>, et <strong><a href=\"https:\/\/www.linkedin.com\/in\/rolex-taing-794a96183\/\">Rolex Taing<\/a><\/strong>, ing\u00e9nieur DevOps chez <strong><a href=\"https:\/\/www.desjardins.com\/qc\/fr.html\">Desjardins<\/a><\/strong>, pour avoir compl\u00e9t\u00e9 le jury. Votre d\u00e9vouement et votre soutien sont inestimables! Un grand MERCI \ud83d\ude4c<\/span><\/p>\n<p>[\/vc_column_text][\/vc_column][vc_column width=&#8221;1\/3&#8243;][vc_images_carousel images=&#8221;11924,11921,11929,11927,11926,11923,11925,11922,11928,11920&#8243; img_size=&#8221;medium&#8221; speed=&#8221;9000&#8243; autoplay=&#8221;yes&#8221; hide_pagination_control=&#8221;yes&#8221; hide_prev_next_buttons=&#8221;yes&#8221; wrap=&#8221;yes&#8221; css=&#8221;.vc_custom_1709671627114{margin-top: 95px !important;margin-left: 30px !important;}&#8221;][\/vc_column][\/vc_row][vc_row css=&#8221;.vc_custom_1709671656272{margin-top: 50px !important;}&#8221;][vc_column width=&#8221;2\/3&#8243;][vc_column_text]<\/p>\n<p style=\"text-align: center;\"><span style=\"color: #000000;\"><strong>Immersion dans le monde des m\u00e9tiers sp\u00e9cialis\u00e9s et de la technologie au coll\u00e8ge La Cit\u00e9 &#8211; 22 f\u00e9vrier 2024<\/strong><\/span><\/p>\n<p style=\"text-align: justify;\"><span style=\"color: #000000;\">Le 22 f\u00e9vrier, nous avons eu l&#8217;honneur de coorganiser un sommet en partenariat avec <strong><a href=\"https:\/\/www.collegesinstitutes.ca\/fr\/\">CICan<\/a> <\/strong>(Coll\u00e8ges et instituts Canada), JA Ottawa, ainsi que <a href=\"https:\/\/www.rbcroyalbank.com\/fr\/personal.html\"><strong>RBC<\/strong><\/a>. Cette collaboration a permis d&#8217;accueillir 59 \u00e9l\u00e8ves de 9e et 10e ann\u00e9e du <a href=\"https:\/\/www.collegelacite.ca\/\"><strong>Coll\u00e8ge La Cit\u00e9<\/strong><\/a> pour une journ\u00e9e immersive dans le monde des m\u00e9tiers sp\u00e9cialis\u00e9s et de la technologie.<\/span><\/p>\n<p style=\"text-align: justify;\"><span style=\"color: #000000;\">\ud83c\udfaf<strong> L&#8217;objectif ?<\/strong> Leur faire d\u00e9couvrir les carri\u00e8res passionnantes qui les attendent dans le domaine de la technologie et des m\u00e9tiers sp\u00e9cialis\u00e9s.<\/span><\/p>\n<p style=\"text-align: justify;\"><span style=\"color: #000000;\">\ud83d\udcbc <strong>Au Programme : <\/strong><\/span><span style=\"color: #000000;\">Sous le th\u00e8me &#8220;M\u00e9tiers et Technologies &#8211; un monde de choix&#8221;, les \u00e9l\u00e8ves ont eu l&#8217;opportunit\u00e9 d&#8217;explorer diverses carri\u00e8res avec des professionnel.le.s passionn\u00e9.e.s. De plus, ils ont pu visiter des laboratoires et des installations pour se familiariser avec le milieu de travail dans ces domaines.<\/span><\/p>\n<p style=\"text-align: justify;\"><span style=\"color: #000000;\">Restez \u00e0 l&#8217;aff\u00fbt pour plus d&#8217;initiatives passionnantes visant \u00e0 inspirer et \u00e0 pr\u00e9parer la prochaine g\u00e9n\u00e9ration de talents dans les m\u00e9tiers et technologies ! \ud83d\udca1<img loading=\"lazy\" decoding=\"async\" class=\"wp-image-10258 alignright\" src=\"https:\/\/jaquebec.org\/wp-content\/uploads\/2023\/09\/6-min-6.png\" alt=\"\" width=\"289\" height=\"181\" \/><\/span><\/p>\n<p><img loading=\"lazy\" decoding=\"async\" class=\"wp-image-11559 alignleft\" src=\"https:\/\/jaquebec.org\/wp-content\/uploads\/2024\/02\/logo-fr-min.png\" alt=\"\" width=\"255\" height=\"90\" srcset=\"https:\/\/jaquebec.org\/wp-content\/uploads\/2024\/02\/logo-fr-min.png 794w, https:\/\/jaquebec.org\/wp-content\/uploads\/2024\/02\/logo-fr-min-300x106.png 300w, https:\/\/jaquebec.org\/wp-content\/uploads\/2024\/02\/logo-fr-min-768x271.png 768w, https:\/\/jaquebec.org\/wp-content\/uploads\/2024\/02\/logo-fr-min-380x134.png 380w\" sizes=\"auto, (max-width: 255px) 100vw, 255px\" \/>[\/vc_column_text][\/vc_column][vc_column width=&#8221;1\/3&#8243;][vc_images_carousel images=&#8221;11541,11509,11510,11524,11513,11516,11521,11514,11515,11517,11518,11519,11520,11522,11523,11525,11526,11527,11528,11529,11530,11531,11532,11533,11534,11535,11536,11537,11538,11511,11539,11540,11542,11543,11544,11545,11546,11547,11512,11548&#8243; img_size=&#8221;medium&#8221; autoplay=&#8221;yes&#8221; hide_pagination_control=&#8221;yes&#8221; hide_prev_next_buttons=&#8221;yes&#8221; wrap=&#8221;yes&#8221; css=&#8221;.vc_custom_1709671588637{margin-top: 95px !important;margin-left: 30px !important;}&#8221;][\/vc_column][\/vc_row][vc_row][vc_column width=&#8221;2\/3&#8243;][vc_column_text]<\/p>\n<p style=\"text-align: center;\"><span style=\"color: #000000;\"><strong>March\u00e9 de No\u00ebl de JA Qu\u00e9bec &#8211; 12 d\u00e9cembre 2023<\/strong><\/span><\/p>\n<p style=\"text-align: justify;\"><span style=\"color: #000000;\">Un grand merci \u00e0 tous ceux et \u00e0 toutes celles qui sont venus soutenir nos Entreprises \u00c9tudiantes lors du march\u00e9 de No\u00ebl de JA Qu\u00e9bec! Nous remercions tout particuli\u00e8rement nos jeunes entrepreneurs pour leurs implications ainsi que leurs mentors, les enseignants, nos b\u00e9n\u00e9voles d\u00e9vou\u00e9s, nos partenaires financiers et le coll\u00e8ge Jean-de-Br\u00e9beuf! Nous sommes fiers de vous annoncer un r\u00e9sultat des ventes de <strong><span class=\"ui-provider ed bdx azt cen ceo cep ceq cer ces cet ceu cev cew cex cey cez cfa cfb cfc cfd cfe cff cfg cfh cfi cfj cfk cfl cfm cfn cfo cfp cfq cfr cfs\" dir=\"ltr\">5786.50<\/span>$<\/strong>. L\u2019Entreprise \u00c9tudiante <strong>Projet Mercure\u00a0<\/strong>a gagn\u00e9 le prix du meilleur kiosque du march\u00e9 de No\u00ebl ! <strong>Art &amp; Myst<\/strong> arrive \u00e0 la deuxi\u00e8me place,\u00a0ex aequo avec <strong>Prestige<\/strong>.\u00a0Le prix du meilleur kiosque du march\u00e9 de No\u00ebl a \u00e9t\u00e9 d\u00e9cern\u00e9 en tenant compte de la qualit\u00e9 du\u00a0discours de vente, du produit et de la d\u00e9coration du stand. L\u2019entreprise <strong>Projet Mercure <\/strong>remporte le concours du meilleur chiffre de ventes du march\u00e9 de No\u00ebl avec <span class=\"ui-provider ed bdx azt cen ceo cep ceq cer ces cet ceu cev cew cex cey cez cfa cfb cfc cfd cfe cff cfg cfh cfi cfj cfk cfl cfm cfn cfo cfp cfq cfr cfs\" dir=\"ltr\">2640 <\/span>$.\u00a0L\u2019entreprise\u00a0<strong>Projet Mercure<\/strong> a \u00e9galement les meilleures ventes en termes de quantit\u00e9 avec un total de 48 unit\u00e9s vendues. F\u00e9licitations \u00e0 toutes les entreprises et merci \u00e0 tous et toutes pour votre participation! Merci \u00e0\u00a0<a href=\"https:\/\/www.linkedin.com\/company\/ordre-des-cpa-du-qu-bec\/\"><strong>l\u2019ordre des CPA au Qu\u00e9bec<\/strong><\/a>\u00a0(l\u2019ordre des comptables professionnels agr\u00e9\u00e9s du Qu\u00e9bec) pour avoir donn\u00e9 un atelier participatif et un quizz \u00e9ducatif Kahoot avant le d\u00e9but du march\u00e9 de No\u00ebl.<\/span><\/p>\n<p><img loading=\"lazy\" decoding=\"async\" class=\" wp-image-2413 aligncenter\" src=\"https:\/\/jaquebec.org\/wp-content\/uploads\/2018\/04\/Logo-CPA.jpg\" alt=\"\" width=\"226\" height=\"80\" srcset=\"https:\/\/jaquebec.org\/wp-content\/uploads\/2018\/04\/Logo-CPA.jpg 336w, https:\/\/jaquebec.org\/wp-content\/uploads\/2018\/04\/Logo-CPA-300x106.jpg 300w\" sizes=\"auto, (max-width: 226px) 100vw, 226px\" \/>[\/vc_column_text][\/vc_column][vc_column width=&#8221;1\/3&#8243;][vc_images_carousel images=&#8221;10879,10874,10873,10861,10858,10855,10854,10852,10851,10880,10849,10847,10843,10842,10845,10841,10836,10881,10835,10834,10819,10833,10830,10829,10827,10826,10840&#8243; img_size=&#8221;medium&#8221; autoplay=&#8221;yes&#8221; hide_pagination_control=&#8221;yes&#8221; hide_prev_next_buttons=&#8221;yes&#8221; wrap=&#8221;yes&#8221; css=&#8221;.vc_custom_1709152164318{margin-top: 95px !important;margin-left: 30px !important;}&#8221;][\/vc_column][\/vc_row][vc_row css=&#8221;.vc_custom_1700515485955{margin-top: 50px !important;}&#8221;][vc_column width=&#8221;2\/3&#8243;][vc_column_text css=&#8221;.vc_custom_1704740358425{margin-top: 20px !important;}&#8221;]<\/p>\n<p style=\"text-align: center;\"><span style=\"color: #000000;\"><strong>Formation des Pr\u00e9sidents et des V.P. des Entreprises \u00c9tudiantes \u00e0 HEC Montr\u00e9al &#8211; Samedi 2 d\u00e9cembre 2023<\/strong><\/span><\/p>\n<p style=\"text-align: justify;\"><span style=\"color: #000000;\">Un grand merci \u00e0 nos b\u00e9n\u00e9voles d\u00e9vou\u00e9s pour leur participation \u00e0 la journ\u00e9e de formation des pr\u00e9sidents, des V.P. finances, technologie de l\u2019information, production, marketing et ressources humaines des entreprises \u00e9tudiantes \u00e0 HEC Montr\u00e9al samedi dernier ! Gr\u00e2ce \u00e0 votre soutien, nous avons form\u00e9 195 jeunes ce jour-l\u00e0 (environ une trentaine d\u2019entreprises \u00e9tudiantes). L\u2019apr\u00e8s-midi, les jeunes ont pu participer \u00e0 des activit\u00e9s de team building, notamment en pr\u00e9sentant des discours de vente.<\/span><\/p>\n<p style=\"text-align: justify;\"><span style=\"color: #000000;\">Un grand merci \u00e0\u00a0<strong><a href=\"https:\/\/www.linkedin.com\/in\/jordan-madore-a6669474\/\">Jordan Madore<\/a>, <a href=\"https:\/\/www.linkedin.com\/in\/ghazalpatrick\/\">Patrick Ghazal<\/a>, <a href=\"https:\/\/www.linkedin.com\/in\/nyrlandemarcellus\/\">Nyrlande Marcellus<\/a>, <a href=\"https:\/\/www.linkedin.com\/in\/nicolas-dostie-42093720b\/\">Nicolas Dostie<\/a>, <a href=\"https:\/\/www.linkedin.com\/in\/gabryelcarignan\/\">Gabryel Duck<\/a>, <a href=\"https:\/\/www.linkedin.com\/in\/ghassan-chemali-8abb55b5\/\">Chemali Gassan<\/a>, Fran\u00e7ois B\u00e9langer, Nacer Zhara, <a href=\"https:\/\/www.linkedin.com\/in\/m-hamed-mobarki-28b7b5b3\/\">M\u2019Hamed Mobarki<\/a>, <a href=\"https:\/\/www.linkedin.com\/in\/longjing-c-a40b10238\/\">LongJing Chu<\/a>, <a href=\"https:\/\/www.linkedin.com\/in\/joanne-ly\/\">Joanne Ly<\/a>, <a href=\"https:\/\/www.linkedin.com\/in\/claire-keller-828262174\/\">Claire Keller<\/a>, <a href=\"https:\/\/www.linkedin.com\/in\/ma%C3%ABlle-michelet-309b74153\/\">Maelle Michelet<\/a> et <a href=\"https:\/\/www.linkedin.com\/in\/carolinefontaine\/\">Caroline Schnoering<\/a><\/strong>.<\/span><\/p>\n<p>[\/vc_column_text][\/vc_column][vc_column width=&#8221;1\/3&#8243;][vc_video link=&#8221;https:\/\/www.youtube.com\/watch?v=8qoHjjd-AYE&#8221; css=&#8221;.vc_custom_1709152169605{margin-top: 30px !important;margin-left: 30px !important;}&#8221;][\/vc_column][\/vc_row][vc_row css=&#8221;.vc_custom_1700515485955{margin-top: 50px !important;}&#8221;][vc_column width=&#8221;2\/3&#8243;][vc_column_text css=&#8221;.vc_custom_1704738581458{margin-top: 20px !important;}&#8221;]<\/p>\n<p style=\"text-align: center;\"><strong><span style=\"color: #000000;\">Journ\u00e9e partenaire EY \u00e0 l&#8217;\u00e9cole La Voie &#8211; 17 novembre 2023<\/span><\/strong><\/p>\n<p style=\"text-align: justify;\"><span style=\"color: #000000;\"><span style=\"color: #000000;\">Ce vendredi 17 novembre 2023, nous avons livr\u00e9 nos programmes <strong>\u00ab L\u2019\u00e9conomie pour le succ\u00e8s\u00a0\u00bb\u00a0et\u00a0\u00ab\u00a0Un monde de choix\u00a0\u00bb<\/strong>\u00a0\u00e0 huit classes de secondaire \u00e0 l\u2019\u00e9cole La Voie.\u00a0<strong>240 \u00e9l\u00e8ves<\/strong>\u00a0ont ainsi \u00e9t\u00e9 form\u00e9s avec l\u2019aide de nos b\u00e9n\u00e9voles. Le succ\u00e8s de cette journ\u00e9e n\u2019aurait pas \u00e9t\u00e9 possible sans le soutien de notre partenaire\u00a0<strong><a href=\"https:\/\/www.ey.com\/fr_ca\">EY<\/a><\/strong>. <\/span><\/span><\/p>\n<p style=\"text-align: justify;\"><span style=\"color: #000000;\"><span style=\"color: #000000;\">Un grand merci \u00e0 tous ceux qui ont contribu\u00e9 \u00e0 faire de cette journ\u00e9e un succ\u00e8s retentissant:\u00a0<strong><a href=\"https:\/\/www.linkedin.com\/in\/alain-ghobril-87a5891a9\/\">Alain Ghobril<\/a>, <a href=\"https:\/\/www.linkedin.com\/in\/clement-thibaudier-a48b72\/\">Cl\u00e9ment Thibaudier<\/a>, <a href=\"https:\/\/www.linkedin.com\/in\/rachel-simmons-464b0594\/\">Rachel Simmons<\/a>, <a href=\"https:\/\/www.linkedin.com\/in\/christophe-thibodeau\/\">Christophe Thibodeau<\/a>, <a href=\"https:\/\/www.linkedin.com\/in\/steven-arsan-a048b3168\/\">Steven Arsan<\/a>, <a href=\"https:\/\/www.linkedin.com\/in\/ma%C3%ABlle-michelet-309b74153\/\">Maelle Michelet<\/a>, <a href=\"https:\/\/www.linkedin.com\/in\/joanne-ly\/\">Joanne Ly<\/a>, <a href=\"https:\/\/www.linkedin.com\/in\/pascale-attendu-0462a3120\/\">Pascale Attendu<\/a><\/strong> et <a href=\"https:\/\/www.linkedin.com\/in\/sharis-malians\/\"><strong>Sharis\u00a0Malians<\/strong><\/a>.<\/span><\/span><\/p>\n<p><img loading=\"lazy\" decoding=\"async\" class=\" wp-image-6670 aligncenter\" src=\"https:\/\/jaquebec.org\/wp-content\/uploads\/2021\/09\/EY-modif-1.png\" alt=\"\" width=\"93\" height=\"95\" \/>[\/vc_column_text][\/vc_column][vc_column width=&#8221;1\/3&#8243;][vc_video link=&#8221;https:\/\/www.youtube.com\/watch?v=JkvC5luohY4&#8243; css=&#8221;.vc_custom_1709152175512{margin-top: 30px !important;margin-left: 30px !important;}&#8221;][\/vc_column][\/vc_row][vc_row css=&#8221;.vc_custom_1686587243831{margin-top: 20px !important;}&#8221;][vc_column width=&#8221;2\/3&#8243;][vc_column_text css=&#8221;.vc_custom_1690314916051{margin-top: 20px !important;}&#8221;]<\/p>\n<p style=\"text-align: center;\"><span style=\"color: #000000;\"><strong>Cap Campus &#8211; Atelier \u00ab <\/strong><\/span><span style=\"color: #000000;\"><strong>Dans l&#8217;oeil du dragon&#8221; &#8211; 27 juillet 2023<\/strong><\/span><\/p>\n<p style=\"text-align: justify;\"><span style=\"color: #000000;\">\ud83d\udce3 <strong><a style=\"color: #000000;\" href=\"https:\/\/www.linkedin.com\/company\/cap-campus\/\">Cap campus<\/a><\/strong> r\u00e9unit la communaut\u00e9 de l&#8217;Universit\u00e9 de Montr\u00e9al pour offrir aux \u00e9l\u00e8ves du secondaire et du c\u00e9gep une exp\u00e9rience unique qui les \u00e9claire sur les perspectives d&#8217;\u00e9tudes et de carri\u00e8re, les encourageant \u00e0 se d\u00e9passer. Cet \u00e9v\u00e9nement propose des conf\u00e9rences, ateliers, mentorats, visites du campus et activit\u00e9s de r\u00e9seautage, permettant \u00e0 chacun de trouver sa voie et de devenir un acteur cl\u00e9 dans la soci\u00e9t\u00e9.<\/span><\/p>\n<p style=\"text-align: justify;\"><span style=\"color: #000000;\">\ud83d\uddd3\ufe0f Le 27 juillet, JA Qu\u00e9bec organise l&#8217;atelier \u00ab Dans l&#8217;oeil du dragon&#8221;, un programme qui initie les jeunes au monde de l&#8217;entrepreneuriat. Les participants auront l&#8217;opportunit\u00e9 de pr\u00e9parer des pitchs de vente pour pr\u00e9senter leurs projets innovants et originaux face \u00e0 un panel de juges experts. <a href=\"https:\/\/www.linkedin.com\/in\/nicolas-dostie-42093720b\/\"><strong>Nicolas Dostie<\/strong><\/a> (Alumni JA Qu\u00e9bec et ancien pr\u00e9sident de l\u2019entreprise \u00e9tudiante Arri\u00e8re-Saison) aura l&#8217;honneur de donner une conf\u00e9rence dans le cadre de cet \u00e9v\u00e9nement. Cette exp\u00e9rience interactive et enrichissante leur permettra de d\u00e9couvrir concr\u00e8tement le monde de l&#8217;entrepreneuriat et de b\u00e9n\u00e9ficier des conseils avis\u00e9s des juges pour d\u00e9velopper leurs comp\u00e9tences entrepreneuriales. <\/span><span style=\"color: #000000;\">Ne manquez pas cette occasion exceptionnelle de vous exercer devant des professionnels aguerris et de d\u00e9couvrir le potentiel de l&#8217;entrepreneuriat. Rejoignez-nous pour cette journ\u00e9e stimulante et inspirante! <strong><a href=\"https:\/\/capcampus.umontreal.ca\/vous-etes\/eleves-du-secondaire-et-cegepiennes\/\">D\u00e9couvrez Cap Campus et inscrivez-vous<\/a><\/strong><\/span><\/p>\n<p>[\/vc_column_text][\/vc_column][vc_column width=&#8221;1\/3&#8243;][vc_images_carousel images=&#8221;10055,10053,10049,10051,10052,10054,10050&#8243; img_size=&#8221;medium&#8221; autoplay=&#8221;yes&#8221; hide_pagination_control=&#8221;yes&#8221; css=&#8221;.vc_custom_1709152180937{margin-top: 125px !important;margin-left: 30px !important;}&#8221;][\/vc_column][\/vc_row][vc_row css=&#8221;.vc_custom_1686587243831{margin-top: 20px !important;}&#8221;][vc_column width=&#8221;2\/3&#8243;][vc_column_text css=&#8221;.vc_custom_1690314837895{margin-top: 20px !important;}&#8221;]<\/p>\n<p style=\"text-align: center;\"><span style=\"color: #000000;\"><strong>Les olympiades de la diversit\u00e9 au Patro de Charlesbourg &#8211; 19 juillet 2023<\/strong><\/span><\/p>\n<p style=\"text-align: justify;\"><span style=\"color: #000000;\">Le 19 juillet, JA Qu\u00e9bec a donn\u00e9 le programme\u00a0<strong>\u2018\u2019Plus forts ensemble : la diversit\u00e9 en action\u2019\u2019<\/strong>\u00a0\u00e0 plus de\u00a0<strong>675 jeunes au Patro de Charlesbourg<\/strong> ! \ud83c\udf89 Les jeunes de 7 \u00e0 15 ans ont pu vivre une journ\u00e9e inoubliable gr\u00e2ce \u00e0 une s\u00e9rie d\u2019activit\u00e9s ludiques et inspirantes, mettant en avant la saine comp\u00e9tition, la communication et surtout, la collaboration.\u00a0<\/span><span style=\"color: #000000;\">C\u2019est avec une immense reconnaissance que nous tenons \u00e0 remercier du fond du c\u0153ur la quinzaine de b\u00e9n\u00e9voles exceptionnels qui ont rendu cette journ\u00e9e possible.\u00a0<\/span><strong><a href=\"https:\/\/www.linkedin.com\/in\/lamiae-t-707435205\/\">Lamiae Tidaf<\/a><\/strong>,\u00a0<strong><a href=\"https:\/\/www.linkedin.com\/in\/elise-perreault-95875993\/\">Elise Perreault<\/a><\/strong>,\u00a0<strong><a href=\"https:\/\/www.linkedin.com\/in\/djibrim-gourouza-366929a9\/\">Djibrim Gourouza<\/a><\/strong>,\u00a0<strong><a href=\"https:\/\/www.linkedin.com\/in\/marie-jos%C3%A9e-chabot-2a67991b0\/\">Marie-Jos\u00e9e Chabot<\/a><\/strong>\u00a0et\u00a0<strong><a href=\"https:\/\/www.linkedin.com\/in\/annie-bois-736422151\/\">Annie Bois<\/a><\/strong>\u00a0<span style=\"color: #000000;\">de la<\/span>\u00a0<span style=\"color: #000000;\"><strong><a style=\"color: #000000;\" href=\"https:\/\/www.linkedin.com\/company\/banquenationaleducanada\/\">Banque Nationale du Canada<\/a><\/strong><\/span>,\u00a0<strong><a href=\"https:\/\/www.linkedin.com\/in\/marie-claude-dube-3a080a98\/\">Marie-Claude Dube<\/a><\/strong>,\u00a0<strong><a href=\"https:\/\/www.linkedin.com\/in\/simon-normand-37b7a826\/\">Simon Normand<\/a><\/strong>\u00a0<span style=\"color: #000000;\">et<\/span> F<strong><a href=\"https:\/\/www.linkedin.com\/in\/francois-valois-48829513\/\">ran\u00e7ois Valois<\/a><\/strong>\u00a0de\u00a0<span style=\"color: #000000;\"><strong><a style=\"color: #000000;\" href=\"https:\/\/www.linkedin.com\/company\/bentley-systems\/\">Bentley Systems<\/a><\/strong><\/span>,\u00a0<strong><a href=\"https:\/\/www.linkedin.com\/in\/yves-moreau-39133743\/\">Yves Moreau<\/a><\/strong>,\u00a0<strong><a href=\"https:\/\/www.linkedin.com\/in\/chloebaussant\/\">Chlo\u00e9 Baussant<\/a><\/strong>,\u00a0<strong><a href=\"https:\/\/www.linkedin.com\/in\/nancy-laneuville-3296121b2\/\">Nancy Laneuville<\/a><\/strong>, <span style=\"color: #000000;\">St\u00e9phane Poitiers, Jos\u00e9e St-Onge, Andr\u00e9anne Thivierge, St\u00e9phane Dupont, Gaetan Houde, Adriana Ramirez Razo et<\/span>\u00a0<strong><a href=\"https:\/\/www.linkedin.com\/in\/genevi%C3%A8vegagn%C3%A9\/\">Genevi\u00e8ve Gagn\u00e9<\/a><\/strong>. <span style=\"color: #000000;\">Gr\u00e2ce \u00e0 votre pr\u00e9sence bienveillante et engag\u00e9e, nous avons r\u00e9ussi \u00e0 d\u00e9montrer \u00e0 nos jeunes participants que c\u2019est en c\u00e9l\u00e9brant nos diff\u00e9rences que nous parvenons \u00e0 travailler ensemble vers un objectif commun. Le th\u00e8me des \u00ab Olympiades de la diversit\u00e9 \u00bb a permis \u00e0 chacun de se d\u00e9couvrir, de s\u2019\u00e9couter et de s\u2019enrichir mutuellement. <\/span><span style=\"color: #000000;\">Cette journ\u00e9e nous a rappel\u00e9 que la diversit\u00e9 est une richesse inestimable, et nous sommes convaincus que les valeurs d\u2019inclusion et de solidarit\u00e9 que nous avons cultiv\u00e9es ensemble continueront \u00e0 rayonner dans les c\u0153urs des jeunes participants pour longtemps. Un grand merci \u00e0 tous pour votre engagement et votre soutien envers notre cause! <\/span><strong><a href=\"https:\/\/jaquebec.org\/fr\/2023\/07\/25\/les-olympiades-de-la-diversite-au-patro-de-charlesbourg\/\">D\u00e9couvrez la galerie photo de l&#8217;\u00e9v\u00e9nement<\/a><\/strong><\/p>\n<p style=\"text-align: justify;\"><a href=\"https:\/\/jaquebec.org\/fr\/2023\/07\/25\/les-olympiades-de-la-diversite-au-patro-de-charlesbourg\/\"><img loading=\"lazy\" decoding=\"async\" class=\" wp-image-7314 aligncenter\" src=\"https:\/\/jaquebec.org\/wp-content\/uploads\/2022\/03\/2-2-e1648663048864.png\" alt=\"\" width=\"286\" height=\"80\" srcset=\"https:\/\/jaquebec.org\/wp-content\/uploads\/2022\/03\/2-2-e1648663048864.png 1080w, https:\/\/jaquebec.org\/wp-content\/uploads\/2022\/03\/2-2-e1648663048864-300x84.png 300w, https:\/\/jaquebec.org\/wp-content\/uploads\/2022\/03\/2-2-e1648663048864-1024x286.png 1024w, https:\/\/jaquebec.org\/wp-content\/uploads\/2022\/03\/2-2-e1648663048864-768x215.png 768w, https:\/\/jaquebec.org\/wp-content\/uploads\/2022\/03\/2-2-e1648663048864-380x106.png 380w\" sizes=\"auto, (max-width: 286px) 100vw, 286px\" \/><\/a><\/p>\n<p>[\/vc_column_text][\/vc_column][vc_column width=&#8221;1\/3&#8243;][vc_images_carousel images=&#8221;9992,9979,9968,9959,9957,9944,9935,9937,9938,9941,9947,9948,9934,9923,9918,9926,9925,9912,9996,9911,9906,9909,9899,9901,9902,9900,9887,9883,9893,9880,9878,9882,9874,9885,9908,9921,9919,9932&#8243; img_size=&#8221;medium&#8221; autoplay=&#8221;yes&#8221; hide_pagination_control=&#8221;yes&#8221; wrap=&#8221;yes&#8221; css=&#8221;.vc_custom_1709152186596{margin-top: 120px !important;margin-left: 30px !important;}&#8221;][\/vc_column][\/vc_row][vc_row css=&#8221;.vc_custom_1686587243831{margin-top: 20px !important;}&#8221;][vc_column width=&#8221;2\/3&#8243;][vc_column_text css=&#8221;.vc_custom_1687206909325{margin-top: 20px !important;}&#8221;]<\/p>\n<p style=\"text-align: center;\"><span style=\"color: #000000;\"><strong>Programme \u00ab Jeunes en mouvement vers l\u2019emploi \u00bb avec l&#8217;AIEM<\/strong><\/span><\/p>\n<p style=\"text-align: justify;\"><span style=\"color: #000000;\">Notre objectif est de contribuer \u00e0 briser les barri\u00e8res qui entravent certaines communaut\u00e9s, en particulier en termes d&#8217;accessibilit\u00e9 \u00e0 la connaissance en entrepreneuriat, \u00e0 la pr\u00e9paration au march\u00e9 du travail et \u00e0 la sant\u00e9 financi\u00e8re. JA Qu\u00e9bec a r\u00e9ussi \u00e0 promouvoir cette cause en s&#8217;associant \u00e0\u00a0<b><a style=\"color: #000000;\" href=\"https:\/\/aiemont.com\/fr\/\" data-attribute-index=\"2\" data-entity-type=\"MINI_COMPANY\">Accueil aux Immigrants de l\u2019Est de Montr\u00e9al &#8211; AIEM<\/a><\/b>, un organisme dont la mission est de soutenir et de favoriser l&#8217;int\u00e9gration socio-\u00e9conomique des immigrants et des minorit\u00e9s visibles, afin qu&#8217;ils deviennent des citoyens \u00e0 part enti\u00e8re de la soci\u00e9t\u00e9 d&#8217;accueil. Nous participons cet \u00e9t\u00e9 au programme &#8220;Jeunes en mouvement vers l&#8217;emploi&#8221;, financ\u00e9 par le gouvernement provincial pour faciliter l&#8217;int\u00e9gration professionnelle des jeunes dans la r\u00e9gion de Montr\u00e9al. En r\u00e9sum\u00e9, il s&#8217;agit d&#8217;un excellent programme destin\u00e9 aux nouveaux arrivants \u00e2g\u00e9s de 15 \u00e0 30 ans, comprenant notamment 15 semaines de formation r\u00e9mun\u00e9r\u00e9es et 5 semaines de stage en entreprise r\u00e9mun\u00e9r\u00e9es. Dans le cadre de cette initiative, JA Qu\u00e9bec offrira chaque jeudi, au cours des mois de juin et de juillet, des conf\u00e9rences ainsi que des programmes \u00e9ducatifs \u00e0 la cohorte de l&#8217;\u00e9t\u00e9 2023. J&#8217;aimerais d&#8217;ailleurs exprimer ma gratitude envers\u00a0<a href=\"https:\/\/www.linkedin.com\/in\/ACoAAA3WC4wBBqnaJ-Eb1lbG6ckWRySAwNXz370\"><b>Allan Alva Lopez<\/b><\/a>\u00a0et\u00a0<a href=\"https:\/\/www.linkedin.com\/in\/ACoAABMF91IB2tG6bK0RTDwr5EWcttMqFzItLjg\"><b>Ana\u00efs Le-Juez<\/b><\/a>, tous deux employ\u00e9s de la\u00a0<b><a style=\"color: #000000;\" href=\"https:\/\/www.bnc.ca\/\" data-attribute-index=\"10\" data-entity-type=\"MINI_COMPANY\">Banque Nationale du Canada<\/a><\/b>, pour avoir inaugur\u00e9 cet \u00e9v\u00e9nement cette semaine. Leur conf\u00e9rence, qui relate leur parcours acad\u00e9mique et professionnel avec un humanisme enviable, a \u00e9t\u00e9 grandement appr\u00e9ci\u00e9e par les jeunes ainsi que par l&#8217;enseignante\u00a0<a href=\"https:\/\/www.linkedin.com\/in\/ACoAACkCPHMBJ7PUaE96uw84ZZSz9sQQ2e9f0cQ\"><b>Sherelyng Vanessa Pe\u00f1a<\/b><\/a>. Si vous souhaitez participer \u00e0 cette belle et importante initiative, je vous invite \u00e0 contacter d\u00e8s aujourd&#8217;hui <strong><a style=\"color: #000000;\" href=\"mailto:dberard@jaquebec.org\">dberard@jaquebec.org<\/a><\/strong> pour r\u00e9server votre place. Cette exp\u00e9rience peut \u00e9galement \u00eatre v\u00e9cue en duo si vous souhaitez la partager avec un coll\u00e8gue !<\/span><\/p>\n<p>[\/vc_column_text][vc_column_text]<img loading=\"lazy\" decoding=\"async\" class=\" wp-image-9665 aligncenter\" src=\"https:\/\/jaquebec.org\/wp-content\/uploads\/2023\/06\/Sans-titre-300-\u00d7-300-px-13-min-e1686759021963.png\" alt=\"\" width=\"221\" height=\"120\" \/>[\/vc_column_text][\/vc_column][vc_column width=&#8221;1\/3&#8243;][vc_column_text css=&#8221;.vc_custom_1709152193151{margin-top: 100px !important;margin-left: 30px !important;}&#8221;]<img loading=\"lazy\" decoding=\"async\" class=\"wp-image-9782 aligncenter\" src=\"https:\/\/jaquebec.org\/wp-content\/uploads\/2023\/06\/1687177314479.jpg\" alt=\"\" width=\"274\" height=\"366\" srcset=\"https:\/\/jaquebec.org\/wp-content\/uploads\/2023\/06\/1687177314479.jpg 1280w, https:\/\/jaquebec.org\/wp-content\/uploads\/2023\/06\/1687177314479-225x300.jpg 225w, https:\/\/jaquebec.org\/wp-content\/uploads\/2023\/06\/1687177314479-768x1024.jpg 768w, https:\/\/jaquebec.org\/wp-content\/uploads\/2023\/06\/1687177314479-1152x1536.jpg 1152w, https:\/\/jaquebec.org\/wp-content\/uploads\/2023\/06\/1687177314479-1140x1519.jpg 1140w, https:\/\/jaquebec.org\/wp-content\/uploads\/2023\/06\/1687177314479-380x506.jpg 380w\" sizes=\"auto, (max-width: 274px) 100vw, 274px\" \/>[\/vc_column_text][\/vc_column][\/vc_row][vc_row css=&#8221;.vc_custom_1686587243831{margin-top: 20px !important;}&#8221;][vc_column width=&#8221;2\/3&#8243;][vc_column_text css=&#8221;.vc_custom_1686768922557{margin-top: 20px !important;}&#8221;]<\/p>\n<p style=\"text-align: center;\"><strong><span style=\"color: #000000;\">Camp juridique Therrien Couture Joli-Coeur (du 10 au 14 juillet)<\/span><\/strong><\/p>\n<p style=\"text-align: justify;\"><span style=\"color: #000000; text-align: justify;\">Une occasion id\u00e9ale pour les jeunes de 10 \u00e0 14 ans de d\u00e9couvrir le monde juridique et tout ce qui l\u2019entoure! \u2696\ufe0fLe camp juridique pr\u00e9sent\u00e9 par\u00a0<\/span><b style=\"color: #000000; text-align: justify;\"><a style=\"color: #000000;\" href=\"https:\/\/www.groupetcj.ca\/\" data-attribute-index=\"0\" data-entity-type=\"MINI_COMPANY\">Therrien Couture Joli-Coeur<\/a><\/b><span style=\"color: #000000; text-align: justify;\">\u00a0est de retour cette ann\u00e9e! Avec l\u2019entrepreneuriat au c\u0153ur des activit\u00e9s de la semaine, toutes les raisons sont bonnes pour y participer! Votre ado souhaite \u00eatre son propre patron plus tard? Il a des id\u00e9es de g\u00e9nie et ressent la fibre entrepreneuriale, ou il a simplement envie de se faire de nouveaux amis? Il ne regrettera pas son aventure, c\u2019est garanti! Jeux, invit\u00e9s surprises et m\u00eame une visite virtuelle de la Cour supr\u00eame du Canada seront au rendez-vous. Le prix ? Seul un don, du montant de votre choix est demand\u00e9. Tous les fonds recueillis iront \u00e0 JA Qu\u00e9bec.<\/span><\/p>\n<p style=\"text-align: justify;\"><span style=\"color: #000000;\">\ud83d\udcc5 Date : du 10 au 14 juillet 2023<\/span><br \/>\n<span style=\"color: #000000;\">\ud83d\udd50 Heure : 9 h \u00e0 11 h 30<\/span><br \/>\n<span style=\"color: #000000;\">\ud83d\udcbb Lieu : en ligne<\/span><\/p>\n<p><span style=\"color: #000000;\">Vous pouvez remplir d\u00e8s maintenant le formulaire d\u2019inscription! <a href=\"https:\/\/www.groupetcj.ca\/evenement\/avocats\/56-camp-juridique-2023.html\">Cliquez-ici<\/a><\/span>[\/vc_column_text][\/vc_column][vc_column width=&#8221;1\/3&#8243;][vc_column_text css=&#8221;.vc_custom_1709152199089{margin-top: 40px !important;margin-left: 30px !important;}&#8221;]<img loading=\"lazy\" decoding=\"async\" class=\"wp-image-9598 aligncenter\" src=\"https:\/\/jaquebec.org\/wp-content\/uploads\/2023\/06\/1685724494678-min.jpg\" alt=\"\" width=\"198\" height=\"297\" srcset=\"https:\/\/jaquebec.org\/wp-content\/uploads\/2023\/06\/1685724494678-min.jpg 1170w, https:\/\/jaquebec.org\/wp-content\/uploads\/2023\/06\/1685724494678-min-200x300.jpg 200w, https:\/\/jaquebec.org\/wp-content\/uploads\/2023\/06\/1685724494678-min-683x1024.jpg 683w, https:\/\/jaquebec.org\/wp-content\/uploads\/2023\/06\/1685724494678-min-768x1152.jpg 768w, https:\/\/jaquebec.org\/wp-content\/uploads\/2023\/06\/1685724494678-min-1024x1536.jpg 1024w, https:\/\/jaquebec.org\/wp-content\/uploads\/2023\/06\/1685724494678-min-1140x1710.jpg 1140w, https:\/\/jaquebec.org\/wp-content\/uploads\/2023\/06\/1685724494678-min-380x570.jpg 380w\" sizes=\"auto, (max-width: 198px) 100vw, 198px\" \/>[\/vc_column_text][\/vc_column][\/vc_row][vc_row css=&#8221;.vc_custom_1686587243831{margin-top: 20px !important;}&#8221;][vc_column width=&#8221;2\/3&#8243;][vc_column_text css=&#8221;.vc_custom_1687207107042{margin-top: 20px !important;}&#8221;]<\/p>\n<p style=\"text-align: center;\"><span style=\"color: #000000;\"><strong>Grand Boucan 2023 \u00e0 Qu\u00e9bec (21 mai 2023)<\/strong><\/span><\/p>\n<p style=\"text-align: justify;\"><span style=\"color: #000000;\">JA Qu\u00e9bec a eu la chance de participer au Grand Boucan dans la\u00a0Ville de Qu\u00e9bec\u00a0! C&#8217;est \u00e0 plus de 50\u00a0familles\u00a0et \u00e0 plus d&#8217;une centaine d&#8217;enfants que nous avons pr\u00e9sent\u00e9 des activit\u00e9s de notre programme Plus Forts Ensemble, la\u00a0diversit\u00e9\u00a0en action! Un programme en pr\u00e9paration au march\u00e9 du travail qui fait prendre conscience aux jeunes qu&#8217;ensemble, on va plus loin! Nous avons aussi eu l&#8217;opportunit\u00e9 de rencontrer Mr.\u00a0<strong><a href=\"https:\/\/www.linkedin.com\/in\/ACoAAAd3uoMB06_EQTN-c1XTiZ0socrI-b9pt-U\">Pierre Paul-Hus<\/a><\/strong>, \u00e0 qui nous avons pu expliquer l&#8217;importance de nos programmes en\u00a0entrepreneuriat, en litt\u00e9ratie financi\u00e8re et en pr\u00e9paration au march\u00e9 du\u00a0travail. Ce dernier ayant longtemps \u00e9t\u00e9 en affaires lui-m\u00eame, il \u00e9tait \u00e0 m\u00eame de comprendre l&#8217;importance de transmettre cette passion aux adultes de demain! Merci au Patron de Charlesbourg\u00a0de nous avoir fourni cette belle opportunit\u00e9 !<\/span><\/p>\n<p>[\/vc_column_text][\/vc_column][vc_column width=&#8221;1\/3&#8243;][vc_images_carousel images=&#8221;9633,9634,9635,9637,9632,9636&#8243; img_size=&#8221;medium&#8221; autoplay=&#8221;yes&#8221; hide_pagination_control=&#8221;yes&#8221; wrap=&#8221;yes&#8221; css=&#8221;.vc_custom_1709152205027{margin-top: 40px !important;margin-left: 30px !important;}&#8221;][\/vc_column][\/vc_row][vc_row css=&#8221;.vc_custom_1686587243831{margin-top: 20px !important;}&#8221;][vc_column width=&#8221;2\/3&#8243;][vc_column_text css=&#8221;.vc_custom_1686769132143{margin-top: 20px !important;}&#8221;]<\/p>\n<p style=\"text-align: center;\"><strong><span style=\"color: #000000;\">Journ\u00e9e partenaire \u00e0 l&#8217;\u00e9cole Joseph-Fran\u00e7ois Perreault (18 mai 2023)<\/span><\/strong><\/p>\n<p style=\"text-align: justify;\"><span style=\"color: #000000;\">Le jeudi 18 mai,\u00a0<b>Les programmes \u00e9ducatifs JA Qu\u00e9bec<\/b>\u00a0\u00e9taient \u00e0 l&#8217;\u00c9cole secondaire Joseph-Fran\u00e7ois Perreault pour une journ\u00e9e partenaires dans le but de livrer le programme &#8220;\u00c9conomie pour le succ\u00e8s&#8221; pour l&#8217;ensemble de la communaut\u00e9 \u00e9tudiante de secondaire 2. En cette journ\u00e9e sp\u00e9ciale, plus de 200 jeunes ont \u00e9t\u00e9 accompagn\u00e9s par nos b\u00e9n\u00e9voles experts afin de les aider \u00e0 r\u00e9fl\u00e9chir \u00e0 leur avenir, que ce soit en ce qui concerne leur parcours postsecondaire ou leur choix de carri\u00e8re. Ils ont fait preuve d&#8217;un engagement exceptionnel envers les jeunes. Il est ind\u00e9niable qu&#8217;avec leur g\u00e9n\u00e9rosit\u00e9 en termes de temps, de partage de connaissances et d&#8217;exp\u00e9riences de vie, ils ont laiss\u00e9 une empreinte durable sur les jeunes qui ont maintenant une id\u00e9e de ce \u00e0 quoi peut ressembler un avenir guid\u00e9 par des choix \u00e9clair\u00e9s, bas\u00e9s sur leurs passions et leurs r\u00eaves. Enseigner, surtout \u00e0 des pr\u00e9adolescents, n&#8217;est pas une t\u00e2che facile. C&#8217;est un exercice exigeant qui demande de la patience, de la cr\u00e9ativit\u00e9 et de l&#8217;empathie. Merci beaucoup aux \u00e9quipes de\u00a0<b><a style=\"color: #000000;\" href=\"https:\/\/www.cibc.com\/fr\/personal-banking.html?utrc=S186:56&amp;gclid=CjwKCAjwyqWkBhBMEiwAp2yUFjQNdrBxpiUmmdeYB9tkcODUH3tdDf9Ve-UmmhV6adXsyZOgPx31ihoCfoMQAvD_BwE&amp;gclsrc=aw.ds\" data-attribute-index=\"4\" data-entity-type=\"MINI_COMPANY\">CIBC<\/a><\/b>,\u00a0<b><a style=\"color: #000000;\" href=\"https:\/\/www.bmo.com\/principal\/particuliers\/comptes-bancaires\/nouveau-compte-bancaire-offres-et-promotions-1\/?ecid=ps-FY23EDBEDB4-MRUM17&amp;&amp;utm_Source=Google_Paid_Search&amp;utm_Medium=Chequing&amp;utm_Campaign=EDB_Brand_FR&amp;utm_term=Bmo&amp;utm_Content=Cash&amp;gclid=CjwKCAjwyqWkBhBMEiwAp2yUFhvKAJrUTDL6_0E5TC35tuQKot_5CfJlcmoQOgXEJAoSuiL4Ys3g_xoCaAIQAvD_BwE&amp;gclsrc=aw.ds\" data-attribute-index=\"6\" data-entity-type=\"MINI_COMPANY\">BMO<\/a><\/b>\u00a0<\/span><span style=\"color: #000000;\">et <\/span><b style=\"color: #000000;\"><a style=\"color: #000000;\" href=\"https:\/\/www.fairstone.ca\/fr\" data-attribute-index=\"8\" data-entity-type=\"MINI_COMPANY\">la financi\u00e8re Fairstone<\/a><\/b><span style=\"color: #000000;\">!\u00a0<\/span><\/p>\n<p>[\/vc_column_text][vc_column_text css=&#8221;.vc_custom_1686759253931{margin-top: 20px !important;}&#8221;]<img loading=\"lazy\" decoding=\"async\" class=\"wp-image-9659 alignnone\" src=\"https:\/\/jaquebec.org\/wp-content\/uploads\/2023\/06\/Creation-sans-titre-26-min-e1686677598323.png\" alt=\"\" width=\"276\" height=\"88\" srcset=\"https:\/\/jaquebec.org\/wp-content\/uploads\/2023\/06\/Creation-sans-titre-26-min-e1686677598323.png 1080w, https:\/\/jaquebec.org\/wp-content\/uploads\/2023\/06\/Creation-sans-titre-26-min-e1686677598323-300x96.png 300w, https:\/\/jaquebec.org\/wp-content\/uploads\/2023\/06\/Creation-sans-titre-26-min-e1686677598323-1024x327.png 1024w, https:\/\/jaquebec.org\/wp-content\/uploads\/2023\/06\/Creation-sans-titre-26-min-e1686677598323-768x245.png 768w, https:\/\/jaquebec.org\/wp-content\/uploads\/2023\/06\/Creation-sans-titre-26-min-e1686677598323-380x121.png 380w\" sizes=\"auto, (max-width: 276px) 100vw, 276px\" \/><img loading=\"lazy\" decoding=\"async\" class=\"wp-image-7319 alignnone\" src=\"https:\/\/jaquebec.org\/wp-content\/uploads\/2022\/03\/7-2-e1648663501350.png\" alt=\"\" width=\"231\" height=\"56\" srcset=\"https:\/\/jaquebec.org\/wp-content\/uploads\/2022\/03\/7-2-e1648663501350.png 1080w, https:\/\/jaquebec.org\/wp-content\/uploads\/2022\/03\/7-2-e1648663501350-300x73.png 300w, https:\/\/jaquebec.org\/wp-content\/uploads\/2022\/03\/7-2-e1648663501350-1024x247.png 1024w, https:\/\/jaquebec.org\/wp-content\/uploads\/2022\/03\/7-2-e1648663501350-768x186.png 768w, https:\/\/jaquebec.org\/wp-content\/uploads\/2022\/03\/7-2-e1648663501350-380x92.png 380w\" sizes=\"auto, (max-width: 231px) 100vw, 231px\" \/><img loading=\"lazy\" decoding=\"async\" class=\"wp-image-9529 alignnone\" src=\"https:\/\/jaquebec.org\/wp-content\/uploads\/2023\/06\/Creation-sans-titre-21-min-1-e1686339264429.png\" alt=\"\" width=\"231\" height=\"80\" srcset=\"https:\/\/jaquebec.org\/wp-content\/uploads\/2023\/06\/Creation-sans-titre-21-min-1-e1686339264429.png 1080w, https:\/\/jaquebec.org\/wp-content\/uploads\/2023\/06\/Creation-sans-titre-21-min-1-e1686339264429-300x104.png 300w, https:\/\/jaquebec.org\/wp-content\/uploads\/2023\/06\/Creation-sans-titre-21-min-1-e1686339264429-1024x356.png 1024w, https:\/\/jaquebec.org\/wp-content\/uploads\/2023\/06\/Creation-sans-titre-21-min-1-e1686339264429-768x267.png 768w, https:\/\/jaquebec.org\/wp-content\/uploads\/2023\/06\/Creation-sans-titre-21-min-1-e1686339264429-380x132.png 380w\" sizes=\"auto, (max-width: 231px) 100vw, 231px\" \/>[\/vc_column_text][\/vc_column][vc_column width=&#8221;1\/3&#8243;][vc_images_carousel images=&#8221;9612,9611,9608,9609,9610,9615,9613,9614&#8243; img_size=&#8221;medium&#8221; autoplay=&#8221;yes&#8221; wrap=&#8221;yes&#8221; css=&#8221;.vc_custom_1709152210337{margin-top: 80px !important;margin-left: 30px !important;}&#8221;][\/vc_column][\/vc_row][vc_row css=&#8221;.vc_custom_1686587243831{margin-top: 20px !important;}&#8221;][vc_column width=&#8221;2\/3&#8243;][vc_column_text css=&#8221;.vc_custom_1687207124987{margin-top: 20px !important;}&#8221;]<\/p>\n<p style=\"text-align: center;\"><span style=\"color: #000000;\"><strong>Journ\u00e9e partenaire \u00e0 Qu\u00e9bec<\/strong><\/span><\/p>\n<p style=\"text-align: justify;\"><span style=\"color: #000000;\">Dans la\u00a0<b>Ville de Qu\u00e9bec<\/b>, la Chaudi\u00e8re-Appalaches et m\u00eame dans la\u00a0<b>Ville de Donnacona<\/b>, le mois pass\u00e9 c&#8217;est plus de 375 jeunes du primaire et du secondaire qui ont pu recevoir gratuitement des ateliers en sant\u00e9 financi\u00e8re, en <b>entrepreneuriat<\/b> et en pr\u00e9paration au march\u00e9 du travail. Merci \u00e0 <b><a style=\"color: #000000;\" href=\"https:\/\/www.linkedin.com\/in\/ACoAACSMM5oBxDRqkyL8sx7bYD7hhe-5fHkaYQY\" data-attribute-index=\"8\" data-entity-type=\"MINI_PROFILE\">Annie Bois<\/a><\/b>,\u00a0<b><a style=\"color: #000000;\" href=\"https:\/\/www.linkedin.com\/in\/ACoAAAmFPOAB8-WoU50yjUymabyGog-G1tJNzr4\" data-attribute-index=\"10\" data-entity-type=\"MINI_PROFILE\">Gabriel Giroux<\/a><\/b>\u00a0,\u00a0<b><a style=\"color: #000000;\" href=\"https:\/\/www.linkedin.com\/in\/ACoAAC7c3dsBixGHOl5by9gx-iJg6-kD5UtkLyE\" data-attribute-index=\"12\" data-entity-type=\"MINI_PROFILE\">Meghan Turcotte<\/a><\/b>, et\u00a0<b><a style=\"color: #000000;\" href=\"https:\/\/www.linkedin.com\/in\/ACoAABjGBcIBVwJCe4iYdh3WkGBN3UGOh68gwww\" data-attribute-index=\"14\" data-entity-type=\"MINI_PROFILE\">Karine Fortier<\/a><\/b>. Nous avons une chance immense de pouvoir compter r\u00e9guli\u00e8rement sur des b\u00e9n\u00e9voles de la <a href=\"https:\/\/www.bnc.ca\/\"><b><span style=\"color: #000000;\">Banque Nationale du Canada<\/span><\/b><\/a>. Vous avez un impact important dans la vie de plusieurs jeunes \u00e9l\u00e8ves, autant au primaire qu&#8217;au secondaire ! Merci pour votre implication! <\/span><span style=\"color: #000000;\">Un grand merci \u00e0\u00a0<a href=\"https:\/\/www.linkedin.com\/in\/ACoAAB9ZYkYB27pmIO6nnN0dNfn1FmS25epA-eE\"><b>Alexandre Racicot<\/b><\/a>\u00a0et \u00e0\u00a0<a href=\"https:\/\/www.linkedin.com\/in\/ACoAACTLpQQBl80M1HYsN13xoGYvxjKIdhD59Dc\"><b>Jerome Chouinard<\/b><\/a>, de la <b><a style=\"color: #000000;\" href=\"https:\/\/www.fairstone.ca\/fr\" data-attribute-index=\"22\" data-entity-type=\"MINI_COMPANY\">financi\u00e8re Fairstone<\/a><\/b>, services financiers, qui ont donn\u00e9 leur premi\u00e8re classe avec JA Qu\u00e9bec dans un groupe de secondaire 5. Merci \u00e0 <a href=\"https:\/\/www.linkedin.com\/in\/ACoAADXMSacBcC66uuLdKzvtshiVGChj0NThdBw\"><b>Luc Tremblay<\/b><\/a> pour la mise en contact! Merci \u00e0 <a href=\"https:\/\/www.linkedin.com\/in\/ACoAAA9_ed4BWfT_ra8KgzAg9ANn2KOsLZhi3c4\"><b>Marie Sigmen<\/b><\/a>, du\u00a0<b>C\u00e9gep de Sainte-Foy<\/b>, qui \u00e0 r\u00e9ussi \u00e0 se lib\u00e9rer pour donner de son temps et partager sa riche exp\u00e9rience avec les jeunes! Merci, encore \u00e0 <a href=\"https:\/\/www.linkedin.com\/in\/ACoAABcrWgIBkjoc2SkIwycH460v8ltgtnhvcyc\"><b>Olivier Couette<\/b><\/a>\u00a0de\u00a0<b>Agrotours Charlevoix<\/b>. Tes pr\u00e9sences en classe sont toujours remarqu\u00e9es par les jeunes et les enseignants. <\/span><span style=\"color: #000000;\">Merci \u00e0\u00a0<a href=\"https:\/\/www.linkedin.com\/in\/ACoAAAV1USYBpA0r5_W_GlgBHzL0Sms_AuHVOsI\"><b>Olivier Rousseau<\/b><\/a>\u00a0de\u00a0<b>Spectrum<\/b> m\u00e9dia, qui est all\u00e9 parler aux jeunes de r\u00e9seautage, d&#8217;entrevues et de comment se d\u00e9marquer. Merci \u00e0 <b><a style=\"color: #000000;\" href=\"https:\/\/www.linkedin.com\/in\/ACoAADeAAF0B9ued1gcrAxIAa4tYx3SLpiJtCSQ\" data-attribute-index=\"38\" data-entity-type=\"MINI_PROFILE\">Samuel Labb\u00e9<\/a><\/b>, finissant en Gestion Commerciale au\u00a0<b>C\u00e9gep de Sainte-Foy. <\/b><\/span><span style=\"color: #000000;\">Merci \u00e0\u00a0<a href=\"https:\/\/www.linkedin.com\/in\/ACoAACBiaWIBN8DRTQc0fA7j_1gHDDnC_cGkqtI\"><b>Stephanie Bernadet<\/b><\/a>\u00a0de\u00a0<b>Naturmania Inc.<\/b> qui a eu la g\u00e9n\u00e9rosit\u00e9 de donner pas une, mais 4 conf\u00e9rences \u00e0 l&#8217;\u00e9cole secondaire de Donnacona !<\/span><\/p>\n<p>[\/vc_column_text][vc_column_text css=&#8221;.vc_custom_1686759249442{margin-top: 20px !important;}&#8221;]<img loading=\"lazy\" decoding=\"async\" class=\"alignnone wp-image-7314\" src=\"https:\/\/jaquebec.org\/wp-content\/uploads\/2022\/03\/2-2-e1648663048864.png\" alt=\"\" width=\"225\" height=\"63\" srcset=\"https:\/\/jaquebec.org\/wp-content\/uploads\/2022\/03\/2-2-e1648663048864.png 1080w, https:\/\/jaquebec.org\/wp-content\/uploads\/2022\/03\/2-2-e1648663048864-300x84.png 300w, https:\/\/jaquebec.org\/wp-content\/uploads\/2022\/03\/2-2-e1648663048864-1024x286.png 1024w, https:\/\/jaquebec.org\/wp-content\/uploads\/2022\/03\/2-2-e1648663048864-768x215.png 768w, https:\/\/jaquebec.org\/wp-content\/uploads\/2022\/03\/2-2-e1648663048864-380x106.png 380w\" sizes=\"auto, (max-width: 225px) 100vw, 225px\" \/><img loading=\"lazy\" decoding=\"async\" class=\"alignnone wp-image-9529\" src=\"https:\/\/jaquebec.org\/wp-content\/uploads\/2023\/06\/Creation-sans-titre-21-min-1-e1686339264429.png\" alt=\"\" width=\"227\" height=\"79\" srcset=\"https:\/\/jaquebec.org\/wp-content\/uploads\/2023\/06\/Creation-sans-titre-21-min-1-e1686339264429.png 1080w, https:\/\/jaquebec.org\/wp-content\/uploads\/2023\/06\/Creation-sans-titre-21-min-1-e1686339264429-300x104.png 300w, https:\/\/jaquebec.org\/wp-content\/uploads\/2023\/06\/Creation-sans-titre-21-min-1-e1686339264429-1024x356.png 1024w, https:\/\/jaquebec.org\/wp-content\/uploads\/2023\/06\/Creation-sans-titre-21-min-1-e1686339264429-768x267.png 768w, https:\/\/jaquebec.org\/wp-content\/uploads\/2023\/06\/Creation-sans-titre-21-min-1-e1686339264429-380x132.png 380w\" sizes=\"auto, (max-width: 227px) 100vw, 227px\" \/>[\/vc_column_text][\/vc_column][vc_column width=&#8221;1\/3&#8243;][vc_column_text css=&#8221;.vc_custom_1709152216225{margin-top: 80px !important;margin-left: 30px !important;}&#8221;]<img loading=\"lazy\" decoding=\"async\" class=\" wp-image-9573 aligncenter\" src=\"https:\/\/jaquebec.org\/wp-content\/uploads\/2023\/06\/Sans-titre-300-\u00d7-300-px-11-min.png\" alt=\"\" width=\"255\" height=\"255\" srcset=\"https:\/\/jaquebec.org\/wp-content\/uploads\/2023\/06\/Sans-titre-300-\u00d7-300-px-11-min.png 300w, https:\/\/jaquebec.org\/wp-content\/uploads\/2023\/06\/Sans-titre-300-\u00d7-300-px-11-min-150x150.png 150w, https:\/\/jaquebec.org\/wp-content\/uploads\/2023\/06\/Sans-titre-300-\u00d7-300-px-11-min-100x100.png 100w\" sizes=\"auto, (max-width: 255px) 100vw, 255px\" \/>[\/vc_column_text][\/vc_column][\/vc_row][vc_row css=&#8221;.vc_custom_1686590508987{margin-top: 20px !important;}&#8221;][vc_column width=&#8221;2\/3&#8243;][vc_column_text css=&#8221;.vc_custom_1686769277032{margin-top: 20px !important;}&#8221;]<\/p>\n<p style=\"text-align: center;\"><span style=\"color: #000000;\"><strong>Journ\u00e9e DRAGONS au C\u00e9gep \u00c9douard Montpetit <span style=\"color: #000000;\">(<\/span><\/strong><strong>3 Mars 2023)<\/strong><\/span><\/p>\n<p style=\"text-align: justify;\"><span style=\"color: #000000;\">Nous souhaitons exprimer nos plus sinc\u00e8res remerciements \u00e0 tous les b\u00e9n\u00e9voles qui ont particip\u00e9 \u00e0 notre atelier <strong>Dans l&#8217;oeil du dragon <\/strong>au c\u00e9gep \u00c9douard Montpetit le 3 mars 2023. Nous tenons tout particuli\u00e8rement \u00e0 remercier <a href=\"https:\/\/www.linkedin.com\/in\/maxime-lapratte-18152134\/\"><strong>Maxime Lapratte <\/strong><\/a>(Directeur principal et courtier en assurance de dommage des particuliers chez DPA assurance)<strong>, <a href=\"https:\/\/www.linkedin.com\/in\/alinamrut\/\">Alina Mrut <\/a><\/strong>(responsable senior des relations, Services commerciaux chez BMO)<strong>, <a href=\"https:\/\/www.linkedin.com\/in\/arnaud-ferrand-686634112\/\">Arnaud Ferrand <\/a><\/strong>(Conseiller \u2013 Strat\u00e9gie, transfert d\u2019entreprise et \u00e9valuation) et <strong><a href=\"https:\/\/www.linkedin.com\/in\/carolinefontaine\/\">Caroline Schnoering<\/a> <\/strong>(JA Qu\u00e9bec) pour leur engagement et leur pr\u00e9cieuse contribution \u00e0 la r\u00e9ussite de cette journ\u00e9e. <\/span><span style=\"color: #000000;\">L\u2019atelier DRAGONS est un programme pilote de JA Qu\u00e9bec visant \u00e0 initier les jeunes au monde de l\u2019entrepreneuriat en leur offrant l\u2019opportunit\u00e9 de proposer un projet entrepreneurial \u00e0 des gens d\u2019affaires ou des entrepreneurs exp\u00e9riment\u00e9s qui \u00e9valuent leur travail. Les \u00e9l\u00e8ves en multim\u00e9dia ont ainsi \u00e9t\u00e9 invit\u00e9s \u00e0 r\u00e9adapter l\u2019\u00e9mission \u00ab\u00a0Dans l\u2019oeil du dragon\u00a0\u00bb en proposant des projets innovants et originaux, et \u00e0 les pr\u00e9senter devant un panel de juges experts. <\/span><strong><a href=\"https:\/\/jaquebec.org\/fr\/2023\/05\/02\/journee-dragons-au-cegep-edouard-montpetit\/\">Pour en savoir plus.<\/a><\/strong><\/p>\n<p>[\/vc_column_text][\/vc_column][vc_column width=&#8221;1\/3&#8243;][vc_column_text css=&#8221;.vc_custom_1709152221904{margin-top: 60px !important;margin-left: 30px !important;}&#8221;]<img loading=\"lazy\" decoding=\"async\" class=\" wp-image-9154 aligncenter\" src=\"https:\/\/jaquebec.org\/wp-content\/uploads\/2023\/05\/Sans-titre-400-\u00d7-400-px-300-\u00d7-300-px-min.png\" alt=\"\" width=\"226\" height=\"226\" srcset=\"https:\/\/jaquebec.org\/wp-content\/uploads\/2023\/05\/Sans-titre-400-\u00d7-400-px-300-\u00d7-300-px-min.png 300w, https:\/\/jaquebec.org\/wp-content\/uploads\/2023\/05\/Sans-titre-400-\u00d7-400-px-300-\u00d7-300-px-min-150x150.png 150w, https:\/\/jaquebec.org\/wp-content\/uploads\/2023\/05\/Sans-titre-400-\u00d7-400-px-300-\u00d7-300-px-min-100x100.png 100w\" sizes=\"auto, (max-width: 226px) 100vw, 226px\" \/>[\/vc_column_text][\/vc_column][\/vc_row][vc_row css=&#8221;.vc_custom_1686587243831{margin-top: 20px !important;}&#8221;][vc_column width=&#8221;2\/3&#8243;][vc_column_text css=&#8221;.vc_custom_1686769482449{margin-top: 20px !important;}&#8221;]<\/p>\n<p style=\"text-align: center;\"><span style=\"color: #000000;\"><strong>Journ\u00e9e partenaire \u00e0 l&#8217;\u00e9cole La Voie (16 novembre 2022)<\/strong><\/span><\/p>\n<p style=\"text-align: justify;\"><span style=\"color: #000000;\">Le 16 novembre, nous avons livr\u00e9 8 classes de secondaire 3 \u00e0 l&#8217;\u00e9cole La Voie. <strong>220 \u00e9l\u00e8ves, 8 professeurs et le personnel du centre de documentation<\/strong> ont \u00e9t\u00e9 mobilis\u00e9 pour participer \u00e0 deux de nos programmes \u00e9ducatifs (Un monde de choix et \u00c9conomie pour le succ\u00e8s). 6 b\u00e9n\u00e9voles et l&#8217;\u00e9quipe de JA Qu\u00e9bec \u00e9taient sur place pour livrer le contenu des programmes pour souligner le mois de la litt\u00e9ratie financi\u00e8re. Un merci sp\u00e9cial \u00e0 Maria Giacomodonato, conseill\u00e8re d&#8217;orientation \u00e0 l&#8217;\u00e9cole Lavoie pour son engagement avec JA Qu\u00e9bec depuis plus de 20 ans! <strong>Un grand MERCI \u00e0 nos partenaires-commanditaires\u00a0<a style=\"color: #000000;\" href=\"https:\/\/www.rbcroyalbank.com\/fr\/personal.html\">Banque Royale du Canada (RBC)\u00a0<\/a>et\u00a0<a style=\"color: #000000;\" href=\"https:\/\/www.zurichcanada.com\/en-ca\">Fondation Zurich<\/a>\u00a0et \u00e0 nos b\u00e9n\u00e9voles <a href=\"https:\/\/www.linkedin.com\/in\/jeanabdallah\/\">Jean Abdallah<\/a> (TD), <a href=\"https:\/\/www.linkedin.com\/in\/tatamoandrian\/\">Tatamo Andrian<\/a>, <a href=\"https:\/\/www.linkedin.com\/in\/carolinecornu\/\">Caroline Cornu<\/a>, <a href=\"https:\/\/www.linkedin.com\/in\/hanyin-chen\/\">Hanyin Chen<\/a>, Andr\u00e9 Gr\u00e9goire et <a href=\"https:\/\/www.linkedin.com\/in\/mprodolfo\/\">Marcos Rodolfo<\/a> (BNC).<\/strong><\/span><\/p>\n<p>[\/vc_column_text][vc_column_text css=&#8221;.vc_custom_1686759242926{margin-top: 20px !important;}&#8221;]<img loading=\"lazy\" decoding=\"async\" class=\"alignnone wp-image-7318\" src=\"https:\/\/jaquebec.org\/wp-content\/uploads\/2022\/03\/6-2-e1648663476516.png\" alt=\"\" width=\"259\" height=\"92\" srcset=\"https:\/\/jaquebec.org\/wp-content\/uploads\/2022\/03\/6-2-e1648663476516.png 1080w, https:\/\/jaquebec.org\/wp-content\/uploads\/2022\/03\/6-2-e1648663476516-300x106.png 300w, https:\/\/jaquebec.org\/wp-content\/uploads\/2022\/03\/6-2-e1648663476516-1024x363.png 1024w, https:\/\/jaquebec.org\/wp-content\/uploads\/2022\/03\/6-2-e1648663476516-768x272.png 768w, https:\/\/jaquebec.org\/wp-content\/uploads\/2022\/03\/6-2-e1648663476516-380x135.png 380w\" sizes=\"auto, (max-width: 259px) 100vw, 259px\" \/><img loading=\"lazy\" decoding=\"async\" class=\"alignnone wp-image-9301\" src=\"https:\/\/jaquebec.org\/wp-content\/uploads\/2023\/06\/Creation-sans-titre-12-min-e1685738341501.png\" alt=\"\" width=\"243\" height=\"89\" srcset=\"https:\/\/jaquebec.org\/wp-content\/uploads\/2023\/06\/Creation-sans-titre-12-min-e1685738341501.png 1080w, https:\/\/jaquebec.org\/wp-content\/uploads\/2023\/06\/Creation-sans-titre-12-min-e1685738341501-300x110.png 300w, https:\/\/jaquebec.org\/wp-content\/uploads\/2023\/06\/Creation-sans-titre-12-min-e1685738341501-1024x375.png 1024w, https:\/\/jaquebec.org\/wp-content\/uploads\/2023\/06\/Creation-sans-titre-12-min-e1685738341501-768x282.png 768w, https:\/\/jaquebec.org\/wp-content\/uploads\/2023\/06\/Creation-sans-titre-12-min-e1685738341501-380x139.png 380w\" sizes=\"auto, (max-width: 243px) 100vw, 243px\" \/>[\/vc_column_text][\/vc_column][vc_column width=&#8221;1\/3&#8243;][vc_video link=&#8221;https:\/\/www.youtube.com\/watch?v=GyZ7w6egAYY&amp;t=4s&#8221; el_width=&#8221;80&#8243; css=&#8221;.vc_custom_1709152226000{margin-top: 70px !important;margin-left: 30px !important;}&#8221;][\/vc_column][\/vc_row][vc_row][vc_column][vc_column_text css=&#8221;.vc_custom_1686600177858{margin-top: 40px !important;}&#8221;]<\/p>\n<div class=\"container no-padding\">\n<div class=\"vc_row wpb_row vc_row-fluid row\">\n<div class=\"wpb_column vc_column_container vc_col-sm-12\">\n<div class=\"vc_column-inner \">\n<div class=\"wpb_wrapper\">\n<div class=\"wpb_text_column wpb_content_element vc_custom_1519500938183\">\n<div class=\"wpb_wrapper\">\n<h3>JA Qu\u00e9bec remercie tous ses g\u00e9n\u00e9reux b\u00e9n\u00e9voles qui ont d\u00e9montr\u00e9, cette ann\u00e9e encore, leur pr\u00e9occupation de former une rel\u00e8ve qualifi\u00e9e et dynamiques novatrices.<\/h3>\n<\/div>\n<\/div>\n<\/div>\n<\/div>\n<\/div>\n<\/div>\n<\/div>\n<div class=\"vc_row wpb_row vc_row-fluid vc_custom_1519500881147 full-section\">\n<div class=\"container no-padding\">\n<div class=\"row\">\n<div class=\"wpb_column vc_column_container vc_col-sm-6\">\n<div class=\"vc_column-inner \">\n<div class=\"wpb_wrapper\">\n<div class=\"headline with-icon text-center \"><\/div>\n<\/div>\n<\/div>\n<\/div>\n<\/div>\n<\/div>\n<\/div>\n<p>[\/vc_column_text][\/vc_column][\/vc_row]<\/p>","protected":false},"excerpt":{"rendered":"<p>[vc_row css=&#8221;.vc_custom_1709153454587{margin-top: -50px !important;}&#8221;][vc_column][vc_column_text] LES JOURN\u00c9ES JA [\/vc_column_text][\/vc_column][\/vc_row][vc_row][vc_column width=&#8221;2\/3&#8243;][vc_column_text css=&#8221;.vc_custom_1709671561617{margin-top: 20px !important;}&#8221;] Retour sur l&#8217;Atelier Dragons au C\u00e9gep \u00c9douard-Montpetit &#8211; 1er mars 2024 Vendredi dernier, nous avons eu le plaisir d&#8217;organiser une journ\u00e9e partenaire au C\u00e9gep \u00c9douard-Montpetit. Deux de nos programmes scolaires, &#8220;Un Monde de Choix&#8221; et &#8220;Soyez Entrepreneur&#8221;, ont \u00e9t\u00e9 pr\u00e9sent\u00e9s. Les \u00e9tudiants ont [&hellip;]<\/p>\n","protected":false},"author":2,"featured_media":0,"parent":0,"menu_order":0,"comment_status":"closed","ping_status":"closed","template":"","meta":{"_lmt_disableupdate":"","_lmt_disable":"","footnotes":""},"class_list":["post-9537","page","type-page","status-publish","hentry"],"_links":{"self":[{"href":"https:\/\/jaquebec.org\/fr\/wp-json\/wp\/v2\/pages\/9537","targetHints":{"allow":["GET"]}}],"collection":[{"href":"https:\/\/jaquebec.org\/fr\/wp-json\/wp\/v2\/pages"}],"about":[{"href":"https:\/\/jaquebec.org\/fr\/wp-json\/wp\/v2\/types\/page"}],"author":[{"embeddable":true,"href":"https:\/\/jaquebec.org\/fr\/wp-json\/wp\/v2\/users\/2"}],"replies":[{"embeddable":true,"href":"https:\/\/jaquebec.org\/fr\/wp-json\/wp\/v2\/comments?post=9537"}],"version-history":[{"count":139,"href":"https:\/\/jaquebec.org\/fr\/wp-json\/wp\/v2\/pages\/9537\/revisions"}],"predecessor-version":[{"id":11942,"href":"https:\/\/jaquebec.org\/fr\/wp-json\/wp\/v2\/pages\/9537\/revisions\/11942"}],"wp:attachment":[{"href":"https:\/\/jaquebec.org\/fr\/wp-json\/wp\/v2\/media?parent=9537"}],"curies":[{"name":"wp","href":"https:\/\/api.w.org\/{rel}","templated":true}]}}